{"id":10,"date":"2021-05-10T14:44:04","date_gmt":"2021-05-10T12:44:04","guid":{"rendered":"https:\/\/ra.cofrac.fr\/RA2022\/?page_id=10"},"modified":"2023-07-03T08:57:11","modified_gmt":"2023-07-03T06:57:11","slug":"ra2020","status":"publish","type":"page","link":"https:\/\/ra.cofrac.fr\/RA2022\/","title":{"rendered":"RA2020"},"content":{"rendered":"<p>[et_pb_section fb_built=\u00a0\u00bb1&Prime; module_id=\u00a0\u00bbcouv\u00a0\u00bb _builder_version=\u00a0\u00bb4.16&Prime; _module_preset=\u00a0\u00bbdefault\u00a0\u00bb background_color=\u00a0\u00bb#f2dec4&Prime; custom_padding=\u00a0\u00bb||||false|false\u00a0\u00bb animation_style=\u00a0\u00bbslide\u00a0\u00bb animation_direction=\u00a0\u00bbleft\u00a0\u00bb global_colors_info=\u00a0\u00bb{}\u00a0\u00bb][et_pb_row _builder_version=\u00a0\u00bb4.16&Prime; _module_preset=\u00a0\u00bbdefault\u00a0\u00bb global_colors_info=\u00a0\u00bb{}\u00a0\u00bb][et_pb_column type=\u00a0\u00bb4_4&Prime; _builder_version=\u00a0\u00bb4.16&Prime; _module_preset=\u00a0\u00bbdefault\u00a0\u00bb global_colors_info=\u00a0\u00bb{}\u00a0\u00bb][et_pb_image src=\u00a0\u00bbhttps:\/\/ra.cofrac.fr\/RA2022\/wp-content\/uploads\/2023\/06\/couv.jpg\u00a0\u00bb title_text=\u00a0\u00bb_couv\u00a0\u00bb align=\u00a0\u00bbcenter\u00a0\u00bb force_fullwidth=\u00a0\u00bbon\u00a0\u00bb _builder_version=\u00a0\u00bb4.21.0&Prime; _module_preset=\u00a0\u00bbdefault\u00a0\u00bb global_colors_info=\u00a0\u00bb{}\u00a0\u00bb][\/et_pb_image][\/et_pb_column][\/et_pb_row][\/et_pb_section][et_pb_section fb_built=\u00a0\u00bb1&Prime; module_id=\u00a0\u00bbaccreditation\u00a0\u00bb _builder_version=\u00a0\u00bb4.16&Prime; _module_preset=\u00a0\u00bbdefault\u00a0\u00bb background_color=\u00a0\u00bb#f2dec4&Prime; background_image=\u00a0\u00bbhttps:\/\/ra.cofrac.fr\/RA2022\/wp-content\/uploads\/2023\/06\/2-3.png\u00a0\u00bb background_size=\u00a0\u00bbinitial\u00a0\u00bb background_position=\u00a0\u00bbtop_left\u00a0\u00bb custom_padding=\u00a0\u00bb0px||||false|false\u00a0\u00bb animation_style=\u00a0\u00bbslide\u00a0\u00bb animation_direction=\u00a0\u00bbbottom\u00a0\u00bb global_colors_info=\u00a0\u00bb{}\u00a0\u00bb][et_pb_row _builder_version=\u00a0\u00bb4.16&Prime; _module_preset=\u00a0\u00bbdefault\u00a0\u00bb global_colors_info=\u00a0\u00bb{}\u00a0\u00bb][et_pb_column type=\u00a0\u00bb4_4&Prime; _builder_version=\u00a0\u00bb4.16&Prime; _module_preset=\u00a0\u00bbdefault\u00a0\u00bb global_colors_info=\u00a0\u00bb{}\u00a0\u00bb][et_pb_text _builder_version=\u00a0\u00bb4.16&Prime; _module_preset=\u00a0\u00bbdefault\u00a0\u00bb background_enable_color=\u00a0\u00bboff\u00a0\u00bb custom_margin=\u00a0\u00bb||||false|false\u00a0\u00bb custom_padding=\u00a0\u00bb||||false|false\u00a0\u00bb animation_direction=\u00a0\u00bbleft\u00a0\u00bb global_colors_info=\u00a0\u00bb{}\u00a0\u00bb]<\/p>\n<h1>L\u2019accr\u00e9ditation et le Cofrac<\/h1>\n<p>[\/et_pb_text][\/et_pb_column][\/et_pb_row][et_pb_row column_structure=\u00a0\u00bb1_3,1_3,1_3&Prime; use_custom_gutter=\u00a0\u00bbon\u00a0\u00bb gutter_width=\u00a0\u00bb2&Prime; _builder_version=\u00a0\u00bb4.16&Prime; _module_preset=\u00a0\u00bbdefault\u00a0\u00bb min_height=\u00a0\u00bb802.3px\u00a0\u00bb custom_margin=\u00a0\u00bb80px||||false|false\u00a0\u00bb custom_padding=\u00a0\u00bb||||false|false\u00a0\u00bb global_colors_info=\u00a0\u00bb{}\u00a0\u00bb][et_pb_column type=\u00a0\u00bb1_3&Prime; _builder_version=\u00a0\u00bb4.16&Prime; _module_preset=\u00a0\u00bbdefault\u00a0\u00bb background_enable_color=\u00a0\u00bboff\u00a0\u00bb custom_padding=\u00a0\u00bb||||false|false\u00a0\u00bb animation_style=\u00a0\u00bbslide\u00a0\u00bb animation_direction=\u00a0\u00bbbottom\u00a0\u00bb global_colors_info=\u00a0\u00bb{}\u00a0\u00bb][et_pb_text _builder_version=\u00a0\u00bb4.16&Prime; _module_preset=\u00a0\u00bbdefault\u00a0\u00bb background_enable_color=\u00a0\u00bboff\u00a0\u00bb custom_margin=\u00a0\u00bb||||false|false\u00a0\u00bb custom_padding=\u00a0\u00bb||||false|false\u00a0\u00bb animation_direction=\u00a0\u00bbleft\u00a0\u00bb global_colors_info=\u00a0\u00bb{}\u00a0\u00bb]<\/p>\n<h3>3596<\/h3>\n<p>entit\u00e9s accr\u00e9dit\u00e9es cumul\u00e9es au 31\/12<\/p>\n<h4 class=\"labo\">3348<\/h4>\n<p>\u00e9valuations men\u00e9es au total<\/p>\n<h4 class=\"certification\">179<\/h4>\n<p>collaborateurs<\/p>\n<h4 class=\"sante\">1800<\/h4>\n<p>\u00e9valuateurs et experts techniques<\/p>\n<h4 class=\"inspection\">+90<\/h4>\n<p>pays reconnaissant l\u2019accr\u00e9ditation fran\u00e7aise<\/p>\n<p>[\/et_pb_text][et_pb_image src=\u00a0\u00bbhttps:\/\/ra.cofrac.fr\/RA2022\/wp-content\/uploads\/2023\/06\/2-1.png\u00a0\u00bb title_text=\u00a0\u00bb2-1&Prime; _builder_version=\u00a0\u00bb4.16&Prime; _module_preset=\u00a0\u00bbdefault\u00a0\u00bb global_colors_info=\u00a0\u00bb{}\u00a0\u00bb][\/et_pb_image][\/et_pb_column][et_pb_column type=\u00a0\u00bb1_3&Prime; _builder_version=\u00a0\u00bb4.16&Prime; _module_preset=\u00a0\u00bbdefault\u00a0\u00bb animation_style=\u00a0\u00bbslide\u00a0\u00bb animation_direction=\u00a0\u00bbbottom\u00a0\u00bb animation_delay=\u00a0\u00bb200ms\u00a0\u00bb global_colors_info=\u00a0\u00bb{}\u00a0\u00bb][et_pb_text _builder_version=\u00a0\u00bb4.21.0&Prime; _module_preset=\u00a0\u00bbdefault\u00a0\u00bb background_color=\u00a0\u00bbRGBA(0,0,0,0)\u00a0\u00bb text_orientation=\u00a0\u00bbjustified\u00a0\u00bb custom_padding=\u00a0\u00bb||||false|false\u00a0\u00bb global_colors_info=\u00a0\u00bb{}\u00a0\u00bb]<\/p>\n<p>D\u00e9marche volontaire ou r\u00e9glementaire, l\u2019accr\u00e9ditation consiste \u00e0 \u00e9valuer et reconna\u00eetre la comp\u00e9tence technique ainsi que l\u2019impartialit\u00e9 des organismes d\u2019\u00e9valuation de la conformit\u00e9, qui v\u00e9rifient que des produits, services, syst\u00e8mes, installations et personnels r\u00e9pondent \u00e0 des exigences sp\u00e9cifi\u00e9es.<\/p>\n<p>Elle s\u2019adresse aux laboratoires d\u2019essais et d\u2019\u00e9talonnages, aux organismes de v\u00e9rification, aux organisateurs de comparaisons interlaboratoires et producteurs de mat\u00e9riaux de r\u00e9f\u00e9rence, aux laboratoires de biologie m\u00e9dicale, et aux organismes d\u2019inspection, de certification ou de qualification. En contribuant \u00e0 l\u2019am\u00e9lioration continue des contr\u00f4les ainsi qu\u2019\u00e0 la qualit\u00e9 des produits et des services mis sur le march\u00e9, l\u2019accr\u00e9ditation renforce la confiance tout en constituant un atout diff\u00e9renciateur pour les entit\u00e9s qui y ont recours.<br \/>Organisme \u00e0 but non lucratif cr\u00e9\u00e9 en 1994, le Comit\u00e9 fran\u00e7ais d\u2019accr\u00e9ditation \u2013 Cofrac \u2013 est l\u2019instance nationale d\u2019accr\u00e9ditation, v\u00e9ritable reconnaissance de l\u2019accr\u00e9ditation comme activit\u00e9 de puissance publique et d\u2019int\u00e9r\u00eat g\u00e9n\u00e9ral. Dans un souci d\u2019ind\u00e9pendance, tous les int\u00e9r\u00eats qui y sont li\u00e9s sont repr\u00e9sent\u00e9s au sein des instances de d\u00e9cision.<\/p>\n<p>Gr\u00e2ce \u00e0 l\u2019expertise de 179 collaborateurs et d\u2019un r\u00e9seau de plus de 1 800 \u00e9valuateurs et experts techniques, le Cofrac poursuit son d\u00e9veloppement et renforce en permanence ses \u00e9quipes pour assurer un meilleur service \u00e0 ses clients. Il est organis\u00e9 autour de quatre sections : Certifications, Inspection, Laboratoires et Sant\u00e9 Humaine.<\/p>\n<p>[\/et_pb_text][\/et_pb_column][et_pb_column type=\u00a0\u00bb1_3&Prime; _builder_version=\u00a0\u00bb4.16&Prime; _module_preset=\u00a0\u00bbdefault\u00a0\u00bb animation_style=\u00a0\u00bbslide\u00a0\u00bb animation_direction=\u00a0\u00bbbottom\u00a0\u00bb animation_delay=\u00a0\u00bb400ms\u00a0\u00bb global_colors_info=\u00a0\u00bb{}\u00a0\u00bb][et_pb_image src=\u00a0\u00bbhttps:\/\/ra.cofrac.fr\/RA2022\/wp-content\/uploads\/2023\/06\/2-2.png\u00a0\u00bb title_text=\u00a0\u00bb2-2&Prime; align=\u00a0\u00bbright\u00a0\u00bb _builder_version=\u00a0\u00bb4.16&Prime; _module_preset=\u00a0\u00bbdefault\u00a0\u00bb custom_margin=\u00a0\u00bb-160px||||false|false\u00a0\u00bb global_colors_info=\u00a0\u00bb{}\u00a0\u00bb][\/et_pb_image][et_pb_text _builder_version=\u00a0\u00bb4.16&Prime; _module_preset=\u00a0\u00bbdefault\u00a0\u00bb header_2_font=\u00a0\u00bb|||on|||||\u00a0\u00bb header_2_font_size=\u00a0\u00bb20px\u00a0\u00bb background_enable_color=\u00a0\u00bboff\u00a0\u00bb text_orientation=\u00a0\u00bbjustified\u00a0\u00bb custom_margin=\u00a0\u00bb|0px||20px|false|false\u00a0\u00bb custom_margin_tablet=\u00a0\u00bb\u00a0\u00bb custom_margin_phone=\u00a0\u00bb20px|0px||0px|false|false\u00a0\u00bb custom_margin_last_edited=\u00a0\u00bbon|phone\u00a0\u00bb custom_padding=\u00a0\u00bb||||false|false\u00a0\u00bb global_colors_info=\u00a0\u00bb{}\u00a0\u00bb]<\/p>\n<h4>Nos engagements<\/h4>\n<p><strong><\/strong><\/p>\n<p><strong>Ind\u00e9pendance<\/strong> vis-\u00e0-vis de toute d\u00e9marche commerciale<\/p>\n<p><strong>Impartialit\u00e9<\/strong> des d\u00e9cisions, l\u2019ensemble des parties prenantes de l\u2019accr\u00e9ditation \u00e9tant repr\u00e9sent\u00e9es au sein de nos instances d\u00e9cisionnelles<\/p>\n<p><strong>Transparence<\/strong> des m\u00e9thodes et des processus, accessibles \u00e0 tous sur notre site<\/p>\n<p><strong>Confidentialit\u00e9<\/strong> des collaborateurs, des \u00e9valuateurs et experts techniques ainsi que des membres d\u2019instance<strong><\/strong><\/p>\n<p>[\/et_pb_text][\/et_pb_column][\/et_pb_row][\/et_pb_section][et_pb_section fb_built=\u00a0\u00bb1&Prime; module_id=\u00a0\u00bbpresident\u00a0\u00bb _builder_version=\u00a0\u00bb4.16&Prime; _module_preset=\u00a0\u00bbdefault\u00a0\u00bb background_color=\u00a0\u00bb#f2dec4&Prime; background_image=\u00a0\u00bbhttps:\/\/ra.cofrac.fr\/RA2022\/wp-content\/uploads\/2023\/06\/3-fond-2.png\u00a0\u00bb background_size=\u00a0\u00bbinitial\u00a0\u00bb background_position=\u00a0\u00bbtop_left\u00a0\u00bb custom_padding=\u00a0\u00bb0px||0px|||\u00a0\u00bb animation_style=\u00a0\u00bbslide\u00a0\u00bb animation_direction=\u00a0\u00bbbottom\u00a0\u00bb global_colors_info=\u00a0\u00bb{}\u00a0\u00bb][et_pb_row use_custom_gutter=\u00a0\u00bbon\u00a0\u00bb gutter_width=\u00a0\u00bb2&Prime; _builder_version=\u00a0\u00bb4.16&Prime; _module_preset=\u00a0\u00bbdefault\u00a0\u00bb animation_style=\u00a0\u00bbslide\u00a0\u00bb animation_direction=\u00a0\u00bbbottom\u00a0\u00bb global_colors_info=\u00a0\u00bb{}\u00a0\u00bb][et_pb_column type=\u00a0\u00bb4_4&Prime; _builder_version=\u00a0\u00bb4.16&Prime; _module_preset=\u00a0\u00bbdefault\u00a0\u00bb global_colors_info=\u00a0\u00bb{}\u00a0\u00bb][et_pb_text _builder_version=\u00a0\u00bb4.16&Prime; _module_preset=\u00a0\u00bbdefault\u00a0\u00bb background_enable_color=\u00a0\u00bboff\u00a0\u00bb custom_margin=\u00a0\u00bb||||false|false\u00a0\u00bb custom_padding=\u00a0\u00bb20px||||false|false\u00a0\u00bb animation_direction=\u00a0\u00bbleft\u00a0\u00bb global_colors_info=\u00a0\u00bb{}\u00a0\u00bb]<\/p>\n<h1>Le mot du Pr\u00e9sident<\/h1>\n<p>[\/et_pb_text][\/et_pb_column][\/et_pb_row][et_pb_row column_structure=\u00a0\u00bb1_2,1_2&Prime; use_custom_gutter=\u00a0\u00bbon\u00a0\u00bb gutter_width=\u00a0\u00bb2&Prime; _builder_version=\u00a0\u00bb4.16&Prime; _module_preset=\u00a0\u00bbdefault\u00a0\u00bb custom_padding=\u00a0\u00bb0px|||||\u00a0\u00bb global_colors_info=\u00a0\u00bb{}\u00a0\u00bb][et_pb_column type=\u00a0\u00bb1_2&Prime; _builder_version=\u00a0\u00bb4.16&Prime; _module_preset=\u00a0\u00bbdefault\u00a0\u00bb background_enable_color=\u00a0\u00bboff\u00a0\u00bb custom_padding=\u00a0\u00bb||||false|false\u00a0\u00bb animation_style=\u00a0\u00bbslide\u00a0\u00bb animation_direction=\u00a0\u00bbbottom\u00a0\u00bb global_colors_info=\u00a0\u00bb{}\u00a0\u00bb][et_pb_text _builder_version=\u00a0\u00bb4.21.0&Prime; _module_preset=\u00a0\u00bbdefault\u00a0\u00bb background_enable_color=\u00a0\u00bboff\u00a0\u00bb custom_margin=\u00a0\u00bb||||false|false\u00a0\u00bb custom_padding=\u00a0\u00bb||||false|false\u00a0\u00bb animation_direction=\u00a0\u00bbleft\u00a0\u00bb global_colors_info=\u00a0\u00bb{}\u00a0\u00bb]<\/p>\n<p>Dans le contexte g\u00e9n\u00e9ral de reprise cons\u00e9cutif \u00e0 la crise sanitaire, le chiffre d\u2019affaires du Cofrac, qui s\u2019\u00e9l\u00e8ve en 2022 \u00e0 32 M d\u2019Euros, a augment\u00e9 de 6 % par rapport \u00e0 celui de 2021, permettant de d\u00e9gager un r\u00e9sultat positif de 278 k\u20ac. Le bon dynamisme g\u00e9n\u00e9ral du Cofrac ne permet toutefois toujours pas de retrouver le chiffre d\u2019affaires ant\u00e9rieur \u00e0 la crise, puisqu\u2019il reste inf\u00e9rieur de 3 % \u00e0 celui de 2019.<\/p>\n<p>L\u00e9g\u00e8rement inf\u00e9rieur aux pr\u00e9visions budg\u00e9taires, ce chiffre d\u2019affaires s\u2019inscrit dans un paysage d\u2019activit\u00e9 soutenue en mati\u00e8re d\u2019accr\u00e9ditation, s\u2019appuyant sur de nombreuses demandes et l\u2019ouverture de nouveaux sch\u00e9mas d\u2019accr\u00e9ditation, en particulier dans les domaines de la certification, de la v\u00e9rification ou encore de l\u2019inspection. Il se voit cependant impact\u00e9 par une dynamique d\u2019accr\u00e9ditation moins soutenue que pr\u00e9vue dans le domaine de la sant\u00e9 humaine.<\/p>\n<p>Il faut d\u2019abord souligner les engagements forts du Cofrac pour d\u00e9ployer de nouveaux sch\u00e9mas d\u2019accr\u00e9ditation \u00e0 la demande des pouvoirs publics, int\u00e9ressant de nombreux nouveaux accr\u00e9dit\u00e9s, dans des domaines porteurs de nombreuses attentes soci\u00e9tales, qu\u2019il s\u2019agisse par exemple de la formation professionnelle, de l\u2019action sociale ou encore de la transition \u00e9nerg\u00e9tique. Ces nouvelles accr\u00e9ditations si elles t\u00e9moignent de la confiance qu\u2019accordent les pouvoirs publics au Cofrac, doivent \u00e9galement renforcer notre vigilance sur le maintien d\u2019une accr\u00e9ditation efficace et cr\u00e9dible, au regard de la complexit\u00e9 des sujets et des risques associ\u00e9s \u00e0 ces nouveaux sch\u00e9mas. Dans ce contexte, le Cofrac doit aussi veiller au maintien d\u2019une bonne articulation entre les actions d\u2019accr\u00e9ditation qui lui reviennent et les actions de police administratives n\u00e9cessaires par ailleurs et qui ne peuvent que revenir aux administrations concern\u00e9es.<\/p>\n<p>Cette activit\u00e9 d\u2019accr\u00e9ditation s\u2019inscrit dans un paysage de stabilit\u00e9 globale du nombre total d\u2019entit\u00e9s accr\u00e9dit\u00e9es (3 596), toujours adoss\u00e9 \u00e0 une variabilit\u00e9 contrast\u00e9e entre les sections\u00a0: la section \u00ab\u00a0Sant\u00e9 Humaine\u00a0\u00bb voyant ce nombre se contracter l\u00e9g\u00e8rement sous l\u2019influence de fusions de structures, tandis que les sections\u00a0\u00ab\u00a0Inspection\u00a0\u00bb et \u00ab\u00a0Certifications\u00a0\u00bb voient leur \u00ab\u00a0client\u00e8le\u00a0\u00bb s\u2019accro\u00eetre.<\/p>\n<p>La ressource en \u00e9valuateurs reste stable dans ce contexte avec un flux toujours soutenu d\u2019\u00e9valuations, plus de 3 300 sur l\u2019ensemble de l\u2019ann\u00e9e. Le d\u00e9veloppement de sch\u00e9mas d\u2019accr\u00e9ditation sur des secteurs technologiquement \u00e9mergents (IA, cybers\u00e9curit\u00e9, nanomat\u00e9riaux, \u2026) ou de niches suppose de fa\u00e7on r\u00e9currente de pouvoir disposer d\u2019un vivier d\u2019\u00e9valuateurs comp\u00e9tents, disponibles et ind\u00e9pendants. Il s\u2019agit \u00e0 ce titre de faire vivre efficacement le mod\u00e8le de l\u2019\u00e9valuation par les pairs, cultiv\u00e9 par le Cofrac. Ce mod\u00e8le au-del\u00e0 de sa forte pertinence technique et \u00e9conomique exige une implication de l\u2019ensemble des acteurs concern\u00e9s et au premier chef des accr\u00e9dit\u00e9s, qui ne peuvent \u00eatre de simples \u00ab utilisateurs \u00bb de l\u2019accr\u00e9ditation. Le Cofrac m\u00e8ne sur ce sujet de nombreuses r\u00e9flexions en lien notamment avec ses instances afin d\u2019assurer la meilleure fluidit\u00e9 en mati\u00e8re de d\u00e9veloppement et de maintien des accr\u00e9ditations.<\/p>\n<p>Au plan interne, le Cofrac n\u2019\u00e9chappe pas \u00e0 certaines difficult\u00e9s en mati\u00e8re de ressources, dans le cadre g\u00e9n\u00e9ral d\u2019un march\u00e9 du travail sous forte tension. Cette complexit\u00e9 de recrutement peut conduire pour certains secteurs particuliers \u00e0 des tensions en mati\u00e8re de d\u00e9lais d\u2019instruction. Elle pose aussi de fa\u00e7on plus g\u00e9n\u00e9rale la question de la n\u00e9cessit\u00e9 du maintien d\u2019une bonne attractivit\u00e9 du Cofrac, sur des secteurs techniques parfois fortement concurrentiels.<\/p>\n<p>Au-del\u00e0 de ces enjeux de fonctionnement g\u00e9n\u00e9raux, plusieurs points saillants m\u00e9ritent d\u2019\u00eatre rapport\u00e9s devant vous\u00a0:<\/p>\n<p>En premier lieu, le Conseil lors de sa r\u00e9union de d\u00e9cembre a pu adopter de nouvelles orientations strat\u00e9giques pour la p\u00e9riode 2023-2028 prolongeant les orientations ant\u00e9rieurement adopt\u00e9es par le Conseil pour les p\u00e9riodes 2014-2018 puis 2019-2023. Cette adoption s\u2019est \u00e9videmment adoss\u00e9e au bilan de l\u2019ex\u00e9cution des orientations pr\u00e9c\u00e9dentes qui ont vu un fort taux de r\u00e9alisation ainsi qu\u2019\u00e0 l\u2019\u00e9volution globale du paysage dans lequel s\u2019inscrivent les enjeux de l\u2019accr\u00e9ditation. Ces nouvelles orientations se d\u00e9clinent en 4 th\u00e9matiques strat\u00e9giques principales :<\/p>\n<ul>\n<li>garantir l\u2019ind\u00e9pendance du Cofrac et pr\u00e9venir les risques auxquels il peut \u00eatre expos\u00e9 ;<\/li>\n<li>faciliter le recours \u00e0 l\u2019accr\u00e9ditation et renforcer le service aux accr\u00e9dit\u00e9s ;<\/li>\n<li>offrir aux pouvoirs publics et aux prescripteurs un dispositif national d\u2019accr\u00e9ditation adapt\u00e9<br \/>et reconnu ;<\/li>\n<li>garantir au Cofrac les ressources adapt\u00e9es \u00e0 l\u2019accomplissement de ses missions.<\/li>\n<\/ul>\n<p>En second lieu, il convient d\u2019\u00e9voquer la r\u00e9alisation fin 2022 d\u2019une nouvelle enqu\u00eate de satisfaction. Cette troisi\u00e8me enqu\u00eate peut s\u2019appuyer sur un taux de retour toujours important (41 %). Elle met en lumi\u00e8re un taux de satisfaction global toujours tr\u00e8s fort (88 %) et en l\u00e9g\u00e8re augmentation par rapport \u00e0 l\u2019enqu\u00eate conduite en 2021 ainsi qu\u2019un sentiment d\u2019am\u00e9lioration du service propos\u00e9. Les r\u00e9sultats pr\u00e9cis ne conduisent pas \u00e0 identifier de point d\u2019alerte mais pointent quelques questions \u00e0 maintenir sous vigilance, malgr\u00e9 les am\u00e9liorations per\u00e7ues, s\u2019agissant notamment du volume d\u2019informations demand\u00e9es, des d\u00e9lais de mise en \u0153uvre des nouveaux r\u00e9f\u00e9rentiels ou encore de l\u2019harmonisation des approches entre \u00e9valuateurs. Une nouvelle enqu\u00eate sera d\u00e9ploy\u00e9e fin 2024.<\/p>\n<p>[\/et_pb_text][et_pb_image src=\u00a0\u00bbhttps:\/\/ra.cofrac.fr\/RA2022\/wp-content\/uploads\/2023\/06\/5-2.png\u00a0\u00bb title_text=\u00a0\u00bb5-2&Prime; _builder_version=\u00a0\u00bb4.16&Prime; _module_preset=\u00a0\u00bbdefault\u00a0\u00bb global_colors_info=\u00a0\u00bb{}\u00a0\u00bb][\/et_pb_image][\/et_pb_column][et_pb_column type=\u00a0\u00bb1_2&Prime; _builder_version=\u00a0\u00bb4.16&Prime; _module_preset=\u00a0\u00bbdefault\u00a0\u00bb animation_style=\u00a0\u00bbslide\u00a0\u00bb animation_direction=\u00a0\u00bbbottom\u00a0\u00bb animation_delay=\u00a0\u00bb200ms\u00a0\u00bb global_colors_info=\u00a0\u00bb{}\u00a0\u00bb][et_pb_image src=\u00a0\u00bbhttps:\/\/ra.cofrac.fr\/RA2022\/wp-content\/uploads\/2023\/06\/4-2.png\u00a0\u00bb title_text=\u00a0\u00bb4-2&Prime; _builder_version=\u00a0\u00bb4.16&Prime; _module_preset=\u00a0\u00bbdefault\u00a0\u00bb custom_margin=\u00a0\u00bb100px||||false|false\u00a0\u00bb global_colors_info=\u00a0\u00bb{}\u00a0\u00bb][\/et_pb_image][et_pb_text _builder_version=\u00a0\u00bb4.21.0&Prime; _module_preset=\u00a0\u00bbdefault\u00a0\u00bb background_enable_color=\u00a0\u00bboff\u00a0\u00bb custom_margin=\u00a0\u00bb||||false|false\u00a0\u00bb custom_padding=\u00a0\u00bb||||false|false\u00a0\u00bb animation_direction=\u00a0\u00bbleft\u00a0\u00bb global_colors_info=\u00a0\u00bb{}\u00a0\u00bb]<\/p>\n<p>L\u2019ann\u00e9e 2022 a \u00e9t\u00e9 l\u2019occasion de prolonger nos efforts d\u2019innovation en mati\u00e8re de communication : on mentionnera dans ce contexte la nouvelle organisation sous forme de plateaux TV des deux forums \u00ab\u00a0laboratoires\u00a0\u00bb et \u00ab\u00a0sant\u00e9 humaine\u00a0\u00bb ayant chacun r\u00e9uni plusieurs centaines de participants. Je vous encourage dans ce contexte \u00e0 visualiser ceux-ci sur le site du Cofrac, afin d\u2019une part d\u2019appr\u00e9cier la richesse des d\u00e9bats mais aussi le professionnalisme de la r\u00e9alisation.<\/p>\n<p>Enfin, il faut rappeler la forte implication du Cofrac dans les instances d\u2019accr\u00e9ditation internationales au plan europ\u00e9en, o\u00f9 le Cofrac est notamment membre de l\u2019organe ex\u00e9cutif de EA, ou mondial, dans un contexte de forts enjeux de production de nouveaux r\u00e9f\u00e9rentiels ou exigences, susceptibles d\u2019impacts notables au plan national ou de turbulences post-Brexit.<\/p>\n<p>Je ne peux terminer sans \u00e9voquer les perspectives de la p\u00e9riode en cours qui s\u2019annonce particuli\u00e8rement riche avec le d\u00e9ploiement de nouveaux sch\u00e9mas fortement attendus, je pense notamment \u00e0 la nouvelle directive dite CSRD relative \u00e0 la performance extra financi\u00e8re des soci\u00e9t\u00e9s, l\u2019ajustement de diff\u00e9rents dispositifs d\u2019accr\u00e9ditation vuln\u00e9rables, les dispositions en mati\u00e8re d\u2019accr\u00e9ditation dans les pays \u00e0 risques ou encore la pr\u00e9paration de la nouvelle \u00e9valuation europ\u00e9enne du Cofrac par ses pairs en 2024.<\/p>\n<p>Enfin, les vastes chantiers de modernisation technique du Cofrac se sont poursuivis. Il s\u2019agit tout d\u2019abord de la poursuite de la mise en \u0153uvre de la feuille de route num\u00e9rique, qui permet aux accr\u00e9dit\u00e9s de voir r\u00e9guli\u00e8rement se d\u00e9ployer de nouvelles fonctionnalit\u00e9s. Il s\u2019agit ensuite du projet d\u2019individualisation des \u00e9valuations mis en \u0153uvre dans le cadre du projet Omega et qui verra pr\u00e8s de 80 accr\u00e9dit\u00e9s entrer dans une phase pilote au cours de l&rsquo;ann\u00e9e 2023, dans une perspective de d\u00e9ploiement g\u00e9n\u00e9ralis\u00e9 d\u00e9but 2025.<\/p>\n<p>Enfin la question des risques associ\u00e9s \u00e0 certains sch\u00e9mas d\u2019accr\u00e9ditation anciens ou fragiles fait l\u2019objet d\u2019une attention permanente. La mise en extinction du dispositif de qualification adoss\u00e9 \u00e0 la norme fran\u00e7aise NF X 50-091 \u00e0 compter de d\u00e9cembre 2023 m\u00e9rite dans ce contexte d\u2019\u00eatre soulign\u00e9e. Ce travail conduit aussi \u00e0 des \u00e9changes \u00e0 l\u2019initiative du Cofrac avec les prescripteurs de sch\u00e9mas en vue du resserrement \u00e9ventuel de leurs exigences.<\/p>\n<p>Les diff\u00e9rentes sections du Cofrac ont quant \u00e0 elles aussi su faire face \u00e0 leurs enjeux sp\u00e9cifiques. Dans ce contexte, lors de notre Conseil du mois de mars, les Pr\u00e9sidents des diff\u00e9rents Comit\u00e9s, que je remercie pour leur comp\u00e9tence et leur implication constante, ont pu \u00e0 nouveau t\u00e9moigner de l\u2019activit\u00e9 soutenue. Parmi les points les plus saillants, on pourra citer en particulier : la forte \u00e9mergence du recours \u00e0 la norme NF EN ISO\/IEC 17029 dans le domaine notamment des entreprises \u00e0 mission ou de la transition \u00e9cologique, la forte charge induite par la mise en \u0153uvre de l\u2019inspection sous accr\u00e9ditation des \u00e9tablissements sociaux et m\u00e9dico-sociaux, l\u2019ach\u00e8vement du pilote relatif \u00e0 l\u2019accr\u00e9ditation multisites des laboratoires, la reconnaissance formelle par l\u2019OCDE du Cofrac en tant qu\u2019autorit\u00e9 nationale sur les activit\u00e9s dites de \u00ab Bonnes Pratiques de Laboratoire \u00bb ou encore le d\u00e9ploiement de nombreux sch\u00e9mas novateurs dans les domaines \u00e0 forts enjeux comme la transition \u00e9cologique ou techniquement novateurs (nanomat\u00e9riaux, drones, \u2026).<\/p>\n<p>Dans le domaine toujours sp\u00e9cifique de la \u00ab\u00a0Sant\u00e9 Humaine\u00a0\u00bb, l\u2019ann\u00e9e \u00e9coul\u00e9e a \u00e9t\u00e9 de nouveau marqu\u00e9e par de multiples initiatives port\u00e9es par le comit\u00e9 de section visant \u00e0 la clarification ou la simplification permanente du dispositif d\u2019accr\u00e9ditation avec le souci constant du service m\u00e9dical rendu. L\u2019ann\u00e9e a \u00e9t\u00e9 marqu\u00e9e aussi par l\u2019\u00e9mergence de questions complexes relatives \u00e0 la bonne articulation d\u2019imp\u00e9ratifs r\u00e8glementaires et de d\u00e9ploiement des r\u00e9f\u00e9rentiels d\u2019accr\u00e9ditation.<\/p>\n<p>[\/et_pb_text][\/et_pb_column][\/et_pb_row][et_pb_row column_structure=\u00a0\u00bb1_2,1_2&Prime; use_custom_gutter=\u00a0\u00bbon\u00a0\u00bb gutter_width=\u00a0\u00bb2&Prime; _builder_version=\u00a0\u00bb4.16&Prime; _module_preset=\u00a0\u00bbdefault\u00a0\u00bb custom_padding=\u00a0\u00bb0px||0px|||\u00a0\u00bb global_colors_info=\u00a0\u00bb{}\u00a0\u00bb][et_pb_column type=\u00a0\u00bb1_2&Prime; _builder_version=\u00a0\u00bb4.16&Prime; _module_preset=\u00a0\u00bbdefault\u00a0\u00bb background_enable_color=\u00a0\u00bboff\u00a0\u00bb custom_padding=\u00a0\u00bb||||false|false\u00a0\u00bb animation_style=\u00a0\u00bbslide\u00a0\u00bb animation_direction=\u00a0\u00bbbottom\u00a0\u00bb global_colors_info=\u00a0\u00bb{}\u00a0\u00bb][\/et_pb_column][et_pb_column type=\u00a0\u00bb1_2&Prime; _builder_version=\u00a0\u00bb4.16&Prime; _module_preset=\u00a0\u00bbdefault\u00a0\u00bb animation_style=\u00a0\u00bbslide\u00a0\u00bb animation_direction=\u00a0\u00bbbottom\u00a0\u00bb animation_delay=\u00a0\u00bb200ms\u00a0\u00bb global_colors_info=\u00a0\u00bb{}\u00a0\u00bb][et_pb_image src=\u00a0\u00bbhttps:\/\/ra.cofrac.fr\/RA2022\/wp-content\/uploads\/2023\/06\/5-4.png\u00a0\u00bb title_text=\u00a0\u00bb5-4&Prime; align=\u00a0\u00bbright\u00a0\u00bb _builder_version=\u00a0\u00bb4.16&Prime; _module_preset=\u00a0\u00bbdefault\u00a0\u00bb global_colors_info=\u00a0\u00bb{}\u00a0\u00bb][\/et_pb_image][\/et_pb_column][\/et_pb_row][\/et_pb_section][et_pb_section fb_built=\u00a0\u00bb1&Prime; module_id=\u00a0\u00bbaccreditation\u00a0\u00bb _builder_version=\u00a0\u00bb4.16&Prime; _module_preset=\u00a0\u00bbdefault\u00a0\u00bb background_color=\u00a0\u00bb#f2dec4&Prime; background_image=\u00a0\u00bbhttps:\/\/ra.cofrac.fr\/RA2022\/wp-content\/uploads\/2023\/06\/6-2.png\u00a0\u00bb background_size=\u00a0\u00bbinitial\u00a0\u00bb background_position=\u00a0\u00bbtop_right\u00a0\u00bb custom_padding=\u00a0\u00bb0px||0px|||\u00a0\u00bb global_colors_info=\u00a0\u00bb{}\u00a0\u00bb][et_pb_row use_custom_gutter=\u00a0\u00bbon\u00a0\u00bb gutter_width=\u00a0\u00bb2&Prime; module_id=\u00a0\u00bbconseil\u00a0\u00bb _builder_version=\u00a0\u00bb4.16&Prime; _module_preset=\u00a0\u00bbdefault\u00a0\u00bb custom_padding=\u00a0\u00bb0px|||||\u00a0\u00bb animation_style=\u00a0\u00bbslide\u00a0\u00bb animation_direction=\u00a0\u00bbbottom\u00a0\u00bb global_colors_info=\u00a0\u00bb{}\u00a0\u00bb][et_pb_column type=\u00a0\u00bb4_4&Prime; _builder_version=\u00a0\u00bb4.16&Prime; _module_preset=\u00a0\u00bbdefault\u00a0\u00bb global_colors_info=\u00a0\u00bb{}\u00a0\u00bb][et_pb_text _builder_version=\u00a0\u00bb4.16&Prime; _module_preset=\u00a0\u00bbdefault\u00a0\u00bb background_enable_color=\u00a0\u00bboff\u00a0\u00bb custom_margin=\u00a0\u00bb||||false|false\u00a0\u00bb custom_padding=\u00a0\u00bb50px||||false|false\u00a0\u00bb animation_direction=\u00a0\u00bbleft\u00a0\u00bb global_colors_info=\u00a0\u00bb{}\u00a0\u00bb]<\/p>\n<h1>Conseil d\u2019administration du Cofrac<\/h1>\n<p>[\/et_pb_text][\/et_pb_column][\/et_pb_row][et_pb_row column_structure=\u00a0\u00bb1_2,1_2&Prime; use_custom_gutter=\u00a0\u00bbon\u00a0\u00bb gutter_width=\u00a0\u00bb2&Prime; _builder_version=\u00a0\u00bb4.16&Prime; _module_preset=\u00a0\u00bbdefault\u00a0\u00bb custom_padding=\u00a0\u00bb0px|||||\u00a0\u00bb global_colors_info=\u00a0\u00bb{}\u00a0\u00bb][et_pb_column type=\u00a0\u00bb1_2&Prime; _builder_version=\u00a0\u00bb4.16&Prime; _module_preset=\u00a0\u00bbdefault\u00a0\u00bb background_enable_color=\u00a0\u00bboff\u00a0\u00bb custom_padding=\u00a0\u00bb||||false|false\u00a0\u00bb animation_style=\u00a0\u00bbslide\u00a0\u00bb animation_direction=\u00a0\u00bbbottom\u00a0\u00bb global_colors_info=\u00a0\u00bb{}\u00a0\u00bb][et_pb_text _builder_version=\u00a0\u00bb4.16&Prime; _module_preset=\u00a0\u00bbdefault\u00a0\u00bb background_enable_color=\u00a0\u00bboff\u00a0\u00bb background_image=\u00a0\u00bbhttps:\/\/ra.cofrac.fr\/RA2022\/wp-content\/uploads\/2023\/06\/6-1.png\u00a0\u00bb background_size=\u00a0\u00bbcontain\u00a0\u00bb custom_margin=\u00a0\u00bb||||false|false\u00a0\u00bb custom_padding=\u00a0\u00bb50px||50px|100px|false|false\u00a0\u00bb animation_direction=\u00a0\u00bbleft\u00a0\u00bb global_colors_info=\u00a0\u00bb{}\u00a0\u00bb]<\/p>\n<p style=\"text-align: left;\"><strong>Pr\u00e9sident<\/strong> Jacques MULBERT<br \/><strong>Vice-pr\u00e9sident<\/strong> Olivier DOYEN<br \/><strong>Tr\u00e9sorier<\/strong> Thomas GRENON<\/p>\n<p>[\/et_pb_text][et_pb_text _builder_version=\u00a0\u00bb4.16&Prime; _module_preset=\u00a0\u00bbdefault\u00a0\u00bb background_enable_color=\u00a0\u00bboff\u00a0\u00bb background_enable_image=\u00a0\u00bboff\u00a0\u00bb background_size=\u00a0\u00bbinitial\u00a0\u00bb background_position=\u00a0\u00bbcenter_right\u00a0\u00bb custom_margin=\u00a0\u00bb||||false|false\u00a0\u00bb custom_padding=\u00a0\u00bb||||false|false\u00a0\u00bb animation_direction=\u00a0\u00bbleft\u00a0\u00bb global_colors_info=\u00a0\u00bb{}\u00a0\u00bb]<\/p>\n<h4>Groupements professionnels d\u2019entit\u00e9s recourant \u00e0 l\u2019accr\u00e9ditation<\/h4>\n<p><strong>Gwena\u00eblle GIL<\/strong> &#8211; PAILLIEUX &#8211; CPME<br \/><strong>Olivier DOYEN<\/strong> &#8211; FIEEC<br \/><strong>Dominique CHEVILLARD<\/strong> &#8211; FNTP<br \/><strong>Anthony BOURDON<\/strong> &#8211; GIFAS<\/p>\n<h4>Personnalit\u00e9 qualifi\u00e9e<\/h4>\n<p><strong>Jacques MULBERT<\/strong><\/p>\n<h4>Commissaire du gouvernement<\/h4>\n<p><strong>R\u00e9mi ST\u00c9FANINI<\/strong><\/p>\n<h4>Contr\u00f4leur d\u2019\u00c9tat<\/h4>\n<p>Isabelle AMAGLIO-TERISSE<\/p>\n<p>[\/et_pb_text][\/et_pb_column][et_pb_column type=\u00a0\u00bb1_2&Prime; _builder_version=\u00a0\u00bb4.16&Prime; _module_preset=\u00a0\u00bbdefault\u00a0\u00bb animation_style=\u00a0\u00bbslide\u00a0\u00bb animation_direction=\u00a0\u00bbbottom\u00a0\u00bb animation_delay=\u00a0\u00bb200ms\u00a0\u00bb global_colors_info=\u00a0\u00bb{}\u00a0\u00bb][et_pb_text _builder_version=\u00a0\u00bb4.16&Prime; _module_preset=\u00a0\u00bbdefault\u00a0\u00bb background_enable_color=\u00a0\u00bboff\u00a0\u00bb custom_margin=\u00a0\u00bb||||false|false\u00a0\u00bb custom_padding=\u00a0\u00bb||||false|false\u00a0\u00bb animation_direction=\u00a0\u00bbleft\u00a0\u00bb global_colors_info=\u00a0\u00bb{}\u00a0\u00bb]<\/p>\n<h4>Organismes accr\u00e9dit\u00e9s<\/h4>\n<p><strong>Thomas GRENON<\/strong> &#8211; EUROLAB<br \/><strong>Jean-Marc GIANNOLI<\/strong> &#8211; LABAC<br \/><strong>Olivier DELRIEU<\/strong> &#8211; TRESCAL<br \/><strong>Fran\u00e7ois GR\u00c9MY<\/strong> &#8211; FILIANCE<br \/><strong>Gilles BERNARDEAU<\/strong> &#8211; R\u00c9SEAU CTI<br \/><strong>Katia CHAMBERT<\/strong> &#8211; F\u00c9D\u00c9RATION HEXAGONE<br \/><strong>Julien NIZRI<\/strong> &#8211; AFNOR CERTIFICATION<\/p>\n<p>[\/et_pb_text][et_pb_text _builder_version=\u00a0\u00bb4.16&Prime; _module_preset=\u00a0\u00bbdefault\u00a0\u00bb background_enable_color=\u00a0\u00bboff\u00a0\u00bb custom_margin=\u00a0\u00bb||||false|false\u00a0\u00bb custom_padding=\u00a0\u00bb||||false|false\u00a0\u00bb animation_direction=\u00a0\u00bbleft\u00a0\u00bb global_colors_info=\u00a0\u00bb{}\u00a0\u00bb]<\/p>\n<h4>Repr\u00e9sentants d\u2019int\u00e9r\u00eats publics<\/h4>\n<p><strong>No\u00e9mie GAGNAIRE<\/strong> &#8211; CNL(Conf\u00e9d\u00e9ration nationale du logement)<br \/><strong>Nicolas REVENU<\/strong> &#8211; CNAFC (Conf\u00e9d\u00e9ration nationale des associations familiales catholiques)<br \/><strong>Jacky BONNEMAINS<\/strong> &#8211; Association \u00ab Robin des Bois \u00bb<br \/><strong>H\u00e9l\u00e8ne MONASSE<\/strong> &#8211; Minist\u00e8re en charge de la Sant\u00e9<br \/><strong>Romain ROUSSEL<\/strong> &#8211; Minist\u00e8re en charge de la Consommation<br \/><strong>Viviane APIED<\/strong> &#8211; Minist\u00e8re en charge de l\u2019Environnement<\/p>\n<p>[\/et_pb_text][et_pb_text _builder_version=\u00a0\u00bb4.16&Prime; _module_preset=\u00a0\u00bbdefault\u00a0\u00bb background_enable_color=\u00a0\u00bboff\u00a0\u00bb custom_margin=\u00a0\u00bb||||false|false\u00a0\u00bb custom_padding=\u00a0\u00bb||||false|false\u00a0\u00bb animation_direction=\u00a0\u00bbleft\u00a0\u00bb global_colors_info=\u00a0\u00bb{}\u00a0\u00bb]<\/p>\n<h4>Membres \u00e0 titre consultatif<\/h4>\n<p><strong>Maguelonne CHAMBON<\/strong> &#8211; LNE &#8211; M\u00e9trologie Scientifique<br \/><strong>Thierry GEOFFROY<\/strong> &#8211; AFNOR Normalisation<\/p>\n<p>[\/et_pb_text][et_pb_image src=\u00a0\u00bbhttps:\/\/ra.cofrac.fr\/RA2022\/wp-content\/uploads\/2023\/06\/6-3.png\u00a0\u00bb title_text=\u00a0\u00bb6-3&Prime; _builder_version=\u00a0\u00bb4.16&Prime; _module_preset=\u00a0\u00bbdefault\u00a0\u00bb global_colors_info=\u00a0\u00bb{}\u00a0\u00bb][\/et_pb_image][\/et_pb_column][\/et_pb_row][\/et_pb_section][et_pb_section fb_built=\u00a0\u00bb1&Prime; module_id=\u00a0\u00bbLaboratoires\u00a0\u00bb _builder_version=\u00a0\u00bb4.16&Prime; _module_preset=\u00a0\u00bbdefault\u00a0\u00bb background_color=\u00a0\u00bb#f2dec4&Prime; background_image=\u00a0\u00bbhttps:\/\/ra.cofrac.fr\/RA2022\/wp-content\/uploads\/2023\/06\/7-1.png\u00a0\u00bb background_size=\u00a0\u00bbcontain\u00a0\u00bb background_position=\u00a0\u00bbtop_left\u00a0\u00bb custom_padding=\u00a0\u00bb0px||0px|||\u00a0\u00bb animation_style=\u00a0\u00bbslide\u00a0\u00bb animation_direction=\u00a0\u00bbbottom\u00a0\u00bb global_colors_info=\u00a0\u00bb{}\u00a0\u00bb][et_pb_row column_structure=\u00a0\u00bb1_5,3_5,1_5&Prime; use_custom_gutter=\u00a0\u00bbon\u00a0\u00bb gutter_width=\u00a0\u00bb2&Prime; _builder_version=\u00a0\u00bb4.16&Prime; _module_preset=\u00a0\u00bbdefault\u00a0\u00bb animation_style=\u00a0\u00bbslide\u00a0\u00bb animation_direction=\u00a0\u00bbbottom\u00a0\u00bb global_colors_info=\u00a0\u00bb{}\u00a0\u00bb][et_pb_column type=\u00a0\u00bb1_5&Prime; _builder_version=\u00a0\u00bb4.16&Prime; _module_preset=\u00a0\u00bbdefault\u00a0\u00bb global_colors_info=\u00a0\u00bb{}\u00a0\u00bb][et_pb_image src=\u00a0\u00bbhttps:\/\/ra.cofrac.fr\/RA2022\/wp-content\/uploads\/2023\/06\/7-4.png\u00a0\u00bb alt=\u00a0\u00bb7-1&Prime; title_text=\u00a0\u00bb7-4&Prime; align=\u00a0\u00bbright\u00a0\u00bb _builder_version=\u00a0\u00bb4.16&Prime; _module_preset=\u00a0\u00bbdefault\u00a0\u00bb global_colors_info=\u00a0\u00bb{}\u00a0\u00bb][\/et_pb_image][\/et_pb_column][et_pb_column type=\u00a0\u00bb3_5&Prime; _builder_version=\u00a0\u00bb4.16&Prime; _module_preset=\u00a0\u00bbdefault\u00a0\u00bb global_colors_info=\u00a0\u00bb{}\u00a0\u00bb][et_pb_text _builder_version=\u00a0\u00bb4.16&Prime; _module_preset=\u00a0\u00bbdefault\u00a0\u00bb background_enable_color=\u00a0\u00bboff\u00a0\u00bb custom_margin=\u00a0\u00bb||||false|false\u00a0\u00bb custom_padding=\u00a0\u00bb35px||||false|false\u00a0\u00bb animation_direction=\u00a0\u00bbleft\u00a0\u00bb global_colors_info=\u00a0\u00bb{}\u00a0\u00bb]<\/p>\n<h1 class=\"labo\">Laboratoires<\/h1>\n<p>[\/et_pb_text][\/et_pb_column][et_pb_column type=\u00a0\u00bb1_5&Prime; _builder_version=\u00a0\u00bb4.16&Prime; _module_preset=\u00a0\u00bbdefault\u00a0\u00bb global_colors_info=\u00a0\u00bb{}\u00a0\u00bb][\/et_pb_column][\/et_pb_row][et_pb_row column_structure=\u00a0\u00bb1_2,1_2&Prime; use_custom_gutter=\u00a0\u00bbon\u00a0\u00bb gutter_width=\u00a0\u00bb2&Prime; _builder_version=\u00a0\u00bb4.16&Prime; _module_preset=\u00a0\u00bbdefault\u00a0\u00bb custom_padding=\u00a0\u00bb0px|||||\u00a0\u00bb global_colors_info=\u00a0\u00bb{}\u00a0\u00bb][et_pb_column type=\u00a0\u00bb1_2&Prime; _builder_version=\u00a0\u00bb4.16&Prime; _module_preset=\u00a0\u00bbdefault\u00a0\u00bb background_enable_color=\u00a0\u00bboff\u00a0\u00bb custom_padding=\u00a0\u00bb||||false|false\u00a0\u00bb animation_style=\u00a0\u00bbslide\u00a0\u00bb animation_direction=\u00a0\u00bbbottom\u00a0\u00bb global_colors_info=\u00a0\u00bb{}\u00a0\u00bb][et_pb_image src=\u00a0\u00bbhttps:\/\/ra.cofrac.fr\/RA2022\/wp-content\/uploads\/2023\/06\/7-3.png\u00a0\u00bb title_text=\u00a0\u00bb7-3&Prime; align=\u00a0\u00bbright\u00a0\u00bb _builder_version=\u00a0\u00bb4.16&Prime; _module_preset=\u00a0\u00bbdefault\u00a0\u00bb global_colors_info=\u00a0\u00bb{}\u00a0\u00bb][\/et_pb_image][et_pb_text _builder_version=\u00a0\u00bb4.21.0&Prime; _module_preset=\u00a0\u00bbdefault\u00a0\u00bb background_enable_color=\u00a0\u00bboff\u00a0\u00bb text_orientation=\u00a0\u00bbjustified\u00a0\u00bb custom_padding=\u00a0\u00bb||||false|false\u00a0\u00bb global_colors_info=\u00a0\u00bb{}\u00a0\u00bb]<\/p>\n<h4>Faits marquants<\/h4>\n<p>Pour la section Laboratoires, l\u2019ann\u00e9e 2022 a \u00e9t\u00e9 marqu\u00e9e par l\u2019organisation du 11\u00e8me Forum \u00ab\u00a0Accr\u00e9ditation et Laboratoires\u00a0\u00bb tenu le 9 janvier 2023 sous un format in\u00e9dit de plateau TV retransmis en direct aux participants connect\u00e9s \u00e0 distance via une plateforme de streaming.<br \/>Cette demi-journ\u00e9e fut l\u2019occasion pour les laboratoires accr\u00e9dit\u00e9s de d\u00e9couvrir le bilan et les perspectives de la section Laboratoires, les processus d\u2019accr\u00e9ditation (\u00e9volution, bilan, tendance des \u00e9carts, transformation num\u00e9rique, projet de personnalisation des \u00e9valuations,\u2026). Un point sur les travaux internationaux a permis d\u2019accueillir \u00e0 distance Sergio GUZZI (Accredia-Italie), le nouveau Chair du Laboratory Committee d\u2019EA.<br \/>Autre fait notable de l\u2019ann\u00e9e 2022, l\u2019audit du Cofrac du 5 au 9 D\u00e9cembre 2022 par l\u2019OCDE. Depuis le 1er juin 2021, le Cofrac est l\u2019autorit\u00e9 comp\u00e9tente pour le contr\u00f4le de la conformit\u00e9 aux principes de \u00ab\u00a0Bonnes Pratiques de Laboratoire \u00bb (BPL) pour les pesticides, les additifs alimentaires pour l\u2019alimentation humaine et animale et pour les produits chimiques industriels.\u00a0 En tant qu\u2019autorit\u00e9 signataire des accords d\u2019acceptation mutuelle des donn\u00e9es relatives aux BPL, le Cofrac est soumis \u00e0 l\u2019\u00e9valuation de l\u2019OCDE.<br \/>Cet audit a inclus l\u2019examen des dispositions et la r\u00e9alisation de tra\u00e7abilit\u00e9s sur des dossiers ainsi que l\u2019observation d\u2019une inspection d\u2019une installation d\u2019essais.<br \/>Les conclusions de l\u2019\u00e9quipe d\u2019audit en r\u00e9union de cl\u00f4ture se sont r\u00e9v\u00e9l\u00e9es tr\u00e8s positives. En effet, aucune non-conformit\u00e9 n\u2019a \u00e9t\u00e9 identifi\u00e9e. L\u2019\u00e9quipe d\u2019audit compos\u00e9e de deux membres accompagn\u00e9s de deux observateurs a soulign\u00e9 un haut niveau de comp\u00e9tence et des dispositions en ligne avec les Guidelines OCDE.<\/p>\n<p>La section a pr\u00e9sent\u00e9 au Comit\u00e9 de section Laboratoires, les perspectives d\u2019\u00e9volution du R\u00e8glement d\u2019accr\u00e9ditation (LAB REF 05) en lien avec le d\u00e9veloppement de l\u2019accr\u00e9ditation multisites.<br \/>La validation d\u00e9finitive de ce document est report\u00e9e au printemps 2023 dans l\u2019attente de la finalisation du retour d\u2019exp\u00e9rience de la phase pilote men\u00e9e incluant 6 laboratoires d\u2019essais et d\u2019\u00e9talonnages (publics et priv\u00e9s).<\/p>\n<p>[\/et_pb_text][et_pb_image src=\u00a0\u00bbhttps:\/\/ra.cofrac.fr\/RA2022\/wp-content\/uploads\/2023\/06\/7-5.png\u00a0\u00bb title_text=\u00a0\u00bb7-5&Prime; align=\u00a0\u00bbright\u00a0\u00bb _builder_version=\u00a0\u00bb4.16&Prime; _module_preset=\u00a0\u00bbdefault\u00a0\u00bb global_colors_info=\u00a0\u00bb{}\u00a0\u00bb][\/et_pb_image][\/et_pb_column][et_pb_column type=\u00a0\u00bb1_2&Prime; _builder_version=\u00a0\u00bb4.16&Prime; _module_preset=\u00a0\u00bbdefault\u00a0\u00bb animation_style=\u00a0\u00bbslide\u00a0\u00bb animation_direction=\u00a0\u00bbbottom\u00a0\u00bb animation_delay=\u00a0\u00bb200ms\u00a0\u00bb global_colors_info=\u00a0\u00bb{}\u00a0\u00bb][et_pb_text _builder_version=\u00a0\u00bb4.21.0&Prime; _module_preset=\u00a0\u00bbdefault\u00a0\u00bb background_enable_color=\u00a0\u00bboff\u00a0\u00bb custom_margin=\u00a0\u00bb|||80px|false|false\u00a0\u00bb custom_padding=\u00a0\u00bb||||false|false\u00a0\u00bb animation_direction=\u00a0\u00bbleft\u00a0\u00bb global_colors_info=\u00a0\u00bb{}\u00a0\u00bb]<\/p>\n<p><span class=\"labo typo titre\">1881<\/span> entit\u00e9s accr\u00e9dit\u00e9es cumul\u00e9es au 31\/12 dont <span class=\"labo typo\">66<\/span> \u00e0 l\u2019\u00e9tranger<br \/><span class=\"marge labo typo\">551<\/span> pour le P\u00f4le Physique-M\u00e9canique<br \/><span class=\"marge labo typo\">4938<\/span> pour le P\u00f4le Biologie-Agroalimentaire<br \/><span class=\"marge labo typo\">450<\/span> pour le P\u00f4le B\u00e2timent-Electricit\u00e9<br \/><span class=\"marge labo typo\">387<\/span> pour le P\u00f4le Chimie-Environnement<\/p>\n<p>[\/et_pb_text][et_pb_text _builder_version=\u00a0\u00bb4.21.0&Prime; _module_preset=\u00a0\u00bbdefault\u00a0\u00bb background_enable_color=\u00a0\u00bboff\u00a0\u00bb custom_margin=\u00a0\u00bb||||false|false\u00a0\u00bb custom_padding=\u00a0\u00bb||||false|false\u00a0\u00bb animation_direction=\u00a0\u00bbleft\u00a0\u00bb global_colors_info=\u00a0\u00bb{}\u00a0\u00bb]<\/p>\n<p><span class=\"bleu typo\">47<\/span> accr\u00e9ditations initiales<br \/><span class=\"certification typo\">467<\/span> extensions d\u2019accr\u00e9ditation<br \/><span class=\"sante typo\">1269<\/span> \u00e9valuations men\u00e9es<br \/><span class=\"inspection typo\">43<\/span> dossiers BPL<br \/><span class=\"bleufonce typo\">94<\/span> dossiers BPE<\/p>\n<p>[\/et_pb_text][et_pb_image src=\u00a0\u00bbhttps:\/\/ra.cofrac.fr\/RA2022\/wp-content\/uploads\/2023\/06\/7-2.png\u00a0\u00bb title_text=\u00a0\u00bb7-2&Prime; align=\u00a0\u00bbright\u00a0\u00bb _builder_version=\u00a0\u00bb4.16&Prime; _module_preset=\u00a0\u00bbdefault\u00a0\u00bb custom_margin=\u00a0\u00bb-70px||||false|false\u00a0\u00bb global_colors_info=\u00a0\u00bb{}\u00a0\u00bb][\/et_pb_image][et_pb_text _builder_version=\u00a0\u00bb4.16&Prime; _module_preset=\u00a0\u00bbdefault\u00a0\u00bb background_enable_color=\u00a0\u00bboff\u00a0\u00bb text_orientation=\u00a0\u00bbjustified\u00a0\u00bb custom_margin=\u00a0\u00bb||||false|false\u00a0\u00bb custom_padding=\u00a0\u00bb||||false|false\u00a0\u00bb global_colors_info=\u00a0\u00bb{}\u00a0\u00bb]<\/p>\n<h4>D\u00e9veloppements<\/h4>\n<ul>\n<li>DGT \u00e9clairage\u00a0: dispositif r\u00e9glementaire relatif aux relev\u00e9s photom\u00e9triques pour la v\u00e9rification de la conformit\u00e9 de l\u2019\u00e9clairage des lieux de travail\u00a0;<\/li>\n<li>Essais m\u00e9caniques sur des \u00e9quipements de levage\u00a0;<\/li>\n<li>Essais dimensionnels de sertis\u00a0;<\/li>\n<li>Essais a\u00e9rodynamiques pour des v\u00e9hicules routiers r\u00e9alis\u00e9s avec une soufflerie\u00a0;<\/li>\n<li>Comparaisons interlaboratoires en \u00e9talonnage de masses ( NF EN ISO\/IEC 17043)\u00a0;<\/li>\n<li>Essais physiques par microscopie \u00e0 force atomique pour la caract\u00e9risation des nanomat\u00e9riaux. <\/li>\n<\/ul>\n<p>[\/et_pb_text][\/et_pb_column][\/et_pb_row][\/et_pb_section][et_pb_section fb_built=\u00a0\u00bb1&Prime; module_id=\u00a0\u00bbaccreditation\u00a0\u00bb _builder_version=\u00a0\u00bb4.16&Prime; _module_preset=\u00a0\u00bbdefault\u00a0\u00bb background_color=\u00a0\u00bb#f2dec4&Prime; background_enable_image=\u00a0\u00bboff\u00a0\u00bb custom_padding=\u00a0\u00bb0px||0px|||\u00a0\u00bb animation_style=\u00a0\u00bbslide\u00a0\u00bb animation_direction=\u00a0\u00bbbottom\u00a0\u00bb global_colors_info=\u00a0\u00bb{}\u00a0\u00bb][et_pb_row column_structure=\u00a0\u00bb1_2,1_2&Prime; use_custom_gutter=\u00a0\u00bbon\u00a0\u00bb gutter_width=\u00a0\u00bb2&Prime; _builder_version=\u00a0\u00bb4.16&Prime; _module_preset=\u00a0\u00bbdefault\u00a0\u00bb custom_padding=\u00a0\u00bb0px||0px|||\u00a0\u00bb global_colors_info=\u00a0\u00bb{}\u00a0\u00bb][et_pb_column type=\u00a0\u00bb1_2&Prime; _builder_version=\u00a0\u00bb4.16&Prime; _module_preset=\u00a0\u00bbdefault\u00a0\u00bb background_enable_color=\u00a0\u00bboff\u00a0\u00bb custom_padding=\u00a0\u00bb||||false|false\u00a0\u00bb animation_style=\u00a0\u00bbslide\u00a0\u00bb animation_direction=\u00a0\u00bbbottom\u00a0\u00bb global_colors_info=\u00a0\u00bb{}\u00a0\u00bb][et_pb_text _builder_version=\u00a0\u00bb4.16&Prime; _module_preset=\u00a0\u00bbdefault\u00a0\u00bb background_enable_color=\u00a0\u00bboff\u00a0\u00bb text_orientation=\u00a0\u00bbjustified\u00a0\u00bb custom_padding=\u00a0\u00bb||||false|false\u00a0\u00bb global_colors_info=\u00a0\u00bb{}\u00a0\u00bb]<\/p>\n<h4>P\u00f4le Physique \u2013 M\u00e9canique<\/h4>\n<p>Le P\u00f4le a poursuivi sa collaboration avec la Direction G\u00e9n\u00e9rale du Travail pour le d\u00e9veloppement du dispositif d\u2019accr\u00e9ditation pour les organismes charg\u00e9s de la surveillance individuelle de l\u2019exposition des travailleurs aux rayonnements ionisants, avec l\u2019Autorit\u00e9 de S\u00fbret\u00e9 Nucl\u00e9aire concernant le sch\u00e9ma d\u2019accr\u00e9ditation relatif aux essais sur des \u00e9quipements sous pression nucl\u00e9aires et avec l\u2019Agence Nationale de S\u00e9curit\u00e9 du M\u00e9dicament et des produits de sant\u00e9 (ANSM) dans le cadre du projet de r\u00e9vision de la d\u00e9cision fixant les modalit\u00e9s du contr\u00f4le de qualit\u00e9 externe des installations de radioth\u00e9rapie externe et du document d\u2019exigences sp\u00e9cifiques LAB REF 25 relatif \u00e0 l\u2019accr\u00e9ditation des organismes proc\u00e9dant \u00e0 ces contr\u00f4les, avec l\u2019introduction de l\u2019utilisation possible d\u2019autres technologies que celle des dosim\u00e8tres DTL.<br \/>Il a aussi organis\u00e9 des r\u00e9unions d\u2019harmonisation des \u00e9valuateurs techniques sur les domaines suivants\u00a0: textile, rayonnements ionisants, pression mais aussi une r\u00e9union conjointe d\u2019\u00e9valuateurs techniques intervenants dans diff\u00e9rents domaines de niche.<br \/>Le P\u00f4le a publi\u00e9 la r\u00e9vision des documents techniques suivants dans le cadre de la mise en conformit\u00e9 \u00e0 la version 2017 de la norme NF EN ISO\/IEC 17025\u00a0: LAB GTA 69 (V\u00e9rification des Machines d\u2019Essais M\u00e9caniques)\u00a0; LAB GTA 11 (M\u00e9trologie des pressions) ; LAB GTA 95 (Etalonnage d\u2019Instruments de Pesage \u00e0 Fonctionnement Non-Automatique (IPFNA).<\/p>\n<p>[\/et_pb_text][\/et_pb_column][et_pb_column type=\u00a0\u00bb1_2&Prime; _builder_version=\u00a0\u00bb4.16&Prime; _module_preset=\u00a0\u00bbdefault\u00a0\u00bb animation_style=\u00a0\u00bbslide\u00a0\u00bb animation_direction=\u00a0\u00bbbottom\u00a0\u00bb animation_delay=\u00a0\u00bb200ms\u00a0\u00bb global_colors_info=\u00a0\u00bb{}\u00a0\u00bb][et_pb_image src=\u00a0\u00bbhttps:\/\/ra.cofrac.fr\/RA2022\/wp-content\/uploads\/2023\/06\/8-1.png\u00a0\u00bb title_text=\u00a0\u00bb8-1&Prime; align=\u00a0\u00bbright\u00a0\u00bb _builder_version=\u00a0\u00bb4.16&Prime; _module_preset=\u00a0\u00bbdefault\u00a0\u00bb width=\u00a0\u00bb64%\u00a0\u00bb custom_margin=\u00a0\u00bb-30px||0px||false|false\u00a0\u00bb custom_padding=\u00a0\u00bb0px||0px||false|false\u00a0\u00bb global_colors_info=\u00a0\u00bb{}\u00a0\u00bb][\/et_pb_image][\/et_pb_column][\/et_pb_row][et_pb_row column_structure=\u00a0\u00bb1_2,1_2&Prime; use_custom_gutter=\u00a0\u00bbon\u00a0\u00bb gutter_width=\u00a0\u00bb2&Prime; _builder_version=\u00a0\u00bb4.16&Prime; _module_preset=\u00a0\u00bbdefault\u00a0\u00bb custom_padding=\u00a0\u00bb0px||0px|||\u00a0\u00bb global_colors_info=\u00a0\u00bb{}\u00a0\u00bb][et_pb_column type=\u00a0\u00bb1_2&Prime; _builder_version=\u00a0\u00bb4.16&Prime; _module_preset=\u00a0\u00bbdefault\u00a0\u00bb background_enable_color=\u00a0\u00bboff\u00a0\u00bb custom_padding=\u00a0\u00bb||||false|false\u00a0\u00bb animation_style=\u00a0\u00bbslide\u00a0\u00bb animation_direction=\u00a0\u00bbbottom\u00a0\u00bb global_colors_info=\u00a0\u00bb{}\u00a0\u00bb][et_pb_image src=\u00a0\u00bbhttps:\/\/ra.cofrac.fr\/RA2022\/wp-content\/uploads\/2023\/06\/8-2.png\u00a0\u00bb title_text=\u00a0\u00bb8-2&Prime; _builder_version=\u00a0\u00bb4.16&Prime; _module_preset=\u00a0\u00bbdefault\u00a0\u00bb width=\u00a0\u00bb70%\u00a0\u00bb custom_margin=\u00a0\u00bb0px||0px||false|false\u00a0\u00bb custom_padding=\u00a0\u00bb0px||0px||false|false\u00a0\u00bb global_colors_info=\u00a0\u00bb{}\u00a0\u00bb][\/et_pb_image][\/et_pb_column][et_pb_column type=\u00a0\u00bb1_2&Prime; _builder_version=\u00a0\u00bb4.16&Prime; _module_preset=\u00a0\u00bbdefault\u00a0\u00bb animation_style=\u00a0\u00bbslide\u00a0\u00bb animation_direction=\u00a0\u00bbbottom\u00a0\u00bb animation_delay=\u00a0\u00bb200ms\u00a0\u00bb global_colors_info=\u00a0\u00bb{}\u00a0\u00bb][et_pb_text _builder_version=\u00a0\u00bb4.16&Prime; _module_preset=\u00a0\u00bbdefault\u00a0\u00bb background_enable_color=\u00a0\u00bboff\u00a0\u00bb text_orientation=\u00a0\u00bbjustified\u00a0\u00bb custom_padding=\u00a0\u00bb||||false|false\u00a0\u00bb global_colors_info=\u00a0\u00bb{}\u00a0\u00bb]<\/p>\n<h4>P\u00f4le Biologie \u2013 Agroalimentaire<\/h4>\n<p>Pour l\u2019activit\u00e9 OCIL et PMR, le P\u00f4le a r\u00e9vis\u00e9 les documents de r\u00e9f\u00e9rence (LAB CIL REF 05, 02 et LAB CIL REF 08) \u00e0 la suite de l\u2019ouverture de l\u2019activit\u00e9 d\u2019organisation de comparaisons interlaboratoires au domaine de\u00a0l\u2019\u00e9talonnage pour le r\u00e9f\u00e9rentiel ISO\/IEC 17043 afin notamment de pr\u00e9ciser les exigences issues des documents GEN REF 10 et ILAC P14. Il a poursuivi les instructions des demandes d\u2019accr\u00e9ditation initiales pour l\u2019activit\u00e9 PMR et a particip\u00e9 \u00e0 un groupe miroir dans le cadre de la r\u00e9vision de la norme NF EN ISO\/IEC 17043 dont la publication est pr\u00e9vue au premier semestre 2023.<br \/>Pour l\u2019activit\u00e9 Essais, dans le cadre de la mise en conformit\u00e9 \u00e0 la version 2017 de la norme NF EN ISO\/IEC 17025, le P\u00f4le a publi\u00e9 les r\u00e9visions des documents techniques LAB GTA 33\u00a0\u00ab\u00a0Analyses sensorielles et tests consommateurs\u00a0\u00bb\u00a0; LAB GTA 30 \u00ab\u00a0Analyses de substances autoris\u00e9es ou non \u00e0 usage v\u00e9t\u00e9rinaire ou zootechnique \u00bb\u00a0; LAB GTA 36 \u00ab\u00a0Analyses en bact\u00e9riologie animale \u00bb\u00a0; LAB GTA 32 \u00ab\u00a0Essais et Analyses en Virologie Animale \u00bb\u00a0; LAB REF 15 \u00ab\u00a0Exigences sp\u00e9cifiques pour les analyses en vue du paiement du lait en fonction de sa composition et de sa qualit\u00e9 hygi\u00e9nique et sanitaire\u00a0\u00bb, en lien avec l\u2019\u00e9volution des textes r\u00e9glementaires.<br \/>Il a \u00e9galement r\u00e9alis\u00e9 des r\u00e9unions d\u2019harmonisation des \u00e9valuateurs techniques dans les domaines de la microbiologie alimentaire, bact\u00e9riologie animale, parasitologie, des dispositifs m\u00e9dicaux et des m\u00e9taux.<\/p>\n<p>[\/et_pb_text][\/et_pb_column][\/et_pb_row][et_pb_row column_structure=\u00a0\u00bb1_2,1_2&Prime; use_custom_gutter=\u00a0\u00bbon\u00a0\u00bb gutter_width=\u00a0\u00bb2&Prime; _builder_version=\u00a0\u00bb4.16&Prime; _module_preset=\u00a0\u00bbdefault\u00a0\u00bb custom_padding=\u00a0\u00bb0px||0px|||\u00a0\u00bb global_colors_info=\u00a0\u00bb{}\u00a0\u00bb][et_pb_column type=\u00a0\u00bb1_2&Prime; _builder_version=\u00a0\u00bb4.16&Prime; _module_preset=\u00a0\u00bbdefault\u00a0\u00bb background_enable_color=\u00a0\u00bboff\u00a0\u00bb custom_padding=\u00a0\u00bb||||false|false\u00a0\u00bb animation_style=\u00a0\u00bbslide\u00a0\u00bb animation_direction=\u00a0\u00bbbottom\u00a0\u00bb global_colors_info=\u00a0\u00bb{}\u00a0\u00bb][et_pb_text _builder_version=\u00a0\u00bb4.16&Prime; _module_preset=\u00a0\u00bbdefault\u00a0\u00bb background_enable_color=\u00a0\u00bboff\u00a0\u00bb text_orientation=\u00a0\u00bbjustified\u00a0\u00bb custom_padding=\u00a0\u00bb||||false|false\u00a0\u00bb global_colors_info=\u00a0\u00bb{}\u00a0\u00bb]<\/p>\n<h4>P\u00f4le B\u00e2timent \u2013 Electricit\u00e9<\/h4>\n<p>Le P\u00f4le a travaill\u00e9 sur la r\u00e9vision du document technique LAB REF 14 \u00ab\u00a0Exigences sp\u00e9cifiques pour les essais en vue de l\u2019\u00e9valuation de la s\u00e9curit\u00e9 des technologies de l\u2019information\u00a0\u00bb.<br \/>Il a par ailleurs particip\u00e9 avec l\u2019ANSSI (Agence Nationale de la S\u00e9curit\u00e9 des Syst\u00e8mes d\u2019Information) \u00e0 la phase pilote organis\u00e9e par l\u2019ENISA, l\u2019Agence Europ\u00e9enne charg\u00e9e de la s\u00e9curit\u00e9 des r\u00e9seaux et de l\u2019information, visant \u00e0 d\u00e9velopper une accr\u00e9ditation pour les essais impos\u00e9s par le r\u00e8glement europ\u00e9en (UE n\u00b02019\/881) du CyberSecurity Act au niveau substantiel et le sch\u00e9ma europ\u00e9en de certification en cybers\u00e9curit\u00e9 (EUCC). La publication du document d\u2019\u00ab Exigences sp\u00e9cifiques pour les essais en vue de l\u2019\u00e9valuation de la s\u00e9curit\u00e9 des technologies de l\u2019information dans le cadre du sch\u00e9ma de certification europ\u00e9en EUCC \u00bb (LAB REF 34) associ\u00e9 est en attente de la parution des textes r\u00e9glementaires. <br \/>Il a \u00e9galement poursuivi sa collaboration avec la Direction G\u00e9n\u00e9rale du Travail et la Direction G\u00e9n\u00e9rale de la Sant\u00e9 dans le cadre des trois sch\u00e9mas r\u00e9glementaires qui concernent les mesures d\u2019amiante, l\u2019am\u00e9lioration de la qualit\u00e9 des donn\u00e9es dans le domaine de l\u2019amiante et le d\u00e9veloppement d\u2019un sch\u00e9ma r\u00e9glementaire reposant sur l\u2019accr\u00e9ditation d\u2019organismes proc\u00e9dant \u00e0 des mesures sur site de l\u2019exposition des travailleurs aux risques dus aux agents physiques (champs \u00e9lectromagn\u00e9tiques).<br \/>Le P\u00f4le a \u00e9galement r\u00e9alis\u00e9 des r\u00e9unions d\u2019harmonisation des \u00e9valuateurs techniques dans les domaines b\u00e2timent-g\u00e9nie civil, s\u00e9curit\u00e9 \u00e9lectrique, essais aux feu et \u00e9talonnage sur les grandeurs \u00e9lectriques.<\/p>\n<p>[\/et_pb_text][\/et_pb_column][et_pb_column type=\u00a0\u00bb1_2&Prime; _builder_version=\u00a0\u00bb4.16&Prime; _module_preset=\u00a0\u00bbdefault\u00a0\u00bb animation_style=\u00a0\u00bbslide\u00a0\u00bb animation_direction=\u00a0\u00bbbottom\u00a0\u00bb animation_delay=\u00a0\u00bb200ms\u00a0\u00bb global_colors_info=\u00a0\u00bb{}\u00a0\u00bb][et_pb_image src=\u00a0\u00bbhttps:\/\/ra.cofrac.fr\/RA2022\/wp-content\/uploads\/2023\/06\/8-4.png\u00a0\u00bb title_text=\u00a0\u00bb8-4&Prime; _builder_version=\u00a0\u00bb4.16&Prime; _module_preset=\u00a0\u00bbdefault\u00a0\u00bb global_colors_info=\u00a0\u00bb{}\u00a0\u00bb][\/et_pb_image][\/et_pb_column][\/et_pb_row][et_pb_row column_structure=\u00a0\u00bb1_2,1_2&Prime; use_custom_gutter=\u00a0\u00bbon\u00a0\u00bb gutter_width=\u00a0\u00bb2&Prime; _builder_version=\u00a0\u00bb4.16&Prime; _module_preset=\u00a0\u00bbdefault\u00a0\u00bb custom_padding=\u00a0\u00bb0px|||||\u00a0\u00bb global_colors_info=\u00a0\u00bb{}\u00a0\u00bb][et_pb_column type=\u00a0\u00bb1_2&Prime; _builder_version=\u00a0\u00bb4.16&Prime; _module_preset=\u00a0\u00bbdefault\u00a0\u00bb background_enable_color=\u00a0\u00bboff\u00a0\u00bb custom_padding=\u00a0\u00bb||||false|false\u00a0\u00bb animation_style=\u00a0\u00bbslide\u00a0\u00bb animation_direction=\u00a0\u00bbbottom\u00a0\u00bb global_colors_info=\u00a0\u00bb{}\u00a0\u00bb][et_pb_image src=\u00a0\u00bbhttps:\/\/ra.cofrac.fr\/RA2022\/wp-content\/uploads\/2023\/06\/8-5.png\u00a0\u00bb title_text=\u00a0\u00bb8-5&Prime; _builder_version=\u00a0\u00bb4.16&Prime; _module_preset=\u00a0\u00bbdefault\u00a0\u00bb global_colors_info=\u00a0\u00bb{}\u00a0\u00bb][\/et_pb_image][\/et_pb_column][et_pb_column type=\u00a0\u00bb1_2&Prime; _builder_version=\u00a0\u00bb4.16&Prime; _module_preset=\u00a0\u00bbdefault\u00a0\u00bb animation_style=\u00a0\u00bbslide\u00a0\u00bb animation_direction=\u00a0\u00bbbottom\u00a0\u00bb animation_delay=\u00a0\u00bb200ms\u00a0\u00bb global_colors_info=\u00a0\u00bb{}\u00a0\u00bb][et_pb_text _builder_version=\u00a0\u00bb4.16&Prime; _module_preset=\u00a0\u00bbdefault\u00a0\u00bb background_enable_color=\u00a0\u00bboff\u00a0\u00bb text_orientation=\u00a0\u00bbjustified\u00a0\u00bb custom_padding=\u00a0\u00bb||||false|false\u00a0\u00bb global_colors_info=\u00a0\u00bb{}\u00a0\u00bb]<\/p>\n<h4 style=\"text-align: justify;\">P\u00f4le Chimie \u2013 Environnement<\/h4>\n<p style=\"text-align: justify;\">Le P\u00f4le a particip\u00e9 activement \u00e0 la mise en place du dispositif des Bonnes Pratiques de Laboratoire (BPL), \u00e0 la r\u00e9alisation de l\u2019audit de l\u2019OCDE, aux r\u00e9unions des groupes de travail de l\u2019OCDE et de l\u2019Union europ\u00e9enne sur les BPL ainsi qu\u2019\u00e0 la r\u00e9vision des documents de la s\u00e9rie de l\u2019OCDE sur ces bonnes pratiques.<br \/>Le P\u00f4le a poursuivi sa collaboration avec l\u2019Office Fran\u00e7ais de la Biodiversit\u00e9 (OFB) en lien avec la v\u00e9rification des crit\u00e8res d\u2019agr\u00e9ment des laboratoires effectuant des analyses dans le domaine de l\u2019eau et des milieux aquatiques. Il a \u00e9galement collabor\u00e9 avec la Direction G\u00e9n\u00e9rale de la Pr\u00e9vention des Risques (DGPR) dans le cadre de la r\u00e9vision de la r\u00e9glementation relative \u00e0 la surveillance de la qualit\u00e9 de l\u2019air int\u00e9rieur dans des \u00e9tablissements recevant du public.<br \/>Par ailleurs, en lien avec la mise en conformit\u00e9 \u00e0 la version 2017 de la norme NF EN ISO\/IEC 17025, le P\u00f4le a publi\u00e9 la r\u00e9vision du document LAB REF 30 relatif \u00e0 l\u2019accr\u00e9ditation des organismes proc\u00e9dant aux mesures de surveillance de la qualit\u00e9 de l\u2019air int\u00e9rieur dans les \u00e9tablissements recevant du public et le guide technique LAB GTA 35 relatif aux analyses des radionucl\u00e9ides dans l\u2019environnement, dans les produits d\u2019origine animale et les denr\u00e9es alimentaires destin\u00e9es \u00e0 l\u2019homme ou aux animaux.<br \/>Le P\u00f4le a organis\u00e9 des r\u00e9unions d\u2019harmonisation des \u00e9valuateurs techniques dans les domaines suivants\u00a0: analyses microbiologiques des eaux, analyses de radionucl\u00e9ides dans l\u2019environnement, dans les produits d\u2019origine animale et les denr\u00e9es alimentaires destin\u00e9es \u00e0 l\u2019homme ou aux animaux, contr\u00f4les du titre des ouvrages en m\u00e9taux pr\u00e9cieux, contr\u00f4les des expositions professionnelles aux agents chimiques dans l\u2019air des lieux de travail et Bonnes Pratiques de Laboratoire.<\/p>\n<p>[\/et_pb_text][\/et_pb_column][\/et_pb_row][\/et_pb_section][et_pb_section fb_built=\u00a0\u00bb1&Prime; module_id=\u00a0\u00bbSante\u00a0\u00bb _builder_version=\u00a0\u00bb4.16&Prime; _module_preset=\u00a0\u00bbdefault\u00a0\u00bb background_color=\u00a0\u00bb#f2dec4&Prime; background_image=\u00a0\u00bbhttps:\/\/ra.cofrac.fr\/RA2022\/wp-content\/uploads\/2023\/06\/10-1.png\u00a0\u00bb background_size=\u00a0\u00bbinitial\u00a0\u00bb background_position=\u00a0\u00bbtop_left\u00a0\u00bb custom_padding=\u00a0\u00bb0px||0px|||\u00a0\u00bb animation_style=\u00a0\u00bbslide\u00a0\u00bb animation_direction=\u00a0\u00bbbottom\u00a0\u00bb animation_delay=\u00a0\u00bb50ms\u00a0\u00bb global_colors_info=\u00a0\u00bb{}\u00a0\u00bb][et_pb_row column_structure=\u00a0\u00bb1_5,3_5,1_5&Prime; use_custom_gutter=\u00a0\u00bbon\u00a0\u00bb gutter_width=\u00a0\u00bb2&Prime; _builder_version=\u00a0\u00bb4.16&Prime; _module_preset=\u00a0\u00bbdefault\u00a0\u00bb animation_style=\u00a0\u00bbslide\u00a0\u00bb animation_direction=\u00a0\u00bbbottom\u00a0\u00bb global_colors_info=\u00a0\u00bb{}\u00a0\u00bb][et_pb_column type=\u00a0\u00bb1_5&Prime; _builder_version=\u00a0\u00bb4.16&Prime; _module_preset=\u00a0\u00bbdefault\u00a0\u00bb global_colors_info=\u00a0\u00bb{}\u00a0\u00bb][et_pb_image src=\u00a0\u00bbhttps:\/\/ra.cofrac.fr\/RA2022\/wp-content\/uploads\/2023\/06\/12-4.png\u00a0\u00bb alt=\u00a0\u00bb9-1&Prime; title_text=\u00a0\u00bb12-4&Prime; align=\u00a0\u00bbright\u00a0\u00bb _builder_version=\u00a0\u00bb4.16&Prime; _module_preset=\u00a0\u00bbdefault\u00a0\u00bb custom_margin=\u00a0\u00bb20px||||false|false\u00a0\u00bb global_colors_info=\u00a0\u00bb{}\u00a0\u00bb][\/et_pb_image][\/et_pb_column][et_pb_column type=\u00a0\u00bb3_5&Prime; _builder_version=\u00a0\u00bb4.16&Prime; _module_preset=\u00a0\u00bbdefault\u00a0\u00bb global_colors_info=\u00a0\u00bb{}\u00a0\u00bb][et_pb_text _builder_version=\u00a0\u00bb4.16&Prime; _module_preset=\u00a0\u00bbdefault\u00a0\u00bb background_enable_color=\u00a0\u00bboff\u00a0\u00bb custom_margin=\u00a0\u00bb||||false|false\u00a0\u00bb custom_padding=\u00a0\u00bb25px||||false|false\u00a0\u00bb animation_direction=\u00a0\u00bbleft\u00a0\u00bb global_colors_info=\u00a0\u00bb{}\u00a0\u00bb]<\/p>\n<h1 class=\"sante\">Sant\u00e9 Humaine<\/h1>\n<p>[\/et_pb_text][\/et_pb_column][et_pb_column type=\u00a0\u00bb1_5&Prime; _builder_version=\u00a0\u00bb4.16&Prime; _module_preset=\u00a0\u00bbdefault\u00a0\u00bb global_colors_info=\u00a0\u00bb{}\u00a0\u00bb][et_pb_image src=\u00a0\u00bbhttps:\/\/ra.cofrac.fr\/RA2022\/wp-content\/uploads\/2023\/06\/10-2.png\u00a0\u00bb title_text=\u00a0\u00bb10-2&Prime; _builder_version=\u00a0\u00bb4.16&Prime; _module_preset=\u00a0\u00bbdefault\u00a0\u00bb global_colors_info=\u00a0\u00bb{}\u00a0\u00bb][\/et_pb_image][\/et_pb_column][\/et_pb_row][et_pb_row column_structure=\u00a0\u00bb1_2,1_2&Prime; use_custom_gutter=\u00a0\u00bbon\u00a0\u00bb gutter_width=\u00a0\u00bb2&Prime; _builder_version=\u00a0\u00bb4.16&Prime; _module_preset=\u00a0\u00bbdefault\u00a0\u00bb custom_padding=\u00a0\u00bb0px|||||\u00a0\u00bb global_colors_info=\u00a0\u00bb{}\u00a0\u00bb][et_pb_column type=\u00a0\u00bb1_2&Prime; _builder_version=\u00a0\u00bb4.16&Prime; _module_preset=\u00a0\u00bbdefault\u00a0\u00bb background_enable_color=\u00a0\u00bboff\u00a0\u00bb custom_padding=\u00a0\u00bb||||false|false\u00a0\u00bb animation_style=\u00a0\u00bbslide\u00a0\u00bb animation_direction=\u00a0\u00bbbottom\u00a0\u00bb global_colors_info=\u00a0\u00bb{}\u00a0\u00bb][et_pb_text _builder_version=\u00a0\u00bb4.21.0&Prime; _module_preset=\u00a0\u00bbdefault\u00a0\u00bb background_enable_color=\u00a0\u00bboff\u00a0\u00bb custom_margin=\u00a0\u00bb||||false|false\u00a0\u00bb custom_padding=\u00a0\u00bb||||false|false\u00a0\u00bb animation_direction=\u00a0\u00bbleft\u00a0\u00bb global_colors_info=\u00a0\u00bb{}\u00a0\u00bb]<span class=\"sante typo titre\">695<\/span> entit\u00e9s accr\u00e9dit\u00e9es cumul\u00e9es au 31\/12<\/p>\n<p><span class=\"marge\">Dont <\/span><span class=\"sante typo\">668<\/span> selon la norme NF EN ISO 15189<br \/>\n<span class=\"marge\">incluant <\/span><span class=\"sante typo\">271<\/span> \u00e9tablissements hospitalier<br \/>\n<span class=\"marge\">repr\u00e9sentant <\/span><span class=\"sante typo\">4 541<\/span> sites<\/p>\n<p><span class=\"bleu typo\">5<\/span> accr\u00e9ditations initiales<br \/>\n<span class=\"certification typo\">225<\/span> extensions d\u2019accr\u00e9ditation<br \/>\n<span class=\"labo typo\">660<\/span> \u00e9valuations men\u00e9es<br \/>\n<span class=\"inspection typo\">640<\/span> LBM accr\u00e9dit\u00e9s en France[\/et_pb_text][et_pb_image src=\u00a0\u00bbhttps:\/\/ra.cofrac.fr\/RA2022\/wp-content\/uploads\/2023\/06\/10-4.png\u00a0\u00bb title_text=\u00a0\u00bb10-4&Prime; _builder_version=\u00a0\u00bb4.16&Prime; _module_preset=\u00a0\u00bbdefault\u00a0\u00bb global_colors_info=\u00a0\u00bb{}\u00a0\u00bb][\/et_pb_image][et_pb_text _builder_version=\u00a0\u00bb4.16&Prime; _module_preset=\u00a0\u00bbdefault\u00a0\u00bb background_enable_color=\u00a0\u00bboff\u00a0\u00bb text_orientation=\u00a0\u00bbjustified\u00a0\u00bb custom_padding=\u00a0\u00bb||||false|false\u00a0\u00bb global_colors_info=\u00a0\u00bb{}\u00a0\u00bb]<\/p>\n<h4>Travaux<\/h4>\n<ul>\n<li>Publication d\u2019un nouveau guide technique d\u2019accr\u00e9ditation d\u00e9di\u00e9 \u00e0 la g\u00e9n\u00e9tique\u00a0;<\/li>\n<li>Pr\u00e9paration du plan de transition vers la nouvelle version de la norme ISO 15189, qui a \u00e9t\u00e9 d\u00e9ploy\u00e9 d\u00e8s la publication d\u00e9but 2023 de la version fran\u00e7aise, en lien avec la d\u00e9finition au niveau international des modalit\u00e9s de transition.\u00a0<\/li>\n<\/ul>\n<p>Poursuite des travaux concernant l\u2019int\u00e9gration au r\u00e9f\u00e9rentiel d\u2019accr\u00e9ditation d\u2019exigences li\u00e9es \u00e0 la transformation num\u00e9rique dans le domaine de la sant\u00e9\u00a0:<\/p>\n<ul>\n<li>Publication de la r\u00e9vision 07 du document SH REF 02 \u00ab\u00a0Exigences pour l\u2019accr\u00e9ditation selon les normes NF EN ISO 15189 et NF EN ISO 22870\u00a0\u00bb\u00a0;<\/li>\n<li>Elaboration du document d\u2019information SH INF 04 pour faciliter l\u2019\u00e9tude d\u2019impact par les structures de la transformation num\u00e9rique sur les syst\u00e8mes de management\u00a0;<\/li>\n<li>R\u00e9alisation d\u2019un webinaire \u00e0 l\u2019attention des \u00e9valuateurs.<\/li>\n<\/ul>\n<p>Une approche progressive est retenue pour la v\u00e9rification du respect de ces exigences \u00e0 compter du 1er janvier 2023.<\/p>\n<p>Finalisation des travaux concernant les 3 axes consid\u00e9r\u00e9s comme prioritaires, avec la publication :<\/p>\n<ul>\n<li>du guide technique d\u2019accr\u00e9ditation SH GTA 09 dans le cadre du renforcement de l\u2019approche<br \/>\u00ab \u00c9valuation de l\u2019efficacit\u00e9 du SMQ et des processus \u00bb pour favoriser une approche davantage tourn\u00e9e vers le service m\u00e9dical rendu aux patients et aux prescripteurs\u00a0;<\/li>\n<li>du guide technique d\u2019accr\u00e9ditation SH GTA 08 pour l\u2019axe d\u00e9di\u00e9 \u00e0 l\u2019adaptation de l\u2019\u00e9valuation de la m\u00e9trologie en lien avec les besoins en la mati\u00e8re ;<\/li>\n<li>de la r\u00e9vision 02 du guide technique d\u2019accr\u00e9ditation SH GTA 04 d\u00e9but 2023, avec la clarification des exigences relatives \u00e0 la v\u00e9rification et \u00e0 la validation des m\u00e9thodes.<\/li>\n<\/ul>\n<p>R\u00e9flexion initi\u00e9e concernant la revue de la strat\u00e9gie d\u2019\u00e9valuation des examens de biologie m\u00e9dicale d\u00e9localis\u00e9s.<\/p>\n<p>[\/et_pb_text][et_pb_text _builder_version=\u00a0\u00bb4.16&Prime; _module_preset=\u00a0\u00bbdefault\u00a0\u00bb background_enable_color=\u00a0\u00bboff\u00a0\u00bb text_orientation=\u00a0\u00bbjustified\u00a0\u00bb custom_padding=\u00a0\u00bb||||false|false\u00a0\u00bb global_colors_info=\u00a0\u00bb{}\u00a0\u00bb]<\/p>\n<h4>International<\/h4>\n<p>La section a \u00e9t\u00e9 active au niveau europ\u00e9en et a particip\u00e9 au groupe de travail Healthcare d\u2019European co-operation for Accreditation (EA).<\/p>\n<p>[\/et_pb_text][et_pb_image src=\u00a0\u00bbhttps:\/\/ra.cofrac.fr\/RA2022\/wp-content\/uploads\/2023\/06\/11-2.png\u00a0\u00bb title_text=\u00a0\u00bb11-2&Prime; _builder_version=\u00a0\u00bb4.16&Prime; _module_preset=\u00a0\u00bbdefault\u00a0\u00bb global_colors_info=\u00a0\u00bb{}\u00a0\u00bb][\/et_pb_image][\/et_pb_column][et_pb_column type=\u00a0\u00bb1_2&Prime; _builder_version=\u00a0\u00bb4.16&Prime; _module_preset=\u00a0\u00bbdefault\u00a0\u00bb animation_style=\u00a0\u00bbslide\u00a0\u00bb animation_direction=\u00a0\u00bbbottom\u00a0\u00bb animation_delay=\u00a0\u00bb200ms\u00a0\u00bb global_colors_info=\u00a0\u00bb{}\u00a0\u00bb][et_pb_image src=\u00a0\u00bbhttps:\/\/ra.cofrac.fr\/RA2022\/wp-content\/uploads\/2023\/06\/10-3.png\u00a0\u00bb title_text=\u00a0\u00bb10-3&Prime; align=\u00a0\u00bbright\u00a0\u00bb _builder_version=\u00a0\u00bb4.16&Prime; _module_preset=\u00a0\u00bbdefault\u00a0\u00bb custom_margin=\u00a0\u00bb-50px||||false|false\u00a0\u00bb global_colors_info=\u00a0\u00bb{}\u00a0\u00bb][\/et_pb_image][et_pb_text _builder_version=\u00a0\u00bb4.21.0&Prime; _module_preset=\u00a0\u00bbdefault\u00a0\u00bb background_enable_color=\u00a0\u00bboff\u00a0\u00bb text_orientation=\u00a0\u00bbjustified\u00a0\u00bb custom_padding=\u00a0\u00bb||||false|false\u00a0\u00bb global_colors_info=\u00a0\u00bb{}\u00a0\u00bb]<\/p>\n<h4>Faits marquants<\/h4>\n<p>La reprise amorc\u00e9e en 2021 des \u00e9valuations d\u2019extension s\u2019est confirm\u00e9e en 2022.<br \/>En effet, les laboratoires de biologie m\u00e9dicale (LBM) avaient jusqu\u2019\u00e0 l\u2019\u00e9ch\u00e9ance r\u00e9glementaire du 1er novembre 2021 pour d\u00e9poser une demande d\u2018extension correspondant aux comp\u00e9tences leur restant \u00e0 accr\u00e9diter au regard des crit\u00e8res d\u00e9finis dans l\u2019arr\u00eat\u00e9 du 16 juillet 2020 (d\u00e9finissant le cadre de l\u2019accr\u00e9ditation mentionn\u00e9e \u00e0 l\u2019article L.6221-1 du code de la sant\u00e9 publique).<br \/>A cette date, pr\u00e8s de 80% des LBM avaient une ou plusieurs demandes d\u2019extension en cours de traitement.<br \/>159 nouvelles demandes d\u2019extension ont \u00e9t\u00e9 d\u00e9pos\u00e9es en biologie m\u00e9dicale en 2022, pour de nouveaux sites, des comp\u00e9tences que les LBM souhaitaient dupliquer sur d\u2019autres sites ou pour de nouvelles comp\u00e9tences.<\/p>\n<p>En 2022, la section a enregistr\u00e9 8 nouvelles demandes initiales ou d\u2019extension en anatomie et cytologie pathologiques (ACP).<\/p>\n<p>L\u2019accr\u00e9ditation pour les examens de biologie m\u00e9dicale d\u00e9localis\u00e9s progresse quant \u00e0 elle avec 178 LBM accr\u00e9dit\u00e9s dont 99 \u00ab\u00a0hospitaliers\u00a0\u00bb (CH, CHU, GCS, CLCC, HIA) contre 142 l\u2019ann\u00e9e derni\u00e8re.<\/p>\n<p>Les \u00e9valuations p\u00e9riodiques des structures accr\u00e9dit\u00e9es se sont d\u00e9roul\u00e9es sur site, \u00e0 l\u2019exception de dix \u00e9valuations de surveillance de structures accr\u00e9dit\u00e9es selon la norme NF EN ISO 15189 qui se sont d\u00e9roul\u00e9es \u00e0 distance compte-tenu des contraintes sanitaires locales li\u00e9es la pand\u00e9mie de Covid-19 d\u00e9but 2022.<\/p>\n<p>Les regroupements des structures se sont poursuivis avec 34 r\u00e9siliations prononc\u00e9es en 2022.<\/p>\n<p>Le Cofrac a r\u00e9guli\u00e8rement \u00e9chang\u00e9 avec la Direction G\u00e9n\u00e9rale de la Sant\u00e9 et les Agences R\u00e9gionales de Sant\u00e9 sur l\u2019avancement de la d\u00e9marche d\u2019accr\u00e9ditation, les actions engag\u00e9es et les difficult\u00e9s rencontr\u00e9es.<\/p>\n<p>Le 24 novembre 2022, la section a organis\u00e9 son deuxi\u00e8me forum sur le th\u00e8me de \u00ab\u00a0l\u2019accr\u00e9ditation en sant\u00e9 humaine\u00a0: les \u00e9volutions\u00a0\u00bb sous un format\u00a0\u00ab\u00a0plateau TV\u00a0\u00bb. L\u2019occasion de donner la parole aux structures accr\u00e9dit\u00e9es, d\u2019obtenir leur retour d\u2019exp\u00e9riences sur l\u2019accr\u00e9ditation et de conna\u00eetre les prochaines \u00e9volutions de la norme ISO 15189.<br \/>Les participants ont pu d\u00e9couvrir les r\u00e9sultats d\u2019une \u00e9tude r\u00e9alis\u00e9e par l\u2019institut Kantar portant sur la perception de la d\u00e9marche d\u2019accr\u00e9ditation des LBM par un \u00e9chantillon national repr\u00e9sentatif d\u2019un millier de patients. Le Directeur G\u00e9n\u00e9ral de la Sant\u00e9 Adjoint, le docteur Gr\u00e9gory EMERY, est intervenu \u00e0 distance en fin d\u2019\u00e9v\u00e9nement pour faire un bilan de l\u2019accr\u00e9ditation dans le domaine de la Sant\u00e9 Humaine depuis le dernier forum. Les retours sont tr\u00e8s positifs et encourageants, tant sur le format que sur le programme.<\/p>\n<p>La section est \u00e9galement intervenue lors de plusieurs manifestations scientifiques et professionnelles en biologie m\u00e9dicale (BIOMED-J, JFBM, JIB).<\/p>\n<p>Le d\u00e9ploiement de l\u2019application Flexi+, permettant aux structures accr\u00e9dit\u00e9es en port\u00e9e flexible de g\u00e9rer en ligne et en temps r\u00e9el la liste d\u00e9taill\u00e9e de leurs examens\/analyses couverts par l\u2019accr\u00e9ditation ou demand\u00e9s \u00e0 l\u2019accr\u00e9ditation, s\u2019est poursuivi. Fin 2022, l\u2019ensemble des structures accr\u00e9dit\u00e9es avait acc\u00e8s \u00e0 Flexi+ et 54 % d\u2019entre elles avaient d\u00e9j\u00e0 publi\u00e9 leur port\u00e9e d\u00e9taill\u00e9e sur le site internet du Cofrac contre 11 % l\u2019an dernier.<\/p>\n<p>Comme l\u2019ann\u00e9e derni\u00e8re, le recrutement de nouveaux \u00e9valuateurs s\u2019est av\u00e9r\u00e9 tr\u00e8s difficile.<\/p>\n<p>Des formations d\u2019harmonisation en distanciel (module d\u2019e-learning et r\u00e9union en visioconf\u00e9rence), dont le fil conducteur fut le service m\u00e9dical rendu aux patients et aux prescripteurs, ont \u00e9t\u00e9 organis\u00e9es avec succ\u00e8s pour les \u00e9valuateurs techniques en biologie de la reproduction et de mani\u00e8re transversale en biologie m\u00e9dicale pour les \u00e9valuateurs qualiticiens et les \u00e9valuateurs techniques.<\/p>\n<p>Le Comit\u00e9 de section Sant\u00e9 Humaine et la Commission d\u2019accr\u00e9ditation ont \u00e9t\u00e9 renouvel\u00e9s dans le courant de l\u2019ann\u00e9e.<\/p>\n<p>[\/et_pb_text][et_pb_image src=\u00a0\u00bbhttps:\/\/ra.cofrac.fr\/RA2022\/wp-content\/uploads\/2023\/06\/11-1.png\u00a0\u00bb title_text=\u00a0\u00bb11-1&Prime; align=\u00a0\u00bbright\u00a0\u00bb _builder_version=\u00a0\u00bb4.16&Prime; _module_preset=\u00a0\u00bbdefault\u00a0\u00bb global_colors_info=\u00a0\u00bb{}\u00a0\u00bb][\/et_pb_image][\/et_pb_column][\/et_pb_row][\/et_pb_section][et_pb_section fb_built=\u00a0\u00bb1&Prime; module_id=\u00a0\u00bbInspection\u00a0\u00bb _builder_version=\u00a0\u00bb4.16&Prime; _module_preset=\u00a0\u00bbdefault\u00a0\u00bb background_color=\u00a0\u00bb#f2dec4&Prime; background_image=\u00a0\u00bbhttps:\/\/ra.cofrac.fr\/RA2022\/wp-content\/uploads\/2023\/06\/12-1.png\u00a0\u00bb background_size=\u00a0\u00bbinitial\u00a0\u00bb background_position=\u00a0\u00bbtop_left\u00a0\u00bb custom_padding=\u00a0\u00bb0px||0px|||\u00a0\u00bb animation_style=\u00a0\u00bbslide\u00a0\u00bb animation_direction=\u00a0\u00bbbottom\u00a0\u00bb global_colors_info=\u00a0\u00bb{}\u00a0\u00bb][et_pb_row column_structure=\u00a0\u00bb1_5,3_5,1_5&Prime; use_custom_gutter=\u00a0\u00bbon\u00a0\u00bb gutter_width=\u00a0\u00bb2&Prime; _builder_version=\u00a0\u00bb4.16&Prime; _module_preset=\u00a0\u00bbdefault\u00a0\u00bb animation_style=\u00a0\u00bbslide\u00a0\u00bb animation_direction=\u00a0\u00bbbottom\u00a0\u00bb global_colors_info=\u00a0\u00bb{}\u00a0\u00bb][et_pb_column type=\u00a0\u00bb1_5&Prime; _builder_version=\u00a0\u00bb4.16&Prime; _module_preset=\u00a0\u00bbdefault\u00a0\u00bb global_colors_info=\u00a0\u00bb{}\u00a0\u00bb][et_pb_image src=\u00a0\u00bbhttps:\/\/ra.cofrac.fr\/RA2022\/wp-content\/uploads\/2023\/06\/12-5.png\u00a0\u00bb alt=\u00a0\u00bb10-1&Prime; title_text=\u00a0\u00bb12-5&Prime; align=\u00a0\u00bbright\u00a0\u00bb _builder_version=\u00a0\u00bb4.16&Prime; _module_preset=\u00a0\u00bbdefault\u00a0\u00bb custom_margin=\u00a0\u00bb||||false|false\u00a0\u00bb custom_padding=\u00a0\u00bb10px||||false|false\u00a0\u00bb global_colors_info=\u00a0\u00bb{}\u00a0\u00bb][\/et_pb_image][\/et_pb_column][et_pb_column type=\u00a0\u00bb3_5&Prime; _builder_version=\u00a0\u00bb4.16&Prime; _module_preset=\u00a0\u00bbdefault\u00a0\u00bb global_colors_info=\u00a0\u00bb{}\u00a0\u00bb][et_pb_text _builder_version=\u00a0\u00bb4.16&Prime; _module_preset=\u00a0\u00bbdefault\u00a0\u00bb background_enable_color=\u00a0\u00bboff\u00a0\u00bb custom_margin=\u00a0\u00bb||||false|false\u00a0\u00bb custom_padding=\u00a0\u00bb0px||||false|false\u00a0\u00bb animation_direction=\u00a0\u00bbleft\u00a0\u00bb global_colors_info=\u00a0\u00bb{}\u00a0\u00bb]<\/p>\n<h1 class=\"inspection\">Inspection<\/h1>\n<p>[\/et_pb_text][\/et_pb_column][et_pb_column type=\u00a0\u00bb1_5&Prime; _builder_version=\u00a0\u00bb4.16&Prime; _module_preset=\u00a0\u00bbdefault\u00a0\u00bb global_colors_info=\u00a0\u00bb{}\u00a0\u00bb][\/et_pb_column][\/et_pb_row][et_pb_row column_structure=\u00a0\u00bb1_2,1_2&Prime; use_custom_gutter=\u00a0\u00bbon\u00a0\u00bb gutter_width=\u00a0\u00bb2&Prime; _builder_version=\u00a0\u00bb4.16&Prime; _module_preset=\u00a0\u00bbdefault\u00a0\u00bb custom_padding=\u00a0\u00bb0px||0px|||\u00a0\u00bb global_colors_info=\u00a0\u00bb{}\u00a0\u00bb][et_pb_column type=\u00a0\u00bb1_2&Prime; _builder_version=\u00a0\u00bb4.16&Prime; _module_preset=\u00a0\u00bbdefault\u00a0\u00bb background_enable_color=\u00a0\u00bboff\u00a0\u00bb custom_padding=\u00a0\u00bb||||false|false\u00a0\u00bb animation_style=\u00a0\u00bbslide\u00a0\u00bb animation_direction=\u00a0\u00bbbottom\u00a0\u00bb global_colors_info=\u00a0\u00bb{}\u00a0\u00bb][et_pb_text _builder_version=\u00a0\u00bb4.21.0&Prime; _module_preset=\u00a0\u00bbdefault\u00a0\u00bb background_enable_color=\u00a0\u00bboff\u00a0\u00bb custom_margin=\u00a0\u00bb||||false|false\u00a0\u00bb custom_padding=\u00a0\u00bb||||false|false\u00a0\u00bb animation_direction=\u00a0\u00bbleft\u00a0\u00bb global_colors_info=\u00a0\u00bb{}\u00a0\u00bb]<\/p>\n<p><span class=\"inspection typo titre\">812<\/span> entit\u00e9s accr\u00e9dit\u00e9es cumul\u00e9es au 31\/12 (couvrant <span class=\"inspection typo\">3 925<\/span> sites)<\/p>\n<p><span class=\"labo typo\">44<\/span> accr\u00e9ditations initiales<br \/>\n<span class=\"certification typo\">131<\/span> extensions d\u2019accr\u00e9ditation<br \/>\n<span class=\"sante typo\">741<\/span> \u00e9valuations men\u00e9es<\/p>\n<p>[\/et_pb_text][et_pb_image src=\u00a0\u00bbhttps:\/\/ra.cofrac.fr\/RA2022\/wp-content\/uploads\/2023\/06\/12-3.png\u00a0\u00bb title_text=\u00a0\u00bb12-3&Prime; _builder_version=\u00a0\u00bb4.16&Prime; _module_preset=\u00a0\u00bbdefault\u00a0\u00bb global_colors_info=\u00a0\u00bb{}\u00a0\u00bb][\/et_pb_image][et_pb_text _builder_version=\u00a0\u00bb4.16&Prime; _module_preset=\u00a0\u00bbdefault\u00a0\u00bb background_enable_color=\u00a0\u00bboff\u00a0\u00bb text_orientation=\u00a0\u00bbjustified\u00a0\u00bb custom_padding=\u00a0\u00bb||||false|false\u00a0\u00bb global_colors_info=\u00a0\u00bb{}\u00a0\u00bb]<\/p>\n<h4>D\u00e9veloppements<\/h4>\n<ul>\n<li>La v\u00e9rification des installations d\u2019a\u00e9ration et d\u2019assainissement des lieux de travail sur demande de l\u2019inspection du travail\u00a0;<\/li>\n<li>L\u2019\u00e9valuation externe des \u00e9tablissements et services sociaux et m\u00e9dicaux-sociaux en r\u00e9f\u00e9rence \u00e0 l\u2019article L312-1 du code de l\u2019action sociale et des familles selon le nouveau r\u00e9f\u00e9rentiel \u00e9tabli par la Haute Autorit\u00e9 de Sant\u00e9 (HAS)\u00a0;<\/li>\n<li>Le contr\u00f4le des structures provisoires et d\u00e9montables en application du Code de la Construction et de l\u2019Habitation\u00a0;<\/li>\n<li>L\u2019inspection des auberges collectives afin de permettre leur classement \u00e9toil\u00e9 en application du Code du Tourisme. <\/li>\n<li>La v\u00e9rification p\u00e9riodique d\u2019appareil respiratoire isolant \u00e0 circuit ouvert utilis\u00e9 en plong\u00e9e subaquatique\u00a0;<\/li>\n<li>L\u2019inspection des cultures et lots de tubercules de plants de pomme de terre pour la certification officielle <\/li>\n<\/ul>\n<p>[\/et_pb_text][et_pb_text _builder_version=\u00a0\u00bb4.16&Prime; _module_preset=\u00a0\u00bbdefault\u00a0\u00bb background_enable_color=\u00a0\u00bboff\u00a0\u00bb text_orientation=\u00a0\u00bbjustified\u00a0\u00bb custom_padding=\u00a0\u00bb||||false|false\u00a0\u00bb global_colors_info=\u00a0\u00bb{}\u00a0\u00bb]<\/p>\n<h4>International<\/h4>\n<p>Participation aux travaux de l\u2019Inspection Committee d\u2019European co-operation for Accreditation (EA) et de l\u2019International Laboratory Accreditation Cooperation (ILAC).<br \/>En tant que Team Leader d\u2019EA, participation \u00e0 une peer-evaluation d\u2019un organisme d\u2019accr\u00e9ditation europ\u00e9en.<br \/>Participation aux travaux du groupe de travail d\u00e9di\u00e9 du Certification Committee de l\u2019European co-operation for Accreditation (EA) ainsi qu\u2019aux travaux du groupe de travail \u00ab\u00a0D\u00e9veloppement durable\u00a0\u00bb de l\u2019International Accreditation Forum (IAF) dans le cadre la transition vers la norme ISO\/IEC 17029 des activit\u00e9s de v\u00e9rification des d\u00e9clarations d\u2019\u00e9mission de gaz \u00e0 effet de serre.<\/p>\n<p>[\/et_pb_text][et_pb_image src=\u00a0\u00bbhttps:\/\/ra.cofrac.fr\/RA2022\/wp-content\/uploads\/2023\/06\/13-2.png\u00a0\u00bb title_text=\u00a0\u00bb13-2&Prime; _builder_version=\u00a0\u00bb4.16&Prime; _module_preset=\u00a0\u00bbdefault\u00a0\u00bb global_colors_info=\u00a0\u00bb{}\u00a0\u00bb][\/et_pb_image][\/et_pb_column][et_pb_column type=\u00a0\u00bb1_2&Prime; _builder_version=\u00a0\u00bb4.16&Prime; _module_preset=\u00a0\u00bbdefault\u00a0\u00bb animation_style=\u00a0\u00bbslide\u00a0\u00bb animation_direction=\u00a0\u00bbbottom\u00a0\u00bb animation_delay=\u00a0\u00bb200ms\u00a0\u00bb global_colors_info=\u00a0\u00bb{}\u00a0\u00bb][et_pb_image src=\u00a0\u00bbhttps:\/\/ra.cofrac.fr\/RA2022\/wp-content\/uploads\/2023\/06\/12-2.png\u00a0\u00bb alt=\u00a0\u00bb10-3&Prime; title_text=\u00a0\u00bb12-2&Prime; _builder_version=\u00a0\u00bb4.16&Prime; _module_preset=\u00a0\u00bbdefault\u00a0\u00bb global_colors_info=\u00a0\u00bb{}\u00a0\u00bb][\/et_pb_image][et_pb_text _builder_version=\u00a0\u00bb4.21.0&Prime; _module_preset=\u00a0\u00bbdefault\u00a0\u00bb background_enable_color=\u00a0\u00bboff\u00a0\u00bb text_orientation=\u00a0\u00bbjustified\u00a0\u00bb custom_padding=\u00a0\u00bb||||false|false\u00a0\u00bb global_colors_info=\u00a0\u00bb{}\u00a0\u00bb]<\/p>\n<h4>Faits marquants<\/h4>\n<p>La croissance per\u00e7ue en fin d\u2019ann\u00e9e 2021 s\u2019est confirm\u00e9e en 2022 au sein de la section Inspection avec une hausse du nombre d\u2019entit\u00e9s accr\u00e9dit\u00e9es enregistrant une croissance de 7% sur deux ans.<br \/>Si le nombre d\u2019accr\u00e9ditations initiales est inf\u00e9rieur \u00e0 celui de l\u2019an pass\u00e9, le nombre d\u2019extensions d\u2019accr\u00e9ditations est en hausse de 44% par rapport \u00e0 2021.<\/p>\n<p>Le premier fait marquant est la d\u00e9livrance de 10 accr\u00e9ditations selon la nouvelle norme ISO\/IEC 17029 sur les 812 accr\u00e9ditations prononc\u00e9es sur l\u2019ann\u00e9e 2022.<br \/>Ces dix accr\u00e9ditations sont cons\u00e9cutives aux premi\u00e8res \u00e9valuations de transition de la norme ISO\/IEC 17020 vers la norme ISO\/IEC 17029 pour les organismes accr\u00e9dit\u00e9s pour la v\u00e9rification des d\u00e9clarations de performance extra-financi\u00e8re. La section a \u00e9galement d\u00e9livr\u00e9 8 accr\u00e9ditations pour la v\u00e9rification des d\u00e9clarations relatives \u00e0 l\u2019atteinte des objectifs des soci\u00e9t\u00e9s \u00ab\u00a0\u00e0 mission\u00a0\u00bb toujours selon la norme ISO\/IEC 17029.<\/p>\n<p>Le second fait marquant concerne les travaux men\u00e9s avec la Haute Autorit\u00e9 de Sant\u00e9 (HAS) pour le d\u00e9veloppement de l\u2019accr\u00e9ditation pour l\u2019\u00e9valuation de la qualit\u00e9 des Etablissements Sociaux et Services M\u00e9dico-sociaux (ESSMS). Ouverte en mai 2022, l\u2019accr\u00e9ditation dans ce domaine comptabilise \u00e0 ce jour plus d\u2019une centaine de demandes d\u2019accr\u00e9ditations initiale et quelques demandes d\u2019extension d\u2019accr\u00e9ditation. Les premi\u00e8res \u00e9valuations sont programm\u00e9es d\u00e9but 2023 d\u00e8s lors que les candidats auront d\u00e9marr\u00e9 leurs activit\u00e9s d\u2019\u00e9valuation des \u00e9tablissements vis\u00e9s.<\/p>\n<p>Parmi les autres r\u00e9alisations de 2022\u00a0: la cr\u00e9ation du document d\u2019exigences sp\u00e9cifiques (INS REF 33) relatif aux v\u00e9rifications des d\u00e9clarations d\u2019\u00e9missions de gaz \u00e0 effet de serre \u00e0 la suite du transfert de l\u2019activit\u00e9 de la section Certifications \u00e0 la section Inspection et \u00e0 la prise en compte des exigences de la norme ISO\/IEC 17029. Les premi\u00e8res \u00e9valuations dans ce domaine sont programm\u00e9es d\u00e9but 2023.<br \/>A noter \u00e9galement la cr\u00e9ation d\u2019un mode op\u00e9ratoire, regroupant toutes les fiches m\u00e9thodes destin\u00e9es \u00e0 faciliter et harmoniser le travail des \u00e9valuateurs \u00e0 la suite de la publication en 2021 du document INS REF 32 relatif \u00e0 l\u2019accr\u00e9ditation des organismes d\u2019inspection \u00e0 des fins de notification.<\/p>\n<p>Ces r\u00e9alisations s\u2019inscrivent dans un contexte difficile pour la section en termes de ressources, 4 responsables d\u2019accr\u00e9ditation et une assistante ayant quitt\u00e9 l\u2019\u00e9quipe. Si 4 personnes ont \u00e9t\u00e9 recrut\u00e9es et confirm\u00e9es dans leurs nouvelles fonctions, 4 postes de responsables d\u2019accr\u00e9ditation restent \u00e0 pourvoir fin 2022.<\/p>\n<p>Face \u00e0 cette situation, il a \u00e9t\u00e9 d\u00e9cid\u00e9 de cr\u00e9er un poste de responsable d\u2019accr\u00e9ditation \u00ab\u00a0transversal\u00a0\u00bb directement rattach\u00e9 \u00e0 la directrice de la section, afin de pouvoir disposer, le moment venu, d\u2019une ressource susceptible de prendre en charge les dossiers de la personne quittant le Cofrac le temps de recruter et de former le rempla\u00e7ant. Pourvu depuis le 1er octobre, ce poste a permis de soulager en partie l\u2019\u00e9quipe de la section. Cette action n\u2019\u00e9tant pas suffisante pour faire face \u00e0 la charge de travail, des r\u00e9flexions ont \u00e9t\u00e9 men\u00e9es afin de pouvoir faire appel \u00e0 une ressource du service Evaluateurs du Cofrac. Un \u00e9valuateur qualiticien formateur a ainsi \u00e9t\u00e9 form\u00e9 fin 2022 pour prendre en charge d\u00e8s janvier 2023 et pour une dur\u00e9e de 6 mois la gestion de certains dossiers le temps de pourvoir les postes encore vacants.<\/p>\n<p>[\/et_pb_text][et_pb_image src=\u00a0\u00bbhttps:\/\/ra.cofrac.fr\/RA2022\/wp-content\/uploads\/2023\/06\/13-3.png\u00a0\u00bb alt=\u00a0\u00bb10-5&Prime; title_text=\u00a0\u00bb13-3&Prime; align=\u00a0\u00bbright\u00a0\u00bb _builder_version=\u00a0\u00bb4.16&Prime; _module_preset=\u00a0\u00bbdefault\u00a0\u00bb custom_margin=\u00a0\u00bb-10px||-20px||false|false\u00a0\u00bb custom_padding=\u00a0\u00bb||||false|false\u00a0\u00bb global_colors_info=\u00a0\u00bb{}\u00a0\u00bb][\/et_pb_image][\/et_pb_column][\/et_pb_row][\/et_pb_section][et_pb_section fb_built=\u00a0\u00bb1&Prime; module_id=\u00a0\u00bbCertifications\u00a0\u00bb _builder_version=\u00a0\u00bb4.16&Prime; _module_preset=\u00a0\u00bbdefault\u00a0\u00bb background_color=\u00a0\u00bb#f2dec4&Prime; background_image=\u00a0\u00bbhttps:\/\/ra.cofrac.fr\/RA2022\/wp-content\/uploads\/2023\/06\/14-2.png\u00a0\u00bb background_size=\u00a0\u00bbinitial\u00a0\u00bb background_position=\u00a0\u00bbtop_left\u00a0\u00bb custom_padding=\u00a0\u00bb0px||0px|||\u00a0\u00bb animation_style=\u00a0\u00bbslide\u00a0\u00bb animation_direction=\u00a0\u00bbbottom\u00a0\u00bb global_colors_info=\u00a0\u00bb{}\u00a0\u00bb][et_pb_row column_structure=\u00a0\u00bb1_5,3_5,1_5&Prime; use_custom_gutter=\u00a0\u00bbon\u00a0\u00bb gutter_width=\u00a0\u00bb2&Prime; _builder_version=\u00a0\u00bb4.16&Prime; _module_preset=\u00a0\u00bbdefault\u00a0\u00bb animation_style=\u00a0\u00bbslide\u00a0\u00bb animation_direction=\u00a0\u00bbbottom\u00a0\u00bb global_colors_info=\u00a0\u00bb{}\u00a0\u00bb][et_pb_column type=\u00a0\u00bb1_5&Prime; _builder_version=\u00a0\u00bb4.16&Prime; _module_preset=\u00a0\u00bbdefault\u00a0\u00bb global_colors_info=\u00a0\u00bb{}\u00a0\u00bb][et_pb_image src=\u00a0\u00bbhttps:\/\/ra.cofrac.fr\/RA2022\/wp-content\/uploads\/2023\/06\/14-1.png\u00a0\u00bb alt=\u00a0\u00bb11-1&Prime; title_text=\u00a0\u00bb14-1&Prime; align=\u00a0\u00bbright\u00a0\u00bb _builder_version=\u00a0\u00bb4.16&Prime; _module_preset=\u00a0\u00bbdefault\u00a0\u00bb global_colors_info=\u00a0\u00bb{}\u00a0\u00bb][\/et_pb_image][\/et_pb_column][et_pb_column type=\u00a0\u00bb3_5&Prime; _builder_version=\u00a0\u00bb4.16&Prime; _module_preset=\u00a0\u00bbdefault\u00a0\u00bb global_colors_info=\u00a0\u00bb{}\u00a0\u00bb][et_pb_text _builder_version=\u00a0\u00bb4.16&Prime; _module_preset=\u00a0\u00bbdefault\u00a0\u00bb background_enable_color=\u00a0\u00bboff\u00a0\u00bb custom_margin=\u00a0\u00bb||||false|false\u00a0\u00bb custom_padding=\u00a0\u00bb9px||||false|false\u00a0\u00bb animation_direction=\u00a0\u00bbleft\u00a0\u00bb global_colors_info=\u00a0\u00bb{}\u00a0\u00bb]<\/p>\n<h1 class=\"certification\">Certifications<\/h1>\n<p>[\/et_pb_text][\/et_pb_column][et_pb_column type=\u00a0\u00bb1_5&Prime; _builder_version=\u00a0\u00bb4.16&Prime; _module_preset=\u00a0\u00bbdefault\u00a0\u00bb global_colors_info=\u00a0\u00bb{}\u00a0\u00bb][\/et_pb_column][\/et_pb_row][et_pb_row column_structure=\u00a0\u00bb1_2,1_2&Prime; use_custom_gutter=\u00a0\u00bbon\u00a0\u00bb gutter_width=\u00a0\u00bb2&Prime; make_equal=\u00a0\u00bbon\u00a0\u00bb _builder_version=\u00a0\u00bb4.21.0&Prime; _module_preset=\u00a0\u00bbdefault\u00a0\u00bb custom_padding=\u00a0\u00bb0px||0px|||\u00a0\u00bb global_colors_info=\u00a0\u00bb{}\u00a0\u00bb][et_pb_column type=\u00a0\u00bb1_2&Prime; _builder_version=\u00a0\u00bb4.16&Prime; _module_preset=\u00a0\u00bbdefault\u00a0\u00bb background_enable_color=\u00a0\u00bboff\u00a0\u00bb custom_padding=\u00a0\u00bb||||false|false\u00a0\u00bb animation_style=\u00a0\u00bbslide\u00a0\u00bb animation_direction=\u00a0\u00bbbottom\u00a0\u00bb global_colors_info=\u00a0\u00bb{}\u00a0\u00bb][et_pb_text _builder_version=\u00a0\u00bb4.21.0&Prime; _module_preset=\u00a0\u00bbdefault\u00a0\u00bb background_enable_color=\u00a0\u00bboff\u00a0\u00bb custom_margin=\u00a0\u00bb||||false|false\u00a0\u00bb custom_padding=\u00a0\u00bb||||false|false\u00a0\u00bb animation_direction=\u00a0\u00bbleft\u00a0\u00bb global_colors_info=\u00a0\u00bb{}\u00a0\u00bb]<\/p>\n<p><span class=\"certification typo titre\">208<\/span> entit\u00e9s accr\u00e9dit\u00e9es cumul\u00e9es au 31\/12 dont <span class=\"inspection typo\">6<\/span> \u00e0 l&rsquo;\u00e9tranger<\/p>\n<p><span class=\"bleu typo\">6<\/span> accr\u00e9ditations initiales<br \/>\n<span class=\"labo typo \">108<\/span> extensions d\u2019accr\u00e9ditation<br \/>\n<span class=\"sante typo\">678<\/span> \u00e9valuations men\u00e9es<\/p>\n<p>[\/et_pb_text][et_pb_image src=\u00a0\u00bbhttps:\/\/ra.cofrac.fr\/RA2022\/wp-content\/uploads\/2023\/06\/14-3.png\u00a0\u00bb title_text=\u00a0\u00bb14-3&Prime; align=\u00a0\u00bbright\u00a0\u00bb _builder_version=\u00a0\u00bb4.16&Prime; _module_preset=\u00a0\u00bbdefault\u00a0\u00bb custom_margin=\u00a0\u00bb-100px||||false|false\u00a0\u00bb global_colors_info=\u00a0\u00bb{}\u00a0\u00bb][\/et_pb_image][et_pb_image src=\u00a0\u00bbhttps:\/\/ra.cofrac.fr\/RA2022\/wp-content\/uploads\/2023\/06\/14-5.png\u00a0\u00bb alt=\u00a0\u00bb11-3&Prime; title_text=\u00a0\u00bb14-5&Prime; _builder_version=\u00a0\u00bb4.16&Prime; _module_preset=\u00a0\u00bbdefault\u00a0\u00bb global_colors_info=\u00a0\u00bb{}\u00a0\u00bb][\/et_pb_image][et_pb_text _builder_version=\u00a0\u00bb4.21.0&Prime; _module_preset=\u00a0\u00bbdefault\u00a0\u00bb background_enable_color=\u00a0\u00bboff\u00a0\u00bb text_orientation=\u00a0\u00bbjustified\u00a0\u00bb custom_padding=\u00a0\u00bb||||false|false\u00a0\u00bb global_colors_info=\u00a0\u00bb{}\u00a0\u00bb]<\/p>\n<h4>D\u00e9veloppements<\/h4>\n<ul>\n<li>Certification des cosm\u00e9tiques biologiques ou naturels selon COSMOS ;<\/li>\n<li>Certification des d\u00e9tergents et cosm\u00e9tiques sous \u00e9colabel europ\u00e9ens ;<\/li>\n<li>Marquage CE des fertilisants ;<\/li>\n<li>Certification des formations relatives \u00e0 la protection des donn\u00e9es personnelles ;<\/li>\n<li>Marquage CE des drones.<\/li>\n<\/ul>\n<p>[\/et_pb_text][et_pb_text _builder_version=\u00a0\u00bb4.16&Prime; _module_preset=\u00a0\u00bbdefault\u00a0\u00bb background_enable_color=\u00a0\u00bboff\u00a0\u00bb text_orientation=\u00a0\u00bbjustified\u00a0\u00bb custom_padding=\u00a0\u00bb||||false|false\u00a0\u00bb global_colors_info=\u00a0\u00bb{}\u00a0\u00bb]<\/p>\n<h4>International<\/h4>\n<p>Les travaux initi\u00e9s en 2021 au plan international au sujet des \u00e9valuations et audits \u00e0 distance, dur\u00e9es d\u2019audit, ou encore comportements frauduleux se sont poursuivis. De nouveaux travaux ont \u00e9t\u00e9 engag\u00e9s en 2022, notamment l\u2019\u00e9laboration d\u2019un document d\u2019exigences relatif \u00e0 la mise en \u0153uvre de la base de donn\u00e9es internationale des certificats de syst\u00e8mes de management et le lancement d\u2019un groupe de travail en charge de promouvoir la valeur de l\u2019accr\u00e9ditation dans le domaine du d\u00e9veloppement durable.<\/p>\n<p>Au niveau europ\u00e9en, la section participe \u00e0 de nombreux groupes de travail, notamment sur l\u2019application du \u00ab\u00a0Cyber Security Act\u00a0\u00bb et du projet d\u2019\u00ab\u00a0Artificial Intelligence Act\u00a0\u00bb.<\/p>\n<p>La section continue sa participation \u00e0 un groupe de travail du CASCO visant \u00e0 simplifier et clarifier l\u2019usage des r\u00e9f\u00e9rentiels d\u2019\u00e9valuation de la conformit\u00e9 pour les prescripteurs, en vue de promouvoir l\u2019activit\u00e9 d\u2019\u00e9valuation de la conformit\u00e9.<\/p>\n<p>&nbsp;<\/p>\n<p>[\/et_pb_text][et_pb_image src=\u00a0\u00bbhttps:\/\/ra.cofrac.fr\/RA2022\/wp-content\/uploads\/2023\/06\/15-1.png\u00a0\u00bb title_text=\u00a0\u00bb15-1&Prime; _builder_version=\u00a0\u00bb4.16&Prime; _module_preset=\u00a0\u00bbdefault\u00a0\u00bb global_colors_info=\u00a0\u00bb{}\u00a0\u00bb][\/et_pb_image][\/et_pb_column][et_pb_column type=\u00a0\u00bb1_2&Prime; _builder_version=\u00a0\u00bb4.16&Prime; _module_preset=\u00a0\u00bbdefault\u00a0\u00bb animation_style=\u00a0\u00bbslide\u00a0\u00bb animation_direction=\u00a0\u00bbbottom\u00a0\u00bb animation_delay=\u00a0\u00bb200ms\u00a0\u00bb global_colors_info=\u00a0\u00bb{}\u00a0\u00bb][et_pb_image src=\u00a0\u00bbhttps:\/\/ra.cofrac.fr\/RA2022\/wp-content\/uploads\/2023\/06\/14-4.png\u00a0\u00bb alt=\u00a0\u00bb11-2&Prime; title_text=\u00a0\u00bb14-4&Prime; align=\u00a0\u00bbright\u00a0\u00bb _builder_version=\u00a0\u00bb4.16&Prime; _module_preset=\u00a0\u00bbdefault\u00a0\u00bb custom_margin=\u00a0\u00bb-20px||-20px||false|false\u00a0\u00bb global_colors_info=\u00a0\u00bb{}\u00a0\u00bb][\/et_pb_image][et_pb_text _builder_version=\u00a0\u00bb4.21.0&Prime; _module_preset=\u00a0\u00bbdefault\u00a0\u00bb background_enable_color=\u00a0\u00bboff\u00a0\u00bb text_orientation=\u00a0\u00bbjustified\u00a0\u00bb custom_padding=\u00a0\u00bb||||false|false\u00a0\u00bb global_colors_info=\u00a0\u00bb{}\u00a0\u00bb]<\/p>\n<h4>Faits marquants<\/h4>\n<p>La section a connu une croissance d\u2019activit\u00e9 l\u00e8g\u00e8rement moindre en 2022 contrairement aux ann\u00e9es pr\u00e9c\u00e9dentes, le nombre d\u2019accr\u00e9ditations initiales est \u00e9galement en l\u00e9ger recul (3 % des organismes accr\u00e9dit\u00e9s).<br \/>Les extensions d\u2019accr\u00e9ditation concernent 24 % des organismes accr\u00e9dit\u00e9s. Elles sont majoritairement d\u00e9livr\u00e9es pour des r\u00e9f\u00e9rentiels de certification de syst\u00e8me de management (ISO 19443, ISO 45001, ISO 22000, ISO 9001, ISO 14001, etc.) et de processus\/services\/produits relevant du code de la consommation.<\/p>\n<p>La section a continu\u00e9 le suivi technique des dispositifs d\u2019accr\u00e9ditation, qu\u2019il s\u2019agisse du maintien de sch\u00e9mas existants, de leur \u00e9volution, d\u2019ajustements ou du d\u00e9veloppement de nouveaux dispositifs. Cette activit\u00e9 s\u2019est op\u00e9r\u00e9e en \u00e9troite coop\u00e9ration avec les prescripteurs concern\u00e9s.<br \/>Dans ce cadre, il a \u00e9t\u00e9 soulign\u00e9 les vuln\u00e9rabilit\u00e9s du dispositif d\u2019accr\u00e9ditation selon la norme NF X 50-091. Celui-ci s\u2019av\u00e8re en effet non conforme aux obligations des organismes nationaux d\u2019accr\u00e9ditation issues du r\u00e8glement CE 765\/2008, la norme sur laquelle il s\u2019appuie n\u2019\u00e9tant pas consid\u00e9r\u00e9e comme une norme harmonis\u00e9e. L\u2019accr\u00e9ditation selon la norme NF X 50-091 sera mise en extinction d\u2019ici fin 2023 selon le principe et les modalit\u00e9s d\u00e9finis par le Cofrac et les administrations concern\u00e9es.<\/p>\n<p>Parmi les autres r\u00e9alisations de 2022\u00a0: l\u2019accompagnement des pouvoirs publics dans la r\u00e9vision de dispositifs existants, notamment le r\u00e9f\u00e9rentiel QUALIOPI. Objectif\u00a0: pr\u00e9ciser certaines dispositions ou en \u00e9tablir de nouvelles afin de renforcer la robustesse du dispositif, au niveau de l\u2019accr\u00e9ditation et de la certification.<\/p>\n<p>La section a par ailleurs continu\u00e9 \u00e0 \u00eatre pleinement engag\u00e9e dans la transformation num\u00e9rique du processus d\u2019accr\u00e9ditation (mise en place de plus de fonctionnalit\u00e9s pour le processus d\u2019accr\u00e9ditation et des op\u00e9rations pilote sur le suivi des organismes et de la signature \u00e9lectronique), ainsi que dans les travaux du projet dit \u00ab Omega \u00bb relatif \u00e0 une plus grande individualisation des \u00e9valuations des organismes accr\u00e9dit\u00e9s au regard notamment des risques associ\u00e9s \u00e0 leurs activit\u00e9s.<\/p>\n<p>Le document d\u2019information\u00a0CERT INF 05 a \u00e9t\u00e9 \u00e9labor\u00e9 par un groupe de travail en 2022\u00a0: il rassemble les consignes et bonnes pratiques \u00e0 mettre en \u0153uvre par les organismes, les \u00e9valuateurs et la structure permanente pour un d\u00e9roulement optimal des observations d\u2019activit\u00e9 de certification couvertes par les normes ISO\/IEC 17021-1, ISO\/IEC 17024 et ISO\/IEC 17065 lors des phases de planification, pr\u00e9paration, d\u00e9roulement et rendu des r\u00e9sultats. Il permet une meilleure anticipation de la programmation des observations et r\u00e9pond au retour d\u2019exp\u00e9riences et difficult\u00e9s rencontr\u00e9es par les parties prenantes.<\/p>\n<p>\u00c0 la suite de la fusion des 3 commissions existantes en une seule, op\u00e9rationnelle d\u00e9but 2022, la section a r\u00e9install\u00e9 la commission d\u2019accr\u00e9ditation. Elle a tenu 8 r\u00e9unions \u00e0 distance et examin\u00e9 12 dossiers complexes. Il s\u2019agit d\u2019un bilan tr\u00e8s positif pour cette premi\u00e8re ann\u00e9e de fonctionnement.<\/p>\n<p>Il faut \u00e9galement souligner l\u2019implication de la section dans les commissions de normalisation AFNOR relatives \u00e0 l\u2019\u00e9valuation de la conformit\u00e9 (CN XA50) dont le Cofrac a la pr\u00e9sidence, l\u2019environnement et le changement climatique (CN 2EC), le management de l\u2019\u00e9nergie, la s\u00e9curit\u00e9 de l\u2019information, la protection des donn\u00e9es et de la vie priv\u00e9e (CN SSI) et la sant\u00e9 s\u00e9curit\u00e9 au travail (CS11).<\/p>\n<p>&nbsp;<\/p>\n<p>[\/et_pb_text][et_pb_image src=\u00a0\u00bbhttps:\/\/ra.cofrac.fr\/RA2022\/wp-content\/uploads\/2023\/06\/15-3.png\u00a0\u00bb title_text=\u00a0\u00bb15-3&Prime; align=\u00a0\u00bbright\u00a0\u00bb _builder_version=\u00a0\u00bb4.16&Prime; _module_preset=\u00a0\u00bbdefault\u00a0\u00bb global_colors_info=\u00a0\u00bb{}\u00a0\u00bb][\/et_pb_image][\/et_pb_column][\/et_pb_row][\/et_pb_section][et_pb_section fb_built=\u00a0\u00bb1&Prime; module_id=\u00a0\u00bbdeveloppement\u00a0\u00bb _builder_version=\u00a0\u00bb4.16&Prime; _module_preset=\u00a0\u00bbdefault\u00a0\u00bb background_color=\u00a0\u00bb#f2dec4&Prime; background_image=\u00a0\u00bbhttps:\/\/ra.cofrac.fr\/RA2022\/wp-content\/uploads\/2023\/06\/16-1.png\u00a0\u00bb background_size=\u00a0\u00bbcontain\u00a0\u00bb background_position=\u00a0\u00bbtop_left\u00a0\u00bb custom_padding=\u00a0\u00bb0px||0px|||\u00a0\u00bb animation_style=\u00a0\u00bbslide\u00a0\u00bb animation_direction=\u00a0\u00bbbottom\u00a0\u00bb global_colors_info=\u00a0\u00bb{}\u00a0\u00bb][et_pb_row use_custom_gutter=\u00a0\u00bbon\u00a0\u00bb gutter_width=\u00a0\u00bb2&Prime; _builder_version=\u00a0\u00bb4.16&Prime; _module_preset=\u00a0\u00bbdefault\u00a0\u00bb animation_style=\u00a0\u00bbslide\u00a0\u00bb animation_direction=\u00a0\u00bbbottom\u00a0\u00bb global_colors_info=\u00a0\u00bb{}\u00a0\u00bb][et_pb_column type=\u00a0\u00bb4_4&Prime; _builder_version=\u00a0\u00bb4.16&Prime; _module_preset=\u00a0\u00bbdefault\u00a0\u00bb global_colors_info=\u00a0\u00bb{}\u00a0\u00bb][et_pb_text _builder_version=\u00a0\u00bb4.16&Prime; _module_preset=\u00a0\u00bbdefault\u00a0\u00bb background_enable_color=\u00a0\u00bboff\u00a0\u00bb custom_margin=\u00a0\u00bb||||false|false\u00a0\u00bb custom_padding=\u00a0\u00bb9px||||false|false\u00a0\u00bb animation_direction=\u00a0\u00bbleft\u00a0\u00bb global_colors_info=\u00a0\u00bb{}\u00a0\u00bb]<\/p>\n<h1>D\u00e9veloppement embl\u00e9matique<\/h1>\n<h1 class=\"inspection\">Inspection<\/h1>\n<p>[\/et_pb_text][\/et_pb_column][\/et_pb_row][et_pb_row column_structure=\u00a0\u00bb1_2,1_2&Prime; use_custom_gutter=\u00a0\u00bbon\u00a0\u00bb gutter_width=\u00a0\u00bb2&Prime; _builder_version=\u00a0\u00bb4.16&Prime; _module_preset=\u00a0\u00bbdefault\u00a0\u00bb custom_padding=\u00a0\u00bb0px||0px|||\u00a0\u00bb global_colors_info=\u00a0\u00bb{}\u00a0\u00bb][et_pb_column type=\u00a0\u00bb1_2&Prime; _builder_version=\u00a0\u00bb4.16&Prime; _module_preset=\u00a0\u00bbdefault\u00a0\u00bb background_enable_color=\u00a0\u00bboff\u00a0\u00bb custom_padding=\u00a0\u00bb||||false|false\u00a0\u00bb animation_style=\u00a0\u00bbslide\u00a0\u00bb animation_direction=\u00a0\u00bbbottom\u00a0\u00bb global_colors_info=\u00a0\u00bb{}\u00a0\u00bb][et_pb_text _builder_version=\u00a0\u00bb4.16&Prime; _module_preset=\u00a0\u00bbdefault\u00a0\u00bb background_enable_color=\u00a0\u00bboff\u00a0\u00bb text_orientation=\u00a0\u00bbjustified\u00a0\u00bb custom_padding=\u00a0\u00bb||||false|false\u00a0\u00bb global_colors_info=\u00a0\u00bb{}\u00a0\u00bb]<\/p>\n<p><strong>L\u2019ouverture de l\u2019accr\u00e9ditation pour les organismes d\u2019inspection charg\u00e9s de l\u2019\u00e9valuation des \u00e9tablissements et services sociaux et m\u00e9dico-sociaux (ESSMS) !<\/strong><\/p>\n<p>Responsable de ce nouveau dispositif, la HAS (Haute Autorit\u00e9 de Sant\u00e9), souhaite que l\u2019\u00e9valuation de la qualit\u00e9 des ESSMS ayant pour objet d\u2019appr\u00e9cier la qualit\u00e9 des prestations d\u00e9livr\u00e9es aux personnes accompagn\u00e9es soit r\u00e9alis\u00e9e tous les 5 ans par un organisme d\u2019inspection accr\u00e9dit\u00e9.<\/p>\n<p>Le 16 mai 2022, le Cofrac ouvre l\u2019accr\u00e9ditation aux organismes d\u2019inspection selon la norme ISO\/IEC 17020. Pour r\u00e9pondre \u00e0 la sp\u00e9cificit\u00e9 pr\u00e9vue dans le d\u00e9cret, \u00e0 savoir une phase d\u2019amor\u00e7age permettant aux organismes de commencer \u00e0 \u00e9valuer les ESSMS d\u00e8s lors qu\u2019ils seront formellement engag\u00e9s dans une d\u00e9marche d\u2019accr\u00e9ditation, le Cofrac a mis en \u0153uvre une proc\u00e9dure en deux phases : <\/p>\n<ul>\n<li>La recevabilit\u00e9 (administrative et op\u00e9rationnelle) de la demande \u00e0 l\u2019issue de laquelle le Cofrac d\u00e9livre ou non une recevabilit\u00e9 op\u00e9rationnelle favorable. Cette notification permet \u00e0 l\u2019organisme, dans l\u2019attente de son accr\u00e9ditation, de s\u2019enregistrer sur la plateforme Syna\u00e9 et de commencer \u00e0 \u00e9valuer les ESSMS ; <\/li>\n<li>L\u2019\u00e9valuation par le Cofrac, d\u00e9clench\u00e9e apr\u00e8s que l\u2019organisme a r\u00e9alis\u00e9 au moins une prestation d\u2019\u00e9valuation d\u2019un ESSMS selon le nouveau r\u00e9f\u00e9rentiel. Cette \u00e9valuation par le Cofrac consiste \u00e0 \u00e9valuer l\u2019organisation, les comp\u00e9tences et l\u2019impartialit\u00e9 de l\u2019organisme d\u2019inspection. Cette \u00e9valuation se d\u00e9roule dans les locaux de l\u2019organisme et comprend \u00e9galement l\u2019observation d\u2019une prestation d\u2019\u00e9valuation r\u00e9alis\u00e9e au sein d\u2019un ESSMS. Si l\u2019examen du rapport remis par l\u2019\u00e9quipe d\u2019\u00e9valuateurs du Cofrac d\u00e9bouche sur une d\u00e9cision favorable, l\u2019accr\u00e9ditation est d\u00e9livr\u00e9e.<\/li>\n<\/ul>\n<p>\u00c0 partir de la date de la recevabilit\u00e9 op\u00e9rationnelle, l\u2019organisme dispose d\u2019un d\u00e9lai de 18 mois maximum pour obtenir son accr\u00e9ditation.<\/p>\n<p>[\/et_pb_text][et_pb_image src=\u00a0\u00bbhttps:\/\/ra.cofrac.fr\/RA2022\/wp-content\/uploads\/2023\/06\/16-3.png\u00a0\u00bb alt=\u00a0\u00bb11-3&Prime; title_text=\u00a0\u00bb16-3&Prime; _builder_version=\u00a0\u00bb4.16&Prime; _module_preset=\u00a0\u00bbdefault\u00a0\u00bb global_colors_info=\u00a0\u00bb{}\u00a0\u00bb][\/et_pb_image][\/et_pb_column][et_pb_column type=\u00a0\u00bb1_2&Prime; _builder_version=\u00a0\u00bb4.16&Prime; _module_preset=\u00a0\u00bbdefault\u00a0\u00bb animation_style=\u00a0\u00bbslide\u00a0\u00bb animation_direction=\u00a0\u00bbbottom\u00a0\u00bb animation_delay=\u00a0\u00bb200ms\u00a0\u00bb global_colors_info=\u00a0\u00bb{}\u00a0\u00bb][et_pb_image src=\u00a0\u00bbhttps:\/\/ra.cofrac.fr\/RA2022\/wp-content\/uploads\/2023\/06\/16-2.png\u00a0\u00bb title_text=\u00a0\u00bb16-2&Prime; align=\u00a0\u00bbright\u00a0\u00bb _builder_version=\u00a0\u00bb4.16&Prime; _module_preset=\u00a0\u00bbdefault\u00a0\u00bb global_colors_info=\u00a0\u00bb{}\u00a0\u00bb][\/et_pb_image][\/et_pb_column][\/et_pb_row][\/et_pb_section][et_pb_section fb_built=\u00a0\u00bb1&Prime; module_id=\u00a0\u00bbaccreditation\u00a0\u00bb _builder_version=\u00a0\u00bb4.16&Prime; _module_preset=\u00a0\u00bbdefault\u00a0\u00bb background_color=\u00a0\u00bb#f2dec4&Prime; background_image=\u00a0\u00bbhttps:\/\/ra.cofrac.fr\/RA2022\/wp-content\/uploads\/2023\/06\/17-1.png\u00a0\u00bb background_size=\u00a0\u00bbcontain\u00a0\u00bb background_position=\u00a0\u00bbtop_left\u00a0\u00bb custom_padding=\u00a0\u00bb0px||0px|||\u00a0\u00bb animation_style=\u00a0\u00bbslide\u00a0\u00bb animation_direction=\u00a0\u00bbbottom\u00a0\u00bb global_colors_info=\u00a0\u00bb{}\u00a0\u00bb][et_pb_row use_custom_gutter=\u00a0\u00bbon\u00a0\u00bb gutter_width=\u00a0\u00bb2&Prime; _builder_version=\u00a0\u00bb4.16&Prime; _module_preset=\u00a0\u00bbdefault\u00a0\u00bb animation_style=\u00a0\u00bbslide\u00a0\u00bb animation_direction=\u00a0\u00bbbottom\u00a0\u00bb global_colors_info=\u00a0\u00bb{}\u00a0\u00bb][et_pb_column type=\u00a0\u00bb4_4&Prime; _builder_version=\u00a0\u00bb4.16&Prime; _module_preset=\u00a0\u00bbdefault\u00a0\u00bb global_colors_info=\u00a0\u00bb{}\u00a0\u00bb][et_pb_text _builder_version=\u00a0\u00bb4.16&Prime; _module_preset=\u00a0\u00bbdefault\u00a0\u00bb background_enable_color=\u00a0\u00bboff\u00a0\u00bb custom_margin=\u00a0\u00bb||||false|false\u00a0\u00bb custom_padding=\u00a0\u00bb9px||||false|false\u00a0\u00bb animation_direction=\u00a0\u00bbleft\u00a0\u00bb global_colors_info=\u00a0\u00bb{}\u00a0\u00bb]<\/p>\n<h1>D\u00e9veloppement embl\u00e9matique<\/h1>\n<h1 class=\"certification\">Certification<\/h1>\n<p>[\/et_pb_text][et_pb_image src=\u00a0\u00bbhttps:\/\/ra.cofrac.fr\/RA2022\/wp-content\/uploads\/2023\/06\/17-2.png\u00a0\u00bb title_text=\u00a0\u00bb17-2&Prime; _builder_version=\u00a0\u00bb4.16&Prime; _module_preset=\u00a0\u00bbdefault\u00a0\u00bb custom_margin=\u00a0\u00bb-80px||-30px||false|false\u00a0\u00bb global_colors_info=\u00a0\u00bb{}\u00a0\u00bb][\/et_pb_image][\/et_pb_column][\/et_pb_row][et_pb_row column_structure=\u00a0\u00bb1_2,1_2&Prime; use_custom_gutter=\u00a0\u00bbon\u00a0\u00bb gutter_width=\u00a0\u00bb2&Prime; _builder_version=\u00a0\u00bb4.16&Prime; _module_preset=\u00a0\u00bbdefault\u00a0\u00bb custom_padding=\u00a0\u00bb0px|||||\u00a0\u00bb global_colors_info=\u00a0\u00bb{}\u00a0\u00bb][et_pb_column type=\u00a0\u00bb1_2&Prime; _builder_version=\u00a0\u00bb4.16&Prime; _module_preset=\u00a0\u00bbdefault\u00a0\u00bb background_enable_color=\u00a0\u00bboff\u00a0\u00bb custom_padding=\u00a0\u00bb||||false|false\u00a0\u00bb animation_style=\u00a0\u00bbslide\u00a0\u00bb animation_direction=\u00a0\u00bbbottom\u00a0\u00bb global_colors_info=\u00a0\u00bb{}\u00a0\u00bb][et_pb_text _builder_version=\u00a0\u00bb4.21.0&Prime; _module_preset=\u00a0\u00bbdefault\u00a0\u00bb background_enable_color=\u00a0\u00bboff\u00a0\u00bb text_orientation=\u00a0\u00bbjustified\u00a0\u00bb custom_padding=\u00a0\u00bb||||false|false\u00a0\u00bb global_colors_info=\u00a0\u00bb{}\u00a0\u00bb]<\/p>\n<p><strong>L\u2019accr\u00e9ditation dans le domaine des cosm\u00e9tiques bio et naturels selon le r\u00e9f\u00e9rentiel Cosmos<\/strong><\/p>\n<p>Mis en place pour r\u00e9pondre \u00e0 une tr\u00e8s forte demande du march\u00e9, le r\u00e9f\u00e9rentiel de certification Cosmos s\u2019applique aux cosm\u00e9tiques et aux mati\u00e8res premi\u00e8res destin\u00e9es \u00e0 \u00eatre utilis\u00e9es dans ces produits garantissant aux consommateurs de v\u00e9ritables produits bio et naturels.<\/p>\n<p>La certification Cosmos concerne quatre cat\u00e9gories diff\u00e9rentes\u00a0:<br \/><strong>\u00ab\u00a0COSMOS ORGANIC\u00a0\u00bb<\/strong> pour les cosm\u00e9tiques biologiques, avec une certification des fabricants de cosm\u00e9tiques et de leurs sous-traitants,<br \/><strong>\u00ab\u00a0COSMOS NATURAL\u00a0\u00bb<\/strong> pour les cosm\u00e9tiques naturels, avec une certification des fabricants de cosm\u00e9tiques et de leurs sous-traitants,<br \/><strong>\u00ab\u00a0COSMOS CERTIFIED \u00bb<\/strong> pour une certification des fournisseurs des entreprises cosm\u00e9tiques qui les approvisionnent en mati\u00e8res premi\u00e8res et en ingr\u00e9dients bio,<br \/><strong>\u00ab\u00a0COSMOS APPROVED\u00a0\u00bb<\/strong> pour une certification des fournisseurs des entreprises cosm\u00e9tiques qui les approvisionnent en mati\u00e8res premi\u00e8res et en ingr\u00e9dients, lorsque celles-ci ne sont pas bio.<\/p>\n<p>Depuis plusieurs ann\u00e9es, l\u2019association Cosmos souhaitait s\u2019appuyer sur des organismes accr\u00e9dit\u00e9s pour la certification. Etant d\u00e9livr\u00e9e par plusieurs certificateurs, et ce, dans de multiples pays, une d\u00e9marche de reconnaissance a \u00e9t\u00e9 lanc\u00e9e par EA (European co-operation for Accreditation) aupr\u00e8s de ses membres en 2016.<br \/>Le Cofrac a alors \u00e9t\u00e9 d\u00e9sign\u00e9 comme organisme accr\u00e9diteur r\u00e9f\u00e9rent pour effectuer l\u2019analyse du r\u00e9f\u00e9rentiel et \u00eatre l\u2019interlocuteur de l\u2019association au nom de l\u2019ensemble des organismes d\u2019accr\u00e9ditation europ\u00e9ens. A la suite de nombreux \u00e9changes avec l\u2019association, le p\u00e9rim\u00e8tre de certification a \u00e9t\u00e9 clarifi\u00e9. Le Cofrac a alors transmis son analyse au secr\u00e9tariat d\u2019EA pour consultation aupr\u00e8s de tous les membres.<br \/>En 2021, le sch\u00e9ma a \u00e9t\u00e9 reconnu par EA comme conforme aux r\u00e8gles d\u2019accr\u00e9ditation.<br \/>En France, le dispositif d\u2019accr\u00e9ditation selon la norme ISO\/IEC 17065 a \u00e9t\u00e9 ouvert le 1er avril 2022 par la section Certifications.<\/p>\n<p>[\/et_pb_text][\/et_pb_column][et_pb_column type=\u00a0\u00bb1_2&Prime; _builder_version=\u00a0\u00bb4.16&Prime; _module_preset=\u00a0\u00bbdefault\u00a0\u00bb animation_style=\u00a0\u00bbslide\u00a0\u00bb animation_direction=\u00a0\u00bbbottom\u00a0\u00bb animation_delay=\u00a0\u00bb200ms\u00a0\u00bb global_colors_info=\u00a0\u00bb{}\u00a0\u00bb][et_pb_image src=\u00a0\u00bbhttps:\/\/ra.cofrac.fr\/RA2022\/wp-content\/uploads\/2023\/06\/17-3.png\u00a0\u00bb title_text=\u00a0\u00bb17-3&Prime; align=\u00a0\u00bbright\u00a0\u00bb _builder_version=\u00a0\u00bb4.16&Prime; _module_preset=\u00a0\u00bbdefault\u00a0\u00bb global_colors_info=\u00a0\u00bb{}\u00a0\u00bb][\/et_pb_image][\/et_pb_column][\/et_pb_row][\/et_pb_section][et_pb_section fb_built=\u00a0\u00bb1&Prime; module_id=\u00a0\u00bbevaluateurs\u00a0\u00bb _builder_version=\u00a0\u00bb4.16&Prime; _module_preset=\u00a0\u00bbdefault\u00a0\u00bb background_color=\u00a0\u00bb#f2dec4&Prime; background_image=\u00a0\u00bbhttps:\/\/ra.cofrac.fr\/RA2022\/wp-content\/uploads\/2023\/06\/18-1.png\u00a0\u00bb background_size=\u00a0\u00bbinitial\u00a0\u00bb background_position=\u00a0\u00bbtop_left\u00a0\u00bb custom_padding=\u00a0\u00bb0px||0px|||\u00a0\u00bb animation_style=\u00a0\u00bbslide\u00a0\u00bb animation_direction=\u00a0\u00bbbottom\u00a0\u00bb global_colors_info=\u00a0\u00bb{}\u00a0\u00bb][et_pb_row use_custom_gutter=\u00a0\u00bbon\u00a0\u00bb gutter_width=\u00a0\u00bb2&Prime; _builder_version=\u00a0\u00bb4.16&Prime; _module_preset=\u00a0\u00bbdefault\u00a0\u00bb animation_style=\u00a0\u00bbslide\u00a0\u00bb animation_direction=\u00a0\u00bbbottom\u00a0\u00bb global_colors_info=\u00a0\u00bb{}\u00a0\u00bb][et_pb_column type=\u00a0\u00bb4_4&Prime; _builder_version=\u00a0\u00bb4.16&Prime; _module_preset=\u00a0\u00bbdefault\u00a0\u00bb global_colors_info=\u00a0\u00bb{}\u00a0\u00bb][et_pb_text _builder_version=\u00a0\u00bb4.16&Prime; _module_preset=\u00a0\u00bbdefault\u00a0\u00bb background_enable_color=\u00a0\u00bboff\u00a0\u00bb custom_margin=\u00a0\u00bb||||false|false\u00a0\u00bb custom_padding=\u00a0\u00bb35px||||false|false\u00a0\u00bb animation_direction=\u00a0\u00bbleft\u00a0\u00bb global_colors_info=\u00a0\u00bb{}\u00a0\u00bb]<\/p>\n<h1>Les \u00e9valuateurs du Cofrac<\/h1>\n<p>[\/et_pb_text][\/et_pb_column][\/et_pb_row][et_pb_row column_structure=\u00a0\u00bb1_2,1_2&Prime; use_custom_gutter=\u00a0\u00bbon\u00a0\u00bb gutter_width=\u00a0\u00bb2&Prime; _builder_version=\u00a0\u00bb4.16&Prime; _module_preset=\u00a0\u00bbdefault\u00a0\u00bb custom_padding=\u00a0\u00bb0px||0px|||\u00a0\u00bb global_colors_info=\u00a0\u00bb{}\u00a0\u00bb][et_pb_column type=\u00a0\u00bb1_2&Prime; _builder_version=\u00a0\u00bb4.16&Prime; _module_preset=\u00a0\u00bbdefault\u00a0\u00bb background_enable_color=\u00a0\u00bboff\u00a0\u00bb custom_padding=\u00a0\u00bb||||false|false\u00a0\u00bb animation_style=\u00a0\u00bbslide\u00a0\u00bb animation_direction=\u00a0\u00bbbottom\u00a0\u00bb global_colors_info=\u00a0\u00bb{}\u00a0\u00bb][et_pb_text _builder_version=\u00a0\u00bb4.21.0&Prime; _module_preset=\u00a0\u00bbdefault\u00a0\u00bb background_enable_color=\u00a0\u00bboff\u00a0\u00bb custom_margin=\u00a0\u00bb||||false|false\u00a0\u00bb custom_padding=\u00a0\u00bb||||false|false\u00a0\u00bb animation_direction=\u00a0\u00bbleft\u00a0\u00bb global_colors_info=\u00a0\u00bb{}\u00a0\u00bb]<\/p>\n<h4>Qualifications initiales<\/h4>\n<p><span class=\"labo typo\">11<\/span> pour les \u00e9valuateurs qualiticiens (idem 2019)<br \/><span class=\"bleu typo\">111<\/span> pour les \u00e9valuateurs techniques<\/p>\n<h4>Renouvellements de qualification<\/h4>\n<p><span class=\"certification typo\">129<\/span> pour les \u00e9valuateurs qualiticiens<br \/><span class=\"inspection typo\">245<\/span> pour les \u00e9valuateurs techniques<\/p>\n<h4>Extensions de qualification<\/h4>\n<p><span class=\"sante typo\">8<\/span> pour les \u00e9valuateurs qualiticiens<br \/><span class=\"certification typo \">79<\/span> pour les \u00e9valuateurs techniques<\/p>\n<h4>Supervisions<\/h4>\n<p><span class=\"bleu typo \">107<\/span> pour les \u00e9valuateurs qualiticiens<\/p>\n<p>[\/et_pb_text][et_pb_image src=\u00a0\u00bbhttps:\/\/ra.cofrac.fr\/RA2022\/wp-content\/uploads\/2023\/06\/18-2.png\u00a0\u00bb title_text=\u00a0\u00bb18-2&Prime; align=\u00a0\u00bbright\u00a0\u00bb _builder_version=\u00a0\u00bb4.16&Prime; _module_preset=\u00a0\u00bbdefault\u00a0\u00bb global_colors_info=\u00a0\u00bb{}\u00a0\u00bb][\/et_pb_image][et_pb_text _builder_version=\u00a0\u00bb4.21.0&Prime; _module_preset=\u00a0\u00bbdefault\u00a0\u00bb background_enable_color=\u00a0\u00bboff\u00a0\u00bb text_orientation=\u00a0\u00bbjustified\u00a0\u00bb custom_padding=\u00a0\u00bb||||false|false\u00a0\u00bb global_colors_info=\u00a0\u00bb{}\u00a0\u00bb][\/et_pb_text][\/et_pb_column][et_pb_column type=\u00a0\u00bb1_2&Prime; _builder_version=\u00a0\u00bb4.16&Prime; _module_preset=\u00a0\u00bbdefault\u00a0\u00bb animation_style=\u00a0\u00bbslide\u00a0\u00bb animation_direction=\u00a0\u00bbbottom\u00a0\u00bb animation_delay=\u00a0\u00bb200ms\u00a0\u00bb global_colors_info=\u00a0\u00bb{}\u00a0\u00bb][et_pb_text _builder_version=\u00a0\u00bb4.21.0&Prime; _module_preset=\u00a0\u00bbdefault\u00a0\u00bb background_enable_color=\u00a0\u00bboff\u00a0\u00bb text_orientation=\u00a0\u00bbjustified\u00a0\u00bb custom_padding=\u00a0\u00bb30px||||false|false\u00a0\u00bb global_colors_info=\u00a0\u00bb{}\u00a0\u00bb]<\/p>\n<p>Apr\u00e8s deux ann\u00e9es marqu\u00e9es par la crise sanitaire et la r\u00e9alisation de nombreuses \u00e9valuations \u00e0 distance, la situation s\u2019est normalis\u00e9e en 2022, les \u00e9valuations ayant \u2013 \u00e0 quelques exceptions pr\u00e8s \u2013 de nouveau lieu sur site.<\/p>\n<p>La section Certifications a organis\u00e9 3 formations d\u2019\u00e9valuateurs techniques et 7 r\u00e9unions d\u2019harmonisation des pratiques techniques.<\/p>\n<p>Pour faire face \u00e0 la croissance de l\u2019activit\u00e9 en inspection, 19 personnes ont \u00e9t\u00e9 recrut\u00e9s et form\u00e9s \u00e0 la norme NF EN ISO\/IEC 17020, puis qualifi\u00e9es en tant qu\u2019\u00e9valuateurs qualiticiens juniors sur ce r\u00e9f\u00e9rentiel. 4 sessions de formation \u00e0 la norme NF EN ISO\/IEC 17020 ont par ailleurs d\u00e9bouch\u00e9 sur la qualification de 35 nouveaux \u00e9valuateurs techniques dans des domaines techniques tr\u00e8s vari\u00e9s.<\/p>\n<p>En juin 2022, la section Inspection a renou\u00e9 avec la pratique de r\u00e9unir en mode pr\u00e9sentiel tous les \u00e9valuateurs qualiticiens responsables d\u2019\u00e9valuation de la section afin d\u2019harmoniser les pratiques en mati\u00e8re d\u2019\u00e9valuation. Plusieurs r\u00e9unions ont par ailleurs \u00e9t\u00e9 organis\u00e9es avec les \u00e9valuateurs techniques et en pr\u00e9sence des prescripteurs des accr\u00e9ditations afin, notamment, d\u2019harmoniser les pratiques en mati\u00e8re d\u2019\u00e9valuation des d\u00e9ficits d\u2019int\u00e9grit\u00e9 et de plus-value apport\u00e9e par l\u2019accr\u00e9ditation dans des domaines d\u2019activit\u00e9 tr\u00e8s vari\u00e9s.<\/p>\n<p>Outre l\u2019organisation de plusieurs sessions de formation aux fonctions d\u2019\u00e9valuateur technique, d\u2019\u00e9valuateur technique responsable d\u2019\u00e9valuation et d\u2019\u00e9valuateur qualiticien sur la norme NF EN ISO\/IEC 17025, de nombreuses r\u00e9unions d\u2019harmonisation pour les \u00e9valuateurs techniques ont \u00e9galement eu lieu en section Laboratoires.<\/p>\n<p>C\u00f4t\u00e9 section Sant\u00e9 Humaine, le recrutement de nouveaux \u00e9valuateurs s\u2019est une nouvelle fois av\u00e9r\u00e9 tr\u00e8s difficile. Seulement 18 nouvelles candidatures \u00e0 la fonction d\u2019\u00e9valuateur technique ont ainsi \u00e9t\u00e9 re\u00e7ues, 11 \u00e9tant issues de professionnels en exercice au sein d\u2019\u00e9tablissements hospitaliers. Une vingtaine d\u2019\u00e9valuateurs techniques ont par ailleurs d\u00e9cid\u00e9 d\u2019arr\u00eater leur activit\u00e9 d\u2019\u00e9valuation en 2022. Sur la p\u00e9riode, de nouvelles actions pour recruter des \u00e9valuateurs techniques ont \u00e9t\u00e9 engag\u00e9es dans des secteurs tr\u00e8s sp\u00e9cialis\u00e9s de la biologie m\u00e9dicale (g\u00e9n\u00e9tique constitutionnelle et somatique, immunologie cellulaire sp\u00e9cialis\u00e9e et histocompatibilit\u00e9, examens par NGS en microbiologie, etc.) et pour l\u2019ACP.<\/p>\n<p>Dans la continuit\u00e9 du retour d\u2019exp\u00e9rience r\u00e9alis\u00e9 l\u2019an dernier aupr\u00e8s des \u00e9valuateurs qualiticiens responsables d\u2019\u00e9valuation habilit\u00e9s \u00ab\u00a0m\u00e9trologie d\u00e9di\u00e9e\u00a0\u00bb sp\u00e9cifiquement mandat\u00e9s pour l\u2019\u00e9valuation de la tra\u00e7abilit\u00e9 m\u00e9trologique lorsque les \u00e9talonnages sont r\u00e9alis\u00e9s suivant les voies 3-Interne et 3-Externe, le Cofrac a notamment fait \u00e9voluer son organisation avec la mise en place d\u2019un r\u00e9seau m\u00e9trologie associant des repr\u00e9sentants d\u2019une partie des sections et services. Objectif\u00a0: apporter un support aux sections pour les questions li\u00e9es \u00e0 la m\u00e9trologie et veiller \u00e0 l\u2019harmonisation des positions sur le sujet, et notamment \u00e0 l\u2019harmonisation de l\u2019application du document GEN REF 10. Les travaux de ce r\u00e9seau ont d\u00e9marr\u00e9 et d\u00e9boucheront sur des r\u00e9alisations concr\u00e8tes en 2023.<\/p>\n<p>Enfin, une enqu\u00eate concernant l\u2019\u00e9valuation des syst\u00e8mes d\u2019information a \u00e9t\u00e9 lanc\u00e9e d\u00e9but 2022 aupr\u00e8s des \u00e9valuateurs qualiticiens pour faire un point sur la prise en compte du GEN GTA 02 et d\u00e9gager d\u2019\u00e9ventuelles pistes d\u2019harmonisation. Les conclusions ont permis d\u2019\u00e9tablir un plan d\u2019actions avec des \u00e9ch\u00e9ances en 2023.<\/p>\n<p>[\/et_pb_text][et_pb_image src=\u00a0\u00bbhttps:\/\/ra.cofrac.fr\/RA2022\/wp-content\/uploads\/2023\/06\/18-3.png\u00a0\u00bb alt=\u00a0\u00bb12-3&Prime; title_text=\u00a0\u00bb18-3&Prime; _builder_version=\u00a0\u00bb4.16&Prime; _module_preset=\u00a0\u00bbdefault\u00a0\u00bb custom_margin=\u00a0\u00bb|||60px|false|false\u00a0\u00bb global_colors_info=\u00a0\u00bb{}\u00a0\u00bb][\/et_pb_image][\/et_pb_column][\/et_pb_row][\/et_pb_section][et_pb_section fb_built=\u00a0\u00bb1&Prime; module_id=\u00a0\u00bbmembres\u00a0\u00bb _builder_version=\u00a0\u00bb4.21.0&Prime; _module_preset=\u00a0\u00bbdefault\u00a0\u00bb background_color=\u00a0\u00bb#f2dec4&Prime; background_image=\u00a0\u00bbhttps:\/\/ra.cofrac.fr\/RA2022\/wp-content\/uploads\/2023\/06\/19-1.png\u00a0\u00bb background_size=\u00a0\u00bbinitial\u00a0\u00bb background_position=\u00a0\u00bbtop_left\u00a0\u00bb custom_padding=\u00a0\u00bb0px||0px|||\u00a0\u00bb animation_style=\u00a0\u00bbslide\u00a0\u00bb animation_direction=\u00a0\u00bbbottom\u00a0\u00bb hover_enabled=\u00a0\u00bb0&Prime; global_colors_info=\u00a0\u00bb{}\u00a0\u00bb module_class=\u00a0\u00bbnojustify\u00a0\u00bb sticky_enabled=\u00a0\u00bb0&Prime;][et_pb_row use_custom_gutter=\u00a0\u00bbon\u00a0\u00bb gutter_width=\u00a0\u00bb2&Prime; _builder_version=\u00a0\u00bb4.16&Prime; _module_preset=\u00a0\u00bbdefault\u00a0\u00bb animation_style=\u00a0\u00bbslide\u00a0\u00bb animation_direction=\u00a0\u00bbbottom\u00a0\u00bb global_colors_info=\u00a0\u00bb{}\u00a0\u00bb][et_pb_column type=\u00a0\u00bb4_4&Prime; _builder_version=\u00a0\u00bb4.16&Prime; _module_preset=\u00a0\u00bbdefault\u00a0\u00bb global_colors_info=\u00a0\u00bb{}\u00a0\u00bb][et_pb_text _builder_version=\u00a0\u00bb4.16&Prime; _module_preset=\u00a0\u00bbdefault\u00a0\u00bb background_enable_color=\u00a0\u00bboff\u00a0\u00bb custom_margin=\u00a0\u00bb||||false|false\u00a0\u00bb custom_padding=\u00a0\u00bb35px||||false|false\u00a0\u00bb animation_direction=\u00a0\u00bbleft\u00a0\u00bb global_colors_info=\u00a0\u00bb{}\u00a0\u00bb]<\/p>\n<h1>Membres de l\u2019association<\/h1>\n<p>[\/et_pb_text][et_pb_text _builder_version=\u00a0\u00bb4.16&Prime; _module_preset=\u00a0\u00bbdefault\u00a0\u00bb custom_margin=\u00a0\u00bb0px||||false|false\u00a0\u00bb global_colors_info=\u00a0\u00bb{}\u00a0\u00bb]<\/p>\n<h4>Organismes accr\u00e9dit\u00e9s ou leurs groupements<\/h4>\n<p>[\/et_pb_text][\/et_pb_column][\/et_pb_row][et_pb_row column_structure=\u00a0\u00bb1_4,1_4,1_4,1_4&Prime; _builder_version=\u00a0\u00bb4.16&Prime; _module_preset=\u00a0\u00bbdefault\u00a0\u00bb custom_margin=\u00a0\u00bb0px||||false|false\u00a0\u00bb custom_padding=\u00a0\u00bb0px||0px||false|false\u00a0\u00bb animation_style=\u00a0\u00bbslide\u00a0\u00bb animation_direction=\u00a0\u00bbbottom\u00a0\u00bb global_colors_info=\u00a0\u00bb{}\u00a0\u00bb][et_pb_column type=\u00a0\u00bb1_4&Prime; _builder_version=\u00a0\u00bb4.16&Prime; _module_preset=\u00a0\u00bbdefault\u00a0\u00bb global_colors_info=\u00a0\u00bb{}\u00a0\u00bb][et_pb_text _builder_version=\u00a0\u00bb4.16&Prime; _module_preset=\u00a0\u00bbdefault\u00a0\u00bb global_colors_info=\u00a0\u00bb{}\u00a0\u00bb]<\/p>\n<p>01 CONTROLE<br \/>AB CERTIFICATION<br \/>ACDEF<br \/>ACRITEC<br \/>AFNOR CERTIFICATION<br \/>ALLIANCE CONTROLE VERIFICATION<br \/>ANSES<br \/>ANSM<br \/>AP HOPITAUX DE MARSEILLE<br \/>APAVE SA<br \/>ASEFA<br \/>ASQUAL<br \/>ASSOCIATION APROLAB<br \/>AUTO FORMATION QUALITE<br \/>BATIPLUS<br \/>BIOGROUP LORRAINE<br \/>BIORYLIS<br \/>BIOSYNERGIE<br \/>BUREAU ALPES CONTROLES<br \/>BUREAU VERITAS CERTIFICATION FRANCE SAS<br \/>BUREAU VERITAS EXPLOITATION<br \/>BUREAU VERITAS LABORATOIRES<br \/>BUREAU VERITAS SERVICES<br \/>CABINET FONTAN<br \/>CEA Centre de Valduc<br \/>CEMAFROID SAS<br \/>CENTRE DE PATHOLOGIE EMILE GALLE<br \/>CENTRE HOSPITALIER DE BETHUNE<br \/>CERBALLIANCE AQUITAINE NORD<br \/>CERBALLIANCE AQUITAINE SUD<br \/>CERBALLIANCE ARTOIS<br \/>CERBALLIANCE AUVERGNE RHONE ALPES<br \/>CERBALLIANCE CENTRE VAL DE LOIRE<br \/>CERBALLIANCE C\u00f4te d\u2019Azur<br \/>CERBALLIANCE Dr\u00f4me Ard\u00e8che<br \/>CERBALLIANCE FINISTERE<br \/>CERBALLIANCE GASCOGNE<br \/>CERBALLIANCE HAUTS DE FRANCE<br \/>CERBALLIANCE IDF OUEST<br \/>CERBALLIANCE IDF SUD<br \/>CERBALLIANCE Languedoc<\/p>\n<p>[\/et_pb_text][\/et_pb_column][et_pb_column type=\u00a0\u00bb1_4&Prime; _builder_version=\u00a0\u00bb4.16&Prime; _module_preset=\u00a0\u00bbdefault\u00a0\u00bb global_colors_info=\u00a0\u00bb{}\u00a0\u00bb][et_pb_text _builder_version=\u00a0\u00bb4.16&Prime; _module_preset=\u00a0\u00bbdefault\u00a0\u00bb global_colors_info=\u00a0\u00bb{}\u00a0\u00bb]<\/p>\n<p>CERBALLIANCE LOIRE<br \/>CERBALLIANCE MEDOC<br \/>CERBALLIANCE OCCITANIE<br \/>CERBALLIANCE OISE<br \/>CERBALLIANCE PARIS ET IDF EST<br \/>CERBALLIANCE PROVENCE<br \/>CERBALLIANCE REUNION<br \/>CERBALLIANCE SOMME<br \/>CERIB<br \/>CERQUAL QUALITEL CERTIFICATION<br \/>CESI CERTIFICATION<br \/>CETIAT<br \/>CETIM<br \/>CH DRACENIE<br \/>CH VALENCIENNES<br \/>CNPP CERT<br \/>COFREND<br \/>CONFARMA FRANCE SAS<br \/>COORDINATION DES OEUVRES SOCIALES ET MEDICALES<br \/>CRITT MATERIAUX INNOVATION<br \/>CSTB<br \/>CTC<br \/>DEKRA CERTIFICATION SAS<br \/>DEKRA INDUSTRIAL SAS<br \/>DNV GL &#8211; BUSINESS ASSURANCE FRANCE<br \/>DTSB-SFJF<br \/>ECOCERT SA<br \/>EDF &#8211; LAB PARIS &#8211; SACLAY<br \/>EFECTIS France<br \/>ETABLISSEMENT FRANCAIS DU SANG<br \/>EUROLAB France<br \/>FCBA<br \/>FEDERATION HEXAGONE<br \/>FILIANCE<br \/>GIE ICV &#8211; VVS<br \/>GINGER CEBTP<br \/>GLOBAL CERTIFICATION<br \/>GRID SOLUTIONS SAS &#8211; ARC<br \/>GROUPEMENT DE LBM<br \/>HOPITAL MEM. France\/Etats-Unis<br \/>HOSPICES CIVILS DE LYON<\/p>\n<p>[\/et_pb_text][\/et_pb_column][et_pb_column type=\u00a0\u00bb1_4&Prime; _builder_version=\u00a0\u00bb4.16&Prime; _module_preset=\u00a0\u00bbdefault\u00a0\u00bb global_colors_info=\u00a0\u00bb{}\u00a0\u00bb][et_pb_text _builder_version=\u00a0\u00bb4.16&Prime; _module_preset=\u00a0\u00bbdefault\u00a0\u00bb global_colors_info=\u00a0\u00bb{}\u00a0\u00bb]<\/p>\n<p>I.CERT<br \/>INERIS<br \/>INOVIE BIOFUSION<br \/>INOVIE BIOLYSS<br \/>INOVIE BIOPOLE 66<br \/>INOVIE LABOSUD<br \/>INOVIE MEDILAB 66<br \/>INOVIE SynAIRBIO<br \/>INSTITUT DE SOUDURE INDUSTRIE<br \/>ISQ<br \/>ITERG<br \/>LA CERTIFICATION DE PERSONNES<br \/>LAB. ALPHABIO BIOGROUP<br \/>LABAC ASSOCIATION<br \/>LABORATOIRE BARRAND<br \/>LABORATOIRE BC-LAB<br \/>LABORATOIRE BIO 29<br \/>LABORATOIRE CBM 25<br \/>LABORATOIRE CERBA<br \/>LABORATOIRE VIALLE<br \/>Laboratoires MAYMAT<br \/>LABORIZON BRETAGNE<br \/>LABOSUD PROVENCE BIOLOGIE<br \/>LBM BARLA<br \/>LBM BIOCOME<br \/>LBM BIO-SANTIS<br \/>LBM BIO-VSM LAB<br \/>LBM DES HUEP &#8211; AP-HP<br \/>LBM EIMER<br \/>LBM FIEVEZ IGOUT<br \/>LBM INOVIE CBM<br \/>LBM MS LABOSCHAMBERY<br \/>LCIE<br \/>LCPP<br \/>LNE<br \/>LRQA FRANCE SAS<br \/>LSTI SAS<br \/>NESTLE FRANCE NQAC Cergy<br \/>NOVABIO<br \/>OPQIBI<\/p>\n<p>[\/et_pb_text][\/et_pb_column][et_pb_column type=\u00a0\u00bb1_4&Prime; _builder_version=\u00a0\u00bb4.16&Prime; _module_preset=\u00a0\u00bbdefault\u00a0\u00bb global_colors_info=\u00a0\u00bb{}\u00a0\u00bb][et_pb_text _builder_version=\u00a0\u00bb4.16&Prime; _module_preset=\u00a0\u00bbdefault\u00a0\u00bb global_colors_info=\u00a0\u00bb{}\u00a0\u00bb]<\/p>\n<p>ORIADE NOVIALE<br \/>PROBIOQUAL<br \/>QUAESRES &#8211; QUALIPROPRE<br \/>QUALIBAT<br \/>QUALICONSULT<br \/>QUALIT\u2019EnR<br \/>QUALITIA CERTIFICATION<br \/>QUALTECH SAS<br \/>RESEAU CTI<br \/>SAUR<br \/>SEL PO BIOEPINE<br \/>SELAFA SANTE LABO<br \/>SELARL CANARELLI COLONNA FERNANDEZ<br \/>SELAS ASTRALAB<br \/>SELAS BIO67 &#8211; BIOSPHERE<br \/>SELAS BIOLAB AVENIR<br \/>SELAS BIO-LAM-LCD<br \/>SELAS BIOMAG<br \/>SELAS BIOMER<br \/>SELAS BIOSMOSE IDF<br \/>SELAS CAB<br \/>SELAS CERBALLIANCE CHARENTES<br \/>SELAS LABORATOIRE 2A2B<br \/>SELAS LABORATOIRE DYNALAB<br \/>SELAS LABORIZON CENTRE ABO+<br \/>SELAS LABORIZON MAINE ANJOU<br \/>SELAS LBM ARMAINVILLIERS<br \/>SELAS LBM BIOESTEREL<br \/>SELAS MEDILYS<br \/>SELAS MIRIALIS<br \/>SEMAE<br \/>SERVICE COMMUN DES LABORATOIRES<br \/>SGS ICS<br \/>SILLIKER SAS &#8211; MERIEUX NutriSciences<br \/>SNIPF<br \/>SOCOTEC<br \/>SOCOTEC CERTIFICATION FRANCE<br \/>SOPEMEA<br \/>SYPREV<br \/>TRESCAL SAS<br \/>UNILIANS BIOGROUP<br \/>UNIVERSITE GUSTAVE EIFFEL<\/p>\n<p>[\/et_pb_text][\/et_pb_column][\/et_pb_row][et_pb_row _builder_version=\u00a0\u00bb4.16&Prime; _module_preset=\u00a0\u00bbdefault\u00a0\u00bb background_enable_image=\u00a0\u00bboff\u00a0\u00bb background_size=\u00a0\u00bbinitial\u00a0\u00bb background_position=\u00a0\u00bbcenter_left\u00a0\u00bb custom_padding=\u00a0\u00bb||||false|false\u00a0\u00bb animation_style=\u00a0\u00bbslide\u00a0\u00bb animation_direction=\u00a0\u00bbbottom\u00a0\u00bb global_colors_info=\u00a0\u00bb{}\u00a0\u00bb][et_pb_column type=\u00a0\u00bb4_4&Prime; _builder_version=\u00a0\u00bb4.16&Prime; _module_preset=\u00a0\u00bbdefault\u00a0\u00bb global_colors_info=\u00a0\u00bb{}\u00a0\u00bb][et_pb_text _builder_version=\u00a0\u00bb4.16&Prime; _module_preset=\u00a0\u00bbdefault\u00a0\u00bb custom_margin=\u00a0\u00bb||||false|false\u00a0\u00bb global_colors_info=\u00a0\u00bb{}\u00a0\u00bb]<\/p>\n<h4>Groupements professionnels d\u2019entit\u00e9s recourant \u00e0 l\u2019accr\u00e9ditation<\/h4>\n<p>[\/et_pb_text][\/et_pb_column][\/et_pb_row][et_pb_row column_structure=\u00a0\u00bb1_4,1_4,1_4,1_4&Prime; _builder_version=\u00a0\u00bb4.16&Prime; _module_preset=\u00a0\u00bbdefault\u00a0\u00bb custom_margin=\u00a0\u00bb0px||||false|false\u00a0\u00bb custom_padding=\u00a0\u00bb0px||0px||false|false\u00a0\u00bb animation_style=\u00a0\u00bbslide\u00a0\u00bb animation_direction=\u00a0\u00bbbottom\u00a0\u00bb global_colors_info=\u00a0\u00bb{}\u00a0\u00bb][et_pb_column type=\u00a0\u00bb1_4&Prime; _builder_version=\u00a0\u00bb4.16&Prime; _module_preset=\u00a0\u00bbdefault\u00a0\u00bb global_colors_info=\u00a0\u00bb{}\u00a0\u00bb][et_pb_text _builder_version=\u00a0\u00bb4.16&Prime; _module_preset=\u00a0\u00bbdefault\u00a0\u00bb global_colors_info=\u00a0\u00bb{}\u00a0\u00bb]<\/p>\n<p>AIMCC<br \/>CNOM<br \/>CNPath &#8211; Conseil National Professionnel des Pathologistes<br \/>CPME<\/p>\n<p>[\/et_pb_text][\/et_pb_column][et_pb_column type=\u00a0\u00bb1_4&Prime; _builder_version=\u00a0\u00bb4.16&Prime; _module_preset=\u00a0\u00bbdefault\u00a0\u00bb global_colors_info=\u00a0\u00bb{}\u00a0\u00bb][et_pb_text _builder_version=\u00a0\u00bb4.16&Prime; _module_preset=\u00a0\u00bbdefault\u00a0\u00bb global_colors_info=\u00a0\u00bb{}\u00a0\u00bb]<\/p>\n<p>FEDERATION FRANCAISE DES METIERS DE L\u2019INCENDIE<br \/>FEDERATION HOSPITALIERE DE FRANCE<br \/>FFB (F\u00e9d\u00e9ration Fran\u00e7aise du B\u00e2timent)<br \/>FFC CONSTRUCTEURS<\/p>\n<p>[\/et_pb_text][\/et_pb_column][et_pb_column type=\u00a0\u00bb1_4&Prime; _builder_version=\u00a0\u00bb4.16&Prime; _module_preset=\u00a0\u00bbdefault\u00a0\u00bb global_colors_info=\u00a0\u00bb{}\u00a0\u00bb][et_pb_text _builder_version=\u00a0\u00bb4.16&Prime; _module_preset=\u00a0\u00bbdefault\u00a0\u00bb global_colors_info=\u00a0\u00bb{}\u00a0\u00bb]<\/p>\n<p>FIEEC<br \/>FNTP<br \/>FRANCE CHIMIE<br \/>FRANCE GAZ<br \/>GIFAS<\/p>\n<p>[\/et_pb_text][\/et_pb_column][et_pb_column type=\u00a0\u00bb1_4&Prime; _builder_version=\u00a0\u00bb4.16&Prime; _module_preset=\u00a0\u00bbdefault\u00a0\u00bb global_colors_info=\u00a0\u00bb{}\u00a0\u00bb][et_pb_text _builder_version=\u00a0\u00bb4.16&Prime; _module_preset=\u00a0\u00bbdefault\u00a0\u00bb global_colors_info=\u00a0\u00bb{}\u00a0\u00bb]<\/p>\n<p>SIDIV<br \/>UIMM<br \/>UNICANCER<br \/>UNION DES ENTREPRISES DE PROXIMITE<\/p>\n<p>[\/et_pb_text][\/et_pb_column][\/et_pb_row][et_pb_row _builder_version=\u00a0\u00bb4.16&Prime; _module_preset=\u00a0\u00bbdefault\u00a0\u00bb background_enable_image=\u00a0\u00bboff\u00a0\u00bb background_size=\u00a0\u00bbinitial\u00a0\u00bb background_position=\u00a0\u00bbcenter_right\u00a0\u00bb custom_margin=\u00a0\u00bb||||false|false\u00a0\u00bb custom_padding=\u00a0\u00bb21px||||false|false\u00a0\u00bb animation_style=\u00a0\u00bbslide\u00a0\u00bb animation_direction=\u00a0\u00bbbottom\u00a0\u00bb global_colors_info=\u00a0\u00bb{}\u00a0\u00bb][et_pb_column type=\u00a0\u00bb4_4&Prime; _builder_version=\u00a0\u00bb4.16&Prime; _module_preset=\u00a0\u00bbdefault\u00a0\u00bb global_colors_info=\u00a0\u00bb{}\u00a0\u00bb][et_pb_text _builder_version=\u00a0\u00bb4.16&Prime; _module_preset=\u00a0\u00bbdefault\u00a0\u00bb custom_margin=\u00a0\u00bb||||false|false\u00a0\u00bb global_colors_info=\u00a0\u00bb{}\u00a0\u00bb]<\/p>\n<h4>Repr\u00e9sentants d\u2019int\u00e9r\u00eats publics<\/h4>\n<p>[\/et_pb_text][\/et_pb_column][\/et_pb_row][et_pb_row column_structure=\u00a0\u00bb1_4,1_4,1_4,1_4&Prime; _builder_version=\u00a0\u00bb4.16&Prime; _module_preset=\u00a0\u00bbdefault\u00a0\u00bb custom_margin=\u00a0\u00bb0px||||false|false\u00a0\u00bb custom_padding=\u00a0\u00bb0px||0px||false|false\u00a0\u00bb animation_style=\u00a0\u00bbslide\u00a0\u00bb animation_direction=\u00a0\u00bbbottom\u00a0\u00bb global_colors_info=\u00a0\u00bb{}\u00a0\u00bb][et_pb_column type=\u00a0\u00bb1_4&Prime; _builder_version=\u00a0\u00bb4.16&Prime; _module_preset=\u00a0\u00bbdefault\u00a0\u00bb global_colors_info=\u00a0\u00bb{}\u00a0\u00bb][et_pb_text _builder_version=\u00a0\u00bb4.16&Prime; _module_preset=\u00a0\u00bbdefault\u00a0\u00bb global_colors_info=\u00a0\u00bb{}\u00a0\u00bb]<\/p>\n<p>AFITE<br \/>AGENCE DE LA BIOMEDECINE<br \/>ASSOCIATION ROBIN DES BOIS<br \/>AUTORITE DE SURETE NUCLEAIRE<br \/>CNAFC<br \/>CNAM<\/p>\n<p>[\/et_pb_text][\/et_pb_column][et_pb_column type=\u00a0\u00bb1_4&Prime; _builder_version=\u00a0\u00bb4.16&Prime; _module_preset=\u00a0\u00bbdefault\u00a0\u00bb global_colors_info=\u00a0\u00bb{}\u00a0\u00bb][et_pb_text _builder_version=\u00a0\u00bb4.16&Prime; _module_preset=\u00a0\u00bbdefault\u00a0\u00bb global_colors_info=\u00a0\u00bb{}\u00a0\u00bb]<\/p>\n<p>COLLEGE FRANCAIS DE METROLOGIE<br \/>CONFEDERATION NATIONALE DU LOGEMENT<br \/>DIRECTION GENERALE DES ENTREPRISES<br \/>DIRECTION GENERALE DU TRAVAIL<br \/>FAMILLES DE FRANCE<\/p>\n<p>[\/et_pb_text][\/et_pb_column][et_pb_column type=\u00a0\u00bb1_4&Prime; _builder_version=\u00a0\u00bb4.16&Prime; _module_preset=\u00a0\u00bbdefault\u00a0\u00bb global_colors_info=\u00a0\u00bb{}\u00a0\u00bb][et_pb_text _builder_version=\u00a0\u00bb4.16&Prime; _module_preset=\u00a0\u00bbdefault\u00a0\u00bb global_colors_info=\u00a0\u00bb{}\u00a0\u00bb]<\/p>\n<p>FRANCE EDUCATION INTERNATIONALE<br \/>MINISTERE DE LA SANTE &#8211; DGS<br \/>MINISTERE DE LA TRANSITION ECOLOGIQUE<br \/>MINISTERE DE L\u2019AGRICULTURE<br \/>MINISTERE DE L\u2019ECONOMIE (DGCCRF)<\/p>\n<p>[\/et_pb_text][\/et_pb_column][et_pb_column type=\u00a0\u00bb1_4&Prime; _builder_version=\u00a0\u00bb4.16&Prime; _module_preset=\u00a0\u00bbdefault\u00a0\u00bb global_colors_info=\u00a0\u00bb{}\u00a0\u00bb][et_pb_text _builder_version=\u00a0\u00bb4.16&Prime; _module_preset=\u00a0\u00bbdefault\u00a0\u00bb global_colors_info=\u00a0\u00bb{}\u00a0\u00bb]<\/p>\n<p>MINISTERE DE L\u2019INTERIEUR<br \/>SOCIETE FRANCAISE DE BIOLOGIE CLINIQUE<br \/>UFC-QUE CHOISIR<\/p>\n<p>[\/et_pb_text][\/et_pb_column][\/et_pb_row][et_pb_row _builder_version=\u00a0\u00bb4.16&Prime; _module_preset=\u00a0\u00bbdefault\u00a0\u00bb background_enable_image=\u00a0\u00bboff\u00a0\u00bb background_size=\u00a0\u00bbinitial\u00a0\u00bb background_position=\u00a0\u00bbcenter_left\u00a0\u00bb custom_margin=\u00a0\u00bb||||false|false\u00a0\u00bb custom_padding=\u00a0\u00bb23px||||false|false\u00a0\u00bb animation_style=\u00a0\u00bbslide\u00a0\u00bb animation_direction=\u00a0\u00bbbottom\u00a0\u00bb global_colors_info=\u00a0\u00bb{}\u00a0\u00bb][et_pb_column type=\u00a0\u00bb4_4&Prime; _builder_version=\u00a0\u00bb4.16&Prime; _module_preset=\u00a0\u00bbdefault\u00a0\u00bb global_colors_info=\u00a0\u00bb{}\u00a0\u00bb][et_pb_text _builder_version=\u00a0\u00bb4.16&Prime; _module_preset=\u00a0\u00bbdefault\u00a0\u00bb custom_margin=\u00a0\u00bb||||false|false\u00a0\u00bb global_colors_info=\u00a0\u00bb{}\u00a0\u00bb]<\/p>\n<h4>Membres associ\u00e9s<\/h4>\n<p>[\/et_pb_text][\/et_pb_column][\/et_pb_row][et_pb_row column_structure=\u00a0\u00bb1_4,1_4,1_4,1_4&Prime; _builder_version=\u00a0\u00bb4.16&Prime; _module_preset=\u00a0\u00bbdefault\u00a0\u00bb custom_margin=\u00a0\u00bb0px||||false|false\u00a0\u00bb custom_padding=\u00a0\u00bb0px||||false|false\u00a0\u00bb animation_style=\u00a0\u00bbslide\u00a0\u00bb animation_direction=\u00a0\u00bbbottom\u00a0\u00bb global_colors_info=\u00a0\u00bb{}\u00a0\u00bb][et_pb_column type=\u00a0\u00bb1_4&Prime; _builder_version=\u00a0\u00bb4.16&Prime; _module_preset=\u00a0\u00bbdefault\u00a0\u00bb global_colors_info=\u00a0\u00bb{}\u00a0\u00bb][et_pb_text _builder_version=\u00a0\u00bb4.16&Prime; _module_preset=\u00a0\u00bbdefault\u00a0\u00bb global_colors_info=\u00a0\u00bb{}\u00a0\u00bb]<\/p>\n<p>12345 ETOILES DE FRANCE<br \/>AEROMETROLOGIE<br \/>AFNOR GROUPE<br \/>AGRI CONFIANCE<br \/>AIR LIQUIDE FRANCE INDUSTRIE<br \/>ANTI-ADDITIVE CLEAN LABEL ORGANIZATION B.V.<br \/>APITI<br \/>BIO QUALITE<br \/>BIOCONSULTANTS<br \/>CALEDONIENNE DES EAUX<br \/>CEFRI<br \/>CEKAL ASSOCIATION<br \/>CEPRAL<br \/>CH GONESSE<br \/>CHU DE NICE &#8211; HOPITAL PASTEUR 1<br \/>CNAM LCM -M\u00e9trologie<\/p>\n<p>[\/et_pb_text][\/et_pb_column][et_pb_column type=\u00a0\u00bb1_4&Prime; _builder_version=\u00a0\u00bb4.16&Prime; _module_preset=\u00a0\u00bbdefault\u00a0\u00bb global_colors_info=\u00a0\u00bb{}\u00a0\u00bb][et_pb_text _builder_version=\u00a0\u00bb4.16&Prime; _module_preset=\u00a0\u00bbdefault\u00a0\u00bb global_colors_info=\u00a0\u00bb{}\u00a0\u00bb]<\/p>\n<p>COACHING &amp; FORMATIONS<br \/>CTE SAS<br \/>DGA Techniques Terrestres<br \/>DR KOLOPP Maryelle<br \/>E2M<br \/>EGIS STRUCTURES ET ENVIRONNEMENT<br \/>ENDRESS et HAUSER<br \/>EUROFINS GALYS<br \/>GDS FRANCE<br \/>GIE LABILAIT<br \/>GIE SILEBAN<br \/>GINGER CATED<br \/>GMS INTERVENTIONS<br \/>GROUPE DE PREVENTION<br \/>HAUTE AUTORITE DE SANTE<br \/>INOVIE GEN-BIO<br \/>INRAE<\/p>\n<p>[\/et_pb_text][\/et_pb_column][et_pb_column type=\u00a0\u00bb1_4&Prime; _builder_version=\u00a0\u00bb4.16&Prime; _module_preset=\u00a0\u00bbdefault\u00a0\u00bb global_colors_info=\u00a0\u00bb{}\u00a0\u00bb][et_pb_text _builder_version=\u00a0\u00bb4.16&Prime; _module_preset=\u00a0\u00bbdefault\u00a0\u00bb global_colors_info=\u00a0\u00bb{}\u00a0\u00bb]<\/p>\n<p>ITRON FRANCE<br \/>Jacques MULBERT<br \/>LAB MEDILAB-GROUP<br \/>LABM DUBET<br \/>LABORATOIRE BIO-VAL<br \/>LABORATOIRE CH FALAISE<br \/>LABORATOIRES DUBERNET<br \/>LABORATOIRES POURQUERY<br \/>LABORATORE DE CHATELLERAULT<br \/>LABOUEST<br \/>LBM BARRAND<br \/>LBM REUNILAB<br \/>LCI &#8211; CF&amp;R<br \/>MAZARS SAS<br \/>METROVALI<br \/>ORDRE NATIONAL DES PHARMACIENS SECTION G<\/p>\n<p>[\/et_pb_text][\/et_pb_column][et_pb_column type=\u00a0\u00bb1_4&Prime; _builder_version=\u00a0\u00bb4.16&Prime; _module_preset=\u00a0\u00bbdefault\u00a0\u00bb global_colors_info=\u00a0\u00bb{}\u00a0\u00bb][et_pb_text _builder_version=\u00a0\u00bb4.16&Prime; _module_preset=\u00a0\u00bbdefault\u00a0\u00bb global_colors_info=\u00a0\u00bb{}\u00a0\u00bb]<\/p>\n<p>PACALAB<br \/>POLE VERIFICATION<br \/>QUALISPORT<br \/>QUALITY PARTNER SAS<br \/>ROCHE DIAGNOSTICS FRANCE<br \/>SAGEMCOM BROADBAND SAS<br \/>SELAS BIOALLAN<br \/>SELAS ESPACEBIO<br \/>SELAS GUEVALT<br \/>SELAS INOVIE BIOPOLE 34<br \/>SOCIETE DES PETROLES SHELL<br \/>TESTO INDUSTRIAL SERVICES<br \/>UTAC<br \/>VALAB<br \/>VISKALI ACC<br \/>ZWIEBEL SAS<\/p>\n<p>[\/et_pb_text][\/et_pb_column][\/et_pb_row][\/et_pb_section][et_pb_section fb_built=\u00a0\u00bb1&Prime; module_id=\u00a0\u00bbcomites\u00a0\u00bb _builder_version=\u00a0\u00bb4.16&Prime; _module_preset=\u00a0\u00bbdefault\u00a0\u00bb background_color=\u00a0\u00bb#f2dec4&Prime; background_image=\u00a0\u00bbhttps:\/\/ra.cofrac.fr\/RA2022\/wp-content\/uploads\/2023\/06\/20-1.png\u00a0\u00bb background_size=\u00a0\u00bbinitial\u00a0\u00bb background_position=\u00a0\u00bbtop_left\u00a0\u00bb custom_padding=\u00a0\u00bb0px||0px|||\u00a0\u00bb animation_style=\u00a0\u00bbslide\u00a0\u00bb animation_direction=\u00a0\u00bbbottom\u00a0\u00bb global_colors_info=\u00a0\u00bb{}\u00a0\u00bb][et_pb_row use_custom_gutter=\u00a0\u00bbon\u00a0\u00bb gutter_width=\u00a0\u00bb2&Prime; _builder_version=\u00a0\u00bb4.16&Prime; _module_preset=\u00a0\u00bbdefault\u00a0\u00bb animation_style=\u00a0\u00bbslide\u00a0\u00bb animation_direction=\u00a0\u00bbbottom\u00a0\u00bb global_colors_info=\u00a0\u00bb{}\u00a0\u00bb][et_pb_column type=\u00a0\u00bb4_4&Prime; _builder_version=\u00a0\u00bb4.16&Prime; _module_preset=\u00a0\u00bbdefault\u00a0\u00bb global_colors_info=\u00a0\u00bb{}\u00a0\u00bb][et_pb_text _builder_version=\u00a0\u00bb4.16&Prime; _module_preset=\u00a0\u00bbdefault\u00a0\u00bb background_enable_color=\u00a0\u00bboff\u00a0\u00bb custom_margin=\u00a0\u00bb||||false|false\u00a0\u00bb custom_padding=\u00a0\u00bb35px||||false|false\u00a0\u00bb animation_direction=\u00a0\u00bbleft\u00a0\u00bb global_colors_info=\u00a0\u00bb{}\u00a0\u00bb]<\/p>\n<h1>Comit\u00e9s de section<\/h1>\n<p>[\/et_pb_text][\/et_pb_column][\/et_pb_row][et_pb_row column_structure=\u00a0\u00bb1_2,1_2&Prime; use_custom_gutter=\u00a0\u00bbon\u00a0\u00bb gutter_width=\u00a0\u00bb2&Prime; _builder_version=\u00a0\u00bb4.16&Prime; _module_preset=\u00a0\u00bbdefault\u00a0\u00bb background_enable_image=\u00a0\u00bboff\u00a0\u00bb background_size=\u00a0\u00bbinitial\u00a0\u00bb background_position=\u00a0\u00bbcenter_right\u00a0\u00bb custom_padding=\u00a0\u00bb||0px|||\u00a0\u00bb animation_style=\u00a0\u00bbslide\u00a0\u00bb animation_direction=\u00a0\u00bbbottom\u00a0\u00bb global_colors_info=\u00a0\u00bb{}\u00a0\u00bb][et_pb_column type=\u00a0\u00bb1_2&Prime; _builder_version=\u00a0\u00bb4.16&Prime; _module_preset=\u00a0\u00bbdefault\u00a0\u00bb global_colors_info=\u00a0\u00bb{}\u00a0\u00bb][et_pb_text _builder_version=\u00a0\u00bb4.16&Prime; _module_preset=\u00a0\u00bbdefault\u00a0\u00bb global_colors_info=\u00a0\u00bb{}\u00a0\u00bb]<\/p>\n<h3 class=\"labo\"><img loading=\"lazy\" decoding=\"async\" src=\"https:\/\/ra.cofrac.fr\/RA2022\/wp-content\/uploads\/2023\/06\/7-4.png\" alt=\"\" class=\"wp-image-547 alignnone size-full\" width=\"70\" height=\"76\" \/>Laboratoires<\/h3>\n<p>[\/et_pb_text][et_pb_text _builder_version=\u00a0\u00bb4.16&Prime; _module_preset=\u00a0\u00bbdefault\u00a0\u00bb global_colors_info=\u00a0\u00bb{}\u00a0\u00bb]<\/p>\n<h4 class=\"labo\">Organismes accr\u00e9dit\u00e9s<\/h4>\n<p><strong>Guislaine BAVELARD<\/strong> &#8211; Centre d\u2019\u00e9tudes et de recherches de l\u2019industrie du b\u00e9ton (CERIB)<br \/><strong>Caroline CHMIELIEWSKI<\/strong> &#8211; Laboratoire central de la pr\u00e9fecture de police (LCPP) &#8211; DSQ<br \/><strong>Pierre CLAUDEL<\/strong> &#8211; Centre technique des industries a\u00e9rauliques et thermiques (CETIAT)<br \/><strong>Isabelle DROUILLOT<\/strong> &#8211; Centre scientifique et technique du b\u00e2timent (CSTB)<br \/><strong>Alain HOCQUET<\/strong> &#8211; FCBA Institut Technologique<br \/><strong>Pascal LAUNEY<\/strong> &#8211; Laboratoire national de m\u00e9trologie et d\u2019essais (LNE)<br \/><strong>St\u00e9phane MOU\u00cb<\/strong> &#8211; APAVE SA<br \/><strong>Pascal PANDARD<\/strong> &#8211; INERIS &#8211; Unit\u00e9 Ecotoxicologie des Substances et des Milieux &#8211; Direction Milieux et Impact sur le Vivant<\/p>\n<p>[\/et_pb_text][et_pb_text _builder_version=\u00a0\u00bb4.16&Prime; _module_preset=\u00a0\u00bbdefault\u00a0\u00bb global_colors_info=\u00a0\u00bb{}\u00a0\u00bb]<\/p>\n<h4 class=\"labo\">Groupements professionnels d\u2019entit\u00e9s recourant \u00e0 l\u2019accr\u00e9ditation<\/h4>\n<p><strong>Alain BONNET<\/strong> &#8211; Association des industries de mat\u00e9riaux, produits, composants et \u00e9quipements pour la construction (AIMCC)<br \/><strong>Arnaud BROZEK<\/strong> &#8211; F\u00e9d\u00e9ration des industries \u00e9lectriques, \u00e9lectroniques et de communication (FIEEC)<br \/><strong>Michel CORDONNIER<\/strong> &#8211; ENEDIS (Groupe EDF)<br \/><strong>Val\u00e9ry LAURENT<\/strong> &#8211; F\u00e9d\u00e9ration Fran\u00e7aise du B\u00e2timent (FFB)<\/p>\n<p>[\/et_pb_text][et_pb_text _builder_version=\u00a0\u00bb4.16&Prime; _module_preset=\u00a0\u00bbdefault\u00a0\u00bb global_colors_info=\u00a0\u00bb{}\u00a0\u00bb]<\/p>\n<h4 class=\"labo\">Repr\u00e9sentants d\u2019int\u00e9r\u00eats publics<\/h4>\n<p><strong>Clara ALBERGARIA PACHECO<\/strong> &#8211; Minist\u00e8re de l\u2019Agriculture et de l\u2019Alimentation &#8211; Direction G\u00e9n\u00e9rale de l\u2019Alimentation (MAA\/DGAl)<br \/><strong>Olivier ALLAIN<\/strong> &#8211; Autorit\u00e9 de s\u00fbret\u00e9 nucl\u00e9aire (ASN)<br \/><strong>Eric BONNEFF<\/strong> &#8211; Conseil national de la consommation (UFC-Que Choisir)<br \/><strong>Olivier CALVEZ<\/strong> &#8211; Minist\u00e8re de l\u2019Emploi, du Travail et de l\u2019Insertion &#8211; Direction G\u00e9n\u00e9rale du Travail (METI\/DGT)<br \/><strong>S\u00e9gol\u00e8ne PHULPIN<\/strong> &#8211; Minist\u00e8re de l\u2019Economie, des Finances et de la Relance (MEFR) &#8211; DGE &#8211; SCIDE\/SQUALPI &#8211; Division M\u00e9trologie<\/p>\n<p>[\/et_pb_text][et_pb_text _builder_version=\u00a0\u00bb4.16&Prime; _module_preset=\u00a0\u00bbdefault\u00a0\u00bb global_colors_info=\u00a0\u00bb{}\u00a0\u00bb]<\/p>\n<h4 class=\"labo\">Personnalit\u00e9s qualifi\u00e9es<\/h4>\n<p><strong>Marc HIMBERT<\/strong> &#8211; Conservatoire national des arts et m\u00e9tiers (CNAM) &#8211; Pr\u00e9sident<br \/><strong>Patrick LEBLOIS<\/strong> &#8211; Comma Consulting &#8211; Vice-pr\u00e9sident<\/p>\n<p>[\/et_pb_text][et_pb_text _builder_version=\u00a0\u00bb4.16&Prime; _module_preset=\u00a0\u00bbdefault\u00a0\u00bb global_colors_info=\u00a0\u00bb{}\u00a0\u00bb]<\/p>\n<h4 class=\"labo\">Repr\u00e9sentant du r\u00e9seau de la m\u00e9trologie fran\u00e7aise d\u00e9sign\u00e9 par le LNE<\/h4>\n<p><strong>Maguelonne CHAMBON<\/strong><\/p>\n<p>[\/et_pb_text][\/et_pb_column][et_pb_column type=\u00a0\u00bb1_2&Prime; _builder_version=\u00a0\u00bb4.16&Prime; _module_preset=\u00a0\u00bbdefault\u00a0\u00bb global_colors_info=\u00a0\u00bb{}\u00a0\u00bb][et_pb_text _builder_version=\u00a0\u00bb4.16&Prime; _module_preset=\u00a0\u00bbdefault\u00a0\u00bb global_colors_info=\u00a0\u00bb{}\u00a0\u00bb]<\/p>\n<h3 class=\"certification\"><img loading=\"lazy\" decoding=\"async\" src=\"https:\/\/ra.cofrac.fr\/RA2022\/wp-content\/uploads\/2023\/06\/14-1.png\" alt=\"\" class=\"wp-image-576 alignnone size-full\" width=\"37\" height=\"68\" \/>Certifications<\/h3>\n<p>[\/et_pb_text][et_pb_text _builder_version=\u00a0\u00bb4.16&Prime; _module_preset=\u00a0\u00bbdefault\u00a0\u00bb global_colors_info=\u00a0\u00bb{}\u00a0\u00bb]<\/p>\n<h4 class=\"certification\">Organismes accr\u00e9dit\u00e9s<\/h4>\n<p><strong>C\u00e9line HECQUET<\/strong> &#8211; CSTB<br \/><strong>Amaury LEQUETTE<\/strong> &#8211; CNPP CERT<br \/><strong>Yves MOLY<\/strong> &#8211; DEKRA Certification<br \/><strong>St\u00e9phane MOUCHOT<\/strong> &#8211; OPQIBI<br \/><strong>Pascal PRUDHON<\/strong> &#8211; LNE<br \/><strong>Philippe ROUDIER<\/strong> &#8211; LRQA France SAS<\/p>\n<p>[\/et_pb_text][et_pb_text _builder_version=\u00a0\u00bb4.16&Prime; _module_preset=\u00a0\u00bbdefault\u00a0\u00bb global_colors_info=\u00a0\u00bb{}\u00a0\u00bb]<\/p>\n<h4 class=\"certification\">Groupements professionnels d\u2019entit\u00e9s recourant \u00e0 l\u2019accr\u00e9ditation<\/h4>\n<p><strong>Yannick ONFROY<\/strong> &#8211; cong\u00e9 pr\u00e9alable \u00e0 la retraite depuis 05\/2018 de GRTgaz <br \/><strong>Virginie RIVAS<\/strong> &#8211; GROUPE BEL<br \/><strong>Emilie TAFOURNEL<\/strong> &#8211; F\u00e9d\u00e9ration du Commerce et de la Distribution (FCD)<\/p>\n<p>[\/et_pb_text][et_pb_text _builder_version=\u00a0\u00bb4.16&Prime; _module_preset=\u00a0\u00bbdefault\u00a0\u00bb global_colors_info=\u00a0\u00bb{}\u00a0\u00bb]<\/p>\n<h4 class=\"certification\">Repr\u00e9sentants d\u2019int\u00e9r\u00eats publics<\/h4>\n<p><strong>Yves BOUHIER<\/strong> &#8211; Association Fran\u00e7aise des Ing\u00e9nieurs et Techniciens de l\u2019Environnement (AFITE)<br \/><strong>Laurent CADIOU<\/strong> &#8211; Minist\u00e8re de la transition \u00e9cologique et solidaire &#8211; DGEC<br \/><strong>Antoine DE FINANCE<\/strong> &#8211; CNAF<\/p>\n<p>[\/et_pb_text][et_pb_image src=\u00a0\u00bbhttps:\/\/ra.cofrac.fr\/RA2022\/wp-content\/uploads\/2023\/06\/21-01.png\u00a0\u00bb title_text=\u00a0\u00bb21-01&Prime; align=\u00a0\u00bbright\u00a0\u00bb _builder_version=\u00a0\u00bb4.16&Prime; _module_preset=\u00a0\u00bbdefault\u00a0\u00bb global_colors_info=\u00a0\u00bb{}\u00a0\u00bb][\/et_pb_image][\/et_pb_column][\/et_pb_row][et_pb_row column_structure=\u00a0\u00bb1_2,1_2&Prime; use_custom_gutter=\u00a0\u00bbon\u00a0\u00bb gutter_width=\u00a0\u00bb2&Prime; _builder_version=\u00a0\u00bb4.16&Prime; _module_preset=\u00a0\u00bbdefault\u00a0\u00bb background_enable_image=\u00a0\u00bboff\u00a0\u00bb background_size=\u00a0\u00bbinitial\u00a0\u00bb background_position=\u00a0\u00bbcenter_right\u00a0\u00bb custom_padding=\u00a0\u00bb||0px|||\u00a0\u00bb animation_style=\u00a0\u00bbslide\u00a0\u00bb animation_direction=\u00a0\u00bbbottom\u00a0\u00bb global_colors_info=\u00a0\u00bb{}\u00a0\u00bb][et_pb_column type=\u00a0\u00bb1_2&Prime; _builder_version=\u00a0\u00bb4.16&Prime; _module_preset=\u00a0\u00bbdefault\u00a0\u00bb global_colors_info=\u00a0\u00bb{}\u00a0\u00bb][et_pb_text _builder_version=\u00a0\u00bb4.16&Prime; _module_preset=\u00a0\u00bbdefault\u00a0\u00bb global_colors_info=\u00a0\u00bb{}\u00a0\u00bb]<\/p>\n<h3 class=\"sante\"><img loading=\"lazy\" decoding=\"async\" src=\"https:\/\/ra.cofrac.fr\/RA2022\/wp-content\/uploads\/2023\/06\/12-4.png\" alt=\"\" class=\"wp-image-572 alignnone size-full\" width=\"58\" height=\"51\" \/>Sant\u00e9 humaine<\/h3>\n<p>[\/et_pb_text][et_pb_text _builder_version=\u00a0\u00bb4.16&Prime; _module_preset=\u00a0\u00bbdefault\u00a0\u00bb global_colors_info=\u00a0\u00bb{}\u00a0\u00bb]<\/p>\n<h4 class=\"sante\">Organismes accr\u00e9dit\u00e9s<\/h4>\n<p><strong>Jean CANARELLI<\/strong> &#8211; LBM CANARELLI &#8211; COLONNA DE CINARCA &#8211; FERNANDEZ<br \/><strong>Fr\u00e9d\u00e9rique CANIS<\/strong> &#8211; LBM CH VALENCIENNES<br \/><strong>Jean-Marc GIANNOLI<\/strong> &#8211; LBM UNILIANS\/ BIOGROUP<br \/><strong>S\u00e9bastien LEFRANCOIS<\/strong> &#8211; LBM CERBALLIANCE ILE-DE-FRANCE SUD<br \/><strong>Ivan MONNERET<\/strong> &#8211; LBM INOVIE LABOSUD<br \/><strong>Philippe PIET<\/strong> &#8211; LBM NOVABIO<br \/><strong>Adrien RIHAOUI<\/strong> &#8211; LBM UNIBIO 92<br \/><strong>Michel VAUBOURDOLLE<\/strong> &#8211; LBM des HUEP DE L\u2019AP-HP<br \/><strong>Pascale WIRQUIN-AURIEL<\/strong> &#8211; LBM DU CH DE LA DRACENIE<\/p>\n<p>[\/et_pb_text][et_pb_text _builder_version=\u00a0\u00bb4.16&Prime; _module_preset=\u00a0\u00bbdefault\u00a0\u00bb global_colors_info=\u00a0\u00bb{}\u00a0\u00bb]<\/p>\n<h4 class=\"sante\">Groupements professionnels d\u2019entit\u00e9s recourant \u00e0 l\u2019accr\u00e9ditation<\/h4>\n<p><strong>Pierre-Olivier CADI<\/strong> &#8211; Conf\u00e9d\u00e9ration Nationale des Associations Familiales Catholiques (CNAFC)<br \/><strong>Philippe CAMPARO<\/strong> &#8211; Conseil National des Pathologistes (CNPath)<br \/><strong>Virginie FERRERA-TOURENC<\/strong> &#8211; Etalbissement Fran\u00e7ais du Sang (EFS)<br \/><strong>Elisabeth GORMAND<\/strong> &#8211; Conseil National de l\u2019Ordre des M\u00e9decins (CNOM)<br \/><strong>B\u00e9atrice LE VU<\/strong> &#8211; UNICANCER<br \/><strong>Laure NAVARRO<\/strong> &#8211; F\u00e9d\u00e9ration Hospitali\u00e8re de France (FHF)<\/p>\n<p>[\/et_pb_text][et_pb_text _builder_version=\u00a0\u00bb4.16&Prime; _module_preset=\u00a0\u00bbdefault\u00a0\u00bb global_colors_info=\u00a0\u00bb{}\u00a0\u00bb]<\/p>\n<h4 class=\"sante\">Repr\u00e9sentants d\u2019int\u00e9r\u00eats publics<\/h4>\n<p><strong>Mohand Am\u00e9ziane ATTOU<\/strong> &#8211; Agence Nationale de S\u00e9curit\u00e9 des M\u00e9dicaments et des produits de sant\u00e9 (ANSM)<br \/><strong>Anne COCHERIL<\/strong> &#8211; Direction G\u00e9n\u00e9rale de la Sant\u00e9 (DGS)<br \/><strong>Philippe JONVEAUX<\/strong> &#8211; Agence de la Biom\u00e9decine (ABM)<br \/>Magali OZANEAUX &#8211; Caisse Nationale d\u2019Assurance Maladie (CNAM)<\/p>\n<p>[\/et_pb_text][et_pb_text _builder_version=\u00a0\u00bb4.16&Prime; _module_preset=\u00a0\u00bbdefault\u00a0\u00bb global_colors_info=\u00a0\u00bb{}\u00a0\u00bb]<\/p>\n<h4 class=\"sante\">Personnalit\u00e9s qualifi\u00e9es<\/h4>\n<p><strong>Fr\u00e9d\u00e9ric FORTIS<\/strong> &#8211; Syndicat de l\u2019industrie du diagnostic in vitro (SIDIV)<br \/><strong>V\u00e9ronique GARDET<\/strong> &#8211; Service de sant\u00e9 des arm\u00e9es &#8211; Pr\u00e9sident<br \/><strong>Bruno GAUTHIER<\/strong> &#8211; Bio Qualit\u00e9<br \/><strong>Thierry MATHIEU<\/strong> &#8211; ARS Provence-Alpes-C\u00f4te D\u2019azur &#8211; Vice-pr\u00e9sident<\/p>\n<p>[\/et_pb_text][et_pb_text _builder_version=\u00a0\u00bb4.16&Prime; _module_preset=\u00a0\u00bbdefault\u00a0\u00bb global_colors_info=\u00a0\u00bb{}\u00a0\u00bb]<\/p>\n<h4 class=\"sante\">Repr\u00e9sentant du r\u00e9seau de la m\u00e9trologie fran\u00e7aise d\u00e9sign\u00e9 par le LNE<\/h4>\n<p><strong>Denis-Jean DAVID <\/strong>&#8211; Haute Autorit\u00e9 de Sant\u00e9 (HAS)<strong><br \/>Vincent DELATOUR <\/strong>&#8211; Laboratoire national de m\u00e9trologie et d\u2019essais (LNE)<\/p>\n<p>[\/et_pb_text][\/et_pb_column][et_pb_column type=\u00a0\u00bb1_2&Prime; _builder_version=\u00a0\u00bb4.16&Prime; _module_preset=\u00a0\u00bbdefault\u00a0\u00bb global_colors_info=\u00a0\u00bb{}\u00a0\u00bb][et_pb_text _builder_version=\u00a0\u00bb4.16&Prime; _module_preset=\u00a0\u00bbdefault\u00a0\u00bb global_colors_info=\u00a0\u00bb{}\u00a0\u00bb]<\/p>\n<h3 class=\"inspection\"><img loading=\"lazy\" decoding=\"async\" src=\"https:\/\/ra.cofrac.fr\/RA2022\/wp-content\/uploads\/2023\/06\/12-5.png\" alt=\"\" class=\"wp-image-573 alignnone size-full\" width=\"55\" height=\"34\" \/>Inspection<\/h3>\n<p>[\/et_pb_text][et_pb_text _builder_version=\u00a0\u00bb4.16&Prime; _module_preset=\u00a0\u00bbdefault\u00a0\u00bb global_colors_info=\u00a0\u00bb{}\u00a0\u00bb]<\/p>\n<h4 class=\"inspection\">Organismes accr\u00e9dit\u00e9s<\/h4>\n<p><strong>Fran\u00e7ois CORRE<\/strong> &#8211; SOCOTEC<br \/><strong>Renaud DEWAELE<\/strong> &#8211; APAVE SA<br \/><strong>R\u00e9mi FONTAN<\/strong> &#8211; CABINET FONTAN<br \/><strong>St\u00e9phane GROUILLER<\/strong> &#8211; DEKRA INDUSTRIAL SAS<br \/><strong>Sylviane LEBORGNE<\/strong> &#8211; AUTOFORMATION QUALITE<br \/><strong>Gilles MICHEL<\/strong> &#8211; BUREAU VERITAS EXPLOITATION<br \/><strong>Pascal NURY<\/strong> &#8211; ACRITEC<br \/><strong>Emmanuel PETIT<\/strong> &#8211; BATIPLUS<\/p>\n<p>[\/et_pb_text][et_pb_text _builder_version=\u00a0\u00bb4.16&Prime; _module_preset=\u00a0\u00bbdefault\u00a0\u00bb global_colors_info=\u00a0\u00bb{}\u00a0\u00bb]<\/p>\n<h4 class=\"inspection\">Groupements professionnels d\u2019entit\u00e9s recourant \u00e0 l\u2019accr\u00e9ditation<\/h4>\n<p><strong>Beno\u00eet DALY<\/strong> &#8211; F\u00e9d\u00e9ration Fran\u00e7aise des Carrossiers Constructeurs (FFC Constructeurs)<br \/><strong>Christophe ERHEL<\/strong> &#8211; France GAZ<br \/><strong>Franck GAMBELLI<\/strong> &#8211; Union des Industries et M\u00e9tiers de la M\u00e9tallurgie (UIMM)<br \/><strong>Cyrille NOLOT<\/strong>\u00a0&#8211; F\u00e9d\u00e9ration des Industries Electriques, Electroniques et de communication (FIEEC)<br \/><strong>Eric SORGO<\/strong> &#8211; F\u00e9d\u00e9ration Nationale des Travaux publics (FNTP)<\/p>\n<p>[\/et_pb_text][et_pb_text _builder_version=\u00a0\u00bb4.16&Prime; _module_preset=\u00a0\u00bbdefault\u00a0\u00bb global_colors_info=\u00a0\u00bb{}\u00a0\u00bb]<\/p>\n<h4 class=\"inspection\">Repr\u00e9sentants d\u2019int\u00e9r\u00eats publics<\/h4>\n<p><strong>Thierry GUILARD<\/strong> &#8211; Bureau de la Pr\u00e9vention et de la R\u00e9glementation Incendie (DGSCGC)<br \/><strong>Isabelle MAILLARD<\/strong>\u00a0&#8211; Direction G\u00e9n\u00e9rale du Travail\/CT3 (DGT) <br \/><strong>Christophe PECOULT<\/strong> &#8211; Direction G\u00e9n\u00e9rale de la Pr\u00e9vention des Risques (DGPR)\/Bureau de la s\u00e9curit\u00e9 des \u00e9quipements \u00e0 risques et des r\u00e9seaux (BSERR)<br \/><strong>Bernard VAN MARIS<\/strong> &#8211; Direction G\u00e9n\u00e9rale des Entreprises (DGE)\/Bureau de la M\u00e9trologie <\/p>\n<p>[\/et_pb_text][et_pb_text _builder_version=\u00a0\u00bb4.16&Prime; _module_preset=\u00a0\u00bbdefault\u00a0\u00bb global_colors_info=\u00a0\u00bb{}\u00a0\u00bb]<\/p>\n<h4 class=\"inspection\">Personnalit\u00e9s qualifi\u00e9es<\/h4>\n<p><strong>Pascal LEMOINE<\/strong> &#8211; Pr\u00e9sident<br \/><strong>Alain THIBAULT<\/strong> &#8211; Consultant ind\u00e9pendant<\/p>\n<p>[\/et_pb_text][et_pb_image src=\u00a0\u00bbhttps:\/\/ra.cofrac.fr\/RA2022\/wp-content\/uploads\/2023\/06\/21-3.png\u00a0\u00bb title_text=\u00a0\u00bb21-3&Prime; align=\u00a0\u00bbright\u00a0\u00bb _builder_version=\u00a0\u00bb4.16&Prime; _module_preset=\u00a0\u00bbdefault\u00a0\u00bb global_colors_info=\u00a0\u00bb{}\u00a0\u00bb][\/et_pb_image][\/et_pb_column][\/et_pb_row][\/et_pb_section][et_pb_section fb_built=\u00a0\u00bb1&Prime; module_id=\u00a0\u00bbresultat\u00a0\u00bb _builder_version=\u00a0\u00bb4.16&Prime; _module_preset=\u00a0\u00bbdefault\u00a0\u00bb background_color=\u00a0\u00bb#f2dec4&Prime; background_image=\u00a0\u00bbhttps:\/\/ra.cofrac.fr\/RA2022\/wp-content\/uploads\/2023\/06\/24-1.png\u00a0\u00bb background_size=\u00a0\u00bbcontain\u00a0\u00bb background_position=\u00a0\u00bbtop_left\u00a0\u00bb custom_padding=\u00a0\u00bb0px||0px|||\u00a0\u00bb animation_style=\u00a0\u00bbslide\u00a0\u00bb animation_direction=\u00a0\u00bbbottom\u00a0\u00bb global_colors_info=\u00a0\u00bb{}\u00a0\u00bb][et_pb_row use_custom_gutter=\u00a0\u00bbon\u00a0\u00bb gutter_width=\u00a0\u00bb2&Prime; _builder_version=\u00a0\u00bb4.16&Prime; _module_preset=\u00a0\u00bbdefault\u00a0\u00bb animation_style=\u00a0\u00bbslide\u00a0\u00bb animation_direction=\u00a0\u00bbbottom\u00a0\u00bb global_colors_info=\u00a0\u00bb{}\u00a0\u00bb][et_pb_column type=\u00a0\u00bb4_4&Prime; _builder_version=\u00a0\u00bb4.16&Prime; _module_preset=\u00a0\u00bbdefault\u00a0\u00bb global_colors_info=\u00a0\u00bb{}\u00a0\u00bb][et_pb_text _builder_version=\u00a0\u00bb4.16&Prime; _module_preset=\u00a0\u00bbdefault\u00a0\u00bb background_enable_color=\u00a0\u00bboff\u00a0\u00bb custom_margin=\u00a0\u00bb||||false|false\u00a0\u00bb custom_padding=\u00a0\u00bb20px||||false|false\u00a0\u00bb animation_direction=\u00a0\u00bbleft\u00a0\u00bb global_colors_info=\u00a0\u00bb{}\u00a0\u00bb]<\/p>\n<h1>R\u00e9sultats financiers en K\u20ac<\/h1>\n<p>[\/et_pb_text][\/et_pb_column][\/et_pb_row][et_pb_row _builder_version=\u00a0\u00bb4.16&Prime; _module_preset=\u00a0\u00bbdefault\u00a0\u00bb custom_padding=\u00a0\u00bb13px||0px|||\u00a0\u00bb global_colors_info=\u00a0\u00bb{}\u00a0\u00bb][et_pb_column type=\u00a0\u00bb4_4&Prime; _builder_version=\u00a0\u00bb4.16&Prime; _module_preset=\u00a0\u00bbdefault\u00a0\u00bb global_colors_info=\u00a0\u00bb{}\u00a0\u00bb][et_pb_text _builder_version=\u00a0\u00bb4.16&Prime; _module_preset=\u00a0\u00bbdefault\u00a0\u00bb min_height=\u00a0\u00bb25px\u00a0\u00bb custom_margin=\u00a0\u00bb||||false|false\u00a0\u00bb global_colors_info=\u00a0\u00bb{}\u00a0\u00bb]<\/p>\n<h4>Bilan<\/h4>\n<p>[\/et_pb_text][\/et_pb_column][\/et_pb_row][et_pb_row column_structure=\u00a0\u00bb1_3,1_3,1_3&Prime; use_custom_gutter=\u00a0\u00bbon\u00a0\u00bb gutter_width=\u00a0\u00bb2&Prime; _builder_version=\u00a0\u00bb4.16&Prime; _module_preset=\u00a0\u00bbdefault\u00a0\u00bb custom_padding=\u00a0\u00bb0px||13px|||\u00a0\u00bb animation_style=\u00a0\u00bbslide\u00a0\u00bb animation_direction=\u00a0\u00bbbottom\u00a0\u00bb global_colors_info=\u00a0\u00bb{}\u00a0\u00bb][et_pb_column type=\u00a0\u00bb1_3&Prime; _builder_version=\u00a0\u00bb4.16&Prime; _module_preset=\u00a0\u00bbdefault\u00a0\u00bb global_colors_info=\u00a0\u00bb{}\u00a0\u00bb][et_pb_image src=\u00a0\u00bbhttps:\/\/ra.cofrac.fr\/RA2022\/wp-content\/uploads\/2023\/06\/Capture-1.png\u00a0\u00bb alt=\u00a0\u00bb20-1&Prime; title_text=\u00a0\u00bbCapture-1&Prime; align=\u00a0\u00bbcenter\u00a0\u00bb _builder_version=\u00a0\u00bb4.16&Prime; _module_preset=\u00a0\u00bbdefault\u00a0\u00bb global_colors_info=\u00a0\u00bb{}\u00a0\u00bb][\/et_pb_image][\/et_pb_column][et_pb_column type=\u00a0\u00bb1_3&Prime; _builder_version=\u00a0\u00bb4.16&Prime; _module_preset=\u00a0\u00bbdefault\u00a0\u00bb global_colors_info=\u00a0\u00bb{}\u00a0\u00bb][et_pb_image src=\u00a0\u00bbhttps:\/\/ra.cofrac.fr\/RA2022\/wp-content\/uploads\/2023\/06\/Capture-2.png\u00a0\u00bb alt=\u00a0\u00bb20-2&Prime; title_text=\u00a0\u00bbCapture-2&Prime; align=\u00a0\u00bbcenter\u00a0\u00bb _builder_version=\u00a0\u00bb4.16&Prime; _module_preset=\u00a0\u00bbdefault\u00a0\u00bb global_colors_info=\u00a0\u00bb{}\u00a0\u00bb][\/et_pb_image][\/et_pb_column][et_pb_column type=\u00a0\u00bb1_3&Prime; _builder_version=\u00a0\u00bb4.16&Prime; _module_preset=\u00a0\u00bbdefault\u00a0\u00bb global_colors_info=\u00a0\u00bb{}\u00a0\u00bb][et_pb_image src=\u00a0\u00bbhttps:\/\/ra.cofrac.fr\/RA2022\/wp-content\/uploads\/2023\/06\/24-2.png\u00a0\u00bb title_text=\u00a0\u00bb24-2&Prime; align=\u00a0\u00bbright\u00a0\u00bb _builder_version=\u00a0\u00bb4.16&Prime; _module_preset=\u00a0\u00bbdefault\u00a0\u00bb global_colors_info=\u00a0\u00bb{}\u00a0\u00bb][\/et_pb_image][\/et_pb_column][\/et_pb_row][et_pb_row column_structure=\u00a0\u00bb1_3,1_3,1_3&Prime; _builder_version=\u00a0\u00bb4.16&Prime; _module_preset=\u00a0\u00bbdefault\u00a0\u00bb custom_padding=\u00a0\u00bb0px|||||\u00a0\u00bb global_colors_info=\u00a0\u00bb{}\u00a0\u00bb][et_pb_column type=\u00a0\u00bb1_3&Prime; _builder_version=\u00a0\u00bb4.16&Prime; _module_preset=\u00a0\u00bbdefault\u00a0\u00bb global_colors_info=\u00a0\u00bb{}\u00a0\u00bb][et_pb_text _builder_version=\u00a0\u00bb4.16&Prime; _module_preset=\u00a0\u00bbdefault\u00a0\u00bb custom_margin=\u00a0\u00bb50px||||false|false\u00a0\u00bb global_colors_info=\u00a0\u00bb{}\u00a0\u00bb]<\/p>\n<h4 style=\"text-align: center;\">Comptes de r\u00e9sultats<\/h4>\n<p>[\/et_pb_text][et_pb_image src=\u00a0\u00bbhttps:\/\/ra.cofrac.fr\/RA2022\/wp-content\/uploads\/2023\/06\/24-3.png\u00a0\u00bb title_text=\u00a0\u00bb24-3&Prime; _builder_version=\u00a0\u00bb4.16&Prime; _module_preset=\u00a0\u00bbdefault\u00a0\u00bb global_colors_info=\u00a0\u00bb{}\u00a0\u00bb][\/et_pb_image][\/et_pb_column][et_pb_column type=\u00a0\u00bb1_3&Prime; _builder_version=\u00a0\u00bb4.16&Prime; _module_preset=\u00a0\u00bbdefault\u00a0\u00bb global_colors_info=\u00a0\u00bb{}\u00a0\u00bb][et_pb_image src=\u00a0\u00bbhttps:\/\/ra.cofrac.fr\/RA2022\/wp-content\/uploads\/2023\/06\/Capture-3.png\u00a0\u00bb alt=\u00a0\u00bb20-3&Prime; title_text=\u00a0\u00bbCapture-3&Prime; align=\u00a0\u00bbcenter\u00a0\u00bb _builder_version=\u00a0\u00bb4.16&Prime; _module_preset=\u00a0\u00bbdefault\u00a0\u00bb global_colors_info=\u00a0\u00bb{}\u00a0\u00bb][\/et_pb_image][\/et_pb_column][et_pb_column type=\u00a0\u00bb1_3&Prime; _builder_version=\u00a0\u00bb4.16&Prime; _module_preset=\u00a0\u00bbdefault\u00a0\u00bb global_colors_info=\u00a0\u00bb{}\u00a0\u00bb][et_pb_image src=\u00a0\u00bbhttps:\/\/ra.cofrac.fr\/RA2022\/wp-content\/uploads\/2023\/06\/Capture-4.png\u00a0\u00bb alt=\u00a0\u00bb20-4&Prime; title_text=\u00a0\u00bbCapture-4&Prime; align=\u00a0\u00bbcenter\u00a0\u00bb _builder_version=\u00a0\u00bb4.16&Prime; _module_preset=\u00a0\u00bbdefault\u00a0\u00bb global_colors_info=\u00a0\u00bb{}\u00a0\u00bb][\/et_pb_image][\/et_pb_column][\/et_pb_row][et_pb_row _builder_version=\u00a0\u00bb4.16&Prime; _module_preset=\u00a0\u00bbdefault\u00a0\u00bb custom_padding=\u00a0\u00bb0px|||||\u00a0\u00bb animation_style=\u00a0\u00bbslide\u00a0\u00bb animation_direction=\u00a0\u00bbbottom\u00a0\u00bb global_colors_info=\u00a0\u00bb{}\u00a0\u00bb][et_pb_column type=\u00a0\u00bb4_4&Prime; _builder_version=\u00a0\u00bb4.16&Prime; _module_preset=\u00a0\u00bbdefault\u00a0\u00bb global_colors_info=\u00a0\u00bb{}\u00a0\u00bb][et_pb_text _builder_version=\u00a0\u00bb4.16&Prime; _module_preset=\u00a0\u00bbdefault\u00a0\u00bb global_colors_info=\u00a0\u00bb{}\u00a0\u00bb]<\/p>\n<p style=\"text-align: center;\"><strong>NB<\/strong> : chiffres devant \u00eatre soumis \u00e0 l\u2019approbation de l\u2019Assembl\u00e9e G\u00e9n\u00e9rale<\/p>\n<p>[\/et_pb_text][\/et_pb_column][\/et_pb_row][\/et_pb_section][et_pb_section fb_built=\u00a0\u00bb1&Prime; module_id=\u00a0\u00bbpdf\u00a0\u00bb _builder_version=\u00a0\u00bb4.16&Prime; _module_preset=\u00a0\u00bbdefault\u00a0\u00bb background_color=\u00a0\u00bb#f2dec4&Prime; background_enable_image=\u00a0\u00bboff\u00a0\u00bb custom_padding=\u00a0\u00bb0px||0px|||\u00a0\u00bb animation_style=\u00a0\u00bbslide\u00a0\u00bb animation_direction=\u00a0\u00bbbottom\u00a0\u00bb global_colors_info=\u00a0\u00bb{}\u00a0\u00bb][et_pb_row column_structure=\u00a0\u00bb1_2,1_2&Prime; _builder_version=\u00a0\u00bb4.16&Prime; _module_preset=\u00a0\u00bbdefault\u00a0\u00bb animation_style=\u00a0\u00bbslide\u00a0\u00bb animation_direction=\u00a0\u00bbbottom\u00a0\u00bb global_colors_info=\u00a0\u00bb{}\u00a0\u00bb][et_pb_column type=\u00a0\u00bb1_2&Prime; _builder_version=\u00a0\u00bb4.16&Prime; _module_preset=\u00a0\u00bbdefault\u00a0\u00bb global_colors_info=\u00a0\u00bb{}\u00a0\u00bb][et_pb_image src=\u00a0\u00bbhttps:\/\/ra.cofrac.fr\/RA2022\/wp-content\/uploads\/2023\/06\/25-2.png\u00a0\u00bb title_text=\u00a0\u00bb25-2&Prime; _builder_version=\u00a0\u00bb4.16&Prime; _module_preset=\u00a0\u00bbdefault\u00a0\u00bb custom_padding=\u00a0\u00bb41px|||65px||\u00a0\u00bb global_colors_info=\u00a0\u00bb{}\u00a0\u00bb][\/et_pb_image][et_pb_text _builder_version=\u00a0\u00bb4.16&Prime; _module_preset=\u00a0\u00bbdefault\u00a0\u00bb background_image=\u00a0\u00bbhttps:\/\/ra.cofrac.fr\/RA2022\/wp-content\/uploads\/2023\/06\/25-4.png\u00a0\u00bb background_size=\u00a0\u00bbinitial\u00a0\u00bb background_position=\u00a0\u00bbtop_left\u00a0\u00bb custom_padding=\u00a0\u00bb|||20px|false|false\u00a0\u00bb global_colors_info=\u00a0\u00bb{}\u00a0\u00bb]<\/p>\n<p>&nbsp;<\/p>\n<p>&nbsp;<\/p>\n<p>Ce document est \u00e9dit\u00e9 par le service<br \/>Communication\/Promotion du Cofrac.<br \/>Juin 2023.<\/p>\n<p>Cofrac<br \/>Service Communication\/Promotion<br \/>52 rue Jacques Hillairet<br \/>75012 Paris<\/p>\n<p>T\u00e9l.\u00a0: +33 (0)1 44 68 53 18<br \/>Email\u00a0: veronique.fuxis@cofrac.fr<\/p>\n<p>Conception\u00a0: 64\u00b0nord<\/p>\n<p>ISSN 2550-8296<\/p>\n<p>&nbsp;<\/p>\n<p>&nbsp;<\/p>\n<p>[\/et_pb_text][\/et_pb_column][et_pb_column type=\u00a0\u00bb1_2&Prime; _builder_version=\u00a0\u00bb4.16&Prime; _module_preset=\u00a0\u00bbdefault\u00a0\u00bb global_colors_info=\u00a0\u00bb{}\u00a0\u00bb][et_pb_image src=\u00a0\u00bbhttps:\/\/ra.cofrac.fr\/RA2022\/wp-content\/uploads\/2023\/06\/25-1.png\u00a0\u00bb title_text=\u00a0\u00bb25-1&Prime; _builder_version=\u00a0\u00bb4.16&Prime; _module_preset=\u00a0\u00bbdefault\u00a0\u00bb global_colors_info=\u00a0\u00bb{}\u00a0\u00bb][\/et_pb_image][et_pb_image src=\u00a0\u00bbhttps:\/\/ra.cofrac.fr\/RA2022\/wp-content\/uploads\/2023\/06\/25-3.png\u00a0\u00bb title_text=\u00a0\u00bb25-3&Prime; align=\u00a0\u00bbright\u00a0\u00bb _builder_version=\u00a0\u00bb4.16&Prime; _module_preset=\u00a0\u00bbdefault\u00a0\u00bb global_colors_info=\u00a0\u00bb{}\u00a0\u00bb][\/et_pb_image][\/et_pb_column][\/et_pb_row][et_pb_row column_structure=\u00a0\u00bb1_4,1_2,1_4&Prime; _builder_version=\u00a0\u00bb4.16&Prime; _module_preset=\u00a0\u00bbdefault\u00a0\u00bb animation_style=\u00a0\u00bbslide\u00a0\u00bb animation_direction=\u00a0\u00bbbottom\u00a0\u00bb global_colors_info=\u00a0\u00bb{}\u00a0\u00bb][et_pb_column type=\u00a0\u00bb1_4&Prime; _builder_version=\u00a0\u00bb4.16&Prime; _module_preset=\u00a0\u00bbdefault\u00a0\u00bb global_colors_info=\u00a0\u00bb{}\u00a0\u00bb][\/et_pb_column][et_pb_column type=\u00a0\u00bb1_2&Prime; _builder_version=\u00a0\u00bb4.16&Prime; _module_preset=\u00a0\u00bbdefault\u00a0\u00bb global_colors_info=\u00a0\u00bb{}\u00a0\u00bb][et_pb_button button_url=\u00a0\u00bbhttps:\/\/ra.cofrac.fr\/RA2022\/wp-content\/uploads\/2023\/07\/Cofrac-RA-2022-5.pdf\u00a0\u00bb button_text=\u00a0\u00bbT\u00e9l\u00e9charger la rapport annuel (version pdf)\u00a0\u00bb button_alignment=\u00a0\u00bbcenter\u00a0\u00bb _builder_version=\u00a0\u00bb4.21.0&Prime; _module_preset=\u00a0\u00bbdefault\u00a0\u00bb custom_margin=\u00a0\u00bb||||false|false\u00a0\u00bb custom_padding=\u00a0\u00bb||||false|false\u00a0\u00bb hover_enabled=\u00a0\u00bb0&Prime; global_colors_info=\u00a0\u00bb{}\u00a0\u00bb sticky_enabled=\u00a0\u00bb0&Prime;][\/et_pb_button][\/et_pb_column][et_pb_column type=\u00a0\u00bb1_4&Prime; _builder_version=\u00a0\u00bb4.16&Prime; _module_preset=\u00a0\u00bbdefault\u00a0\u00bb global_colors_info=\u00a0\u00bb{}\u00a0\u00bb][\/et_pb_column][\/et_pb_row][\/et_pb_section][et_pb_section fb_built=\u00a0\u00bb1&Prime; _builder_version=\u00a0\u00bb4.16&Prime; _module_preset=\u00a0\u00bbdefault\u00a0\u00bb background_color=\u00a0\u00bb#f2dec4&Prime; background_enable_image=\u00a0\u00bboff\u00a0\u00bb custom_padding=\u00a0\u00bb0px||0px|||\u00a0\u00bb animation_style=\u00a0\u00bbslide\u00a0\u00bb animation_direction=\u00a0\u00bbbottom\u00a0\u00bb global_colors_info=\u00a0\u00bb{}\u00a0\u00bb][et_pb_row column_structure=\u00a0\u00bb1_2,1_2&Prime; _builder_version=\u00a0\u00bb4.16&Prime; _module_preset=\u00a0\u00bbdefault\u00a0\u00bb custom_padding=\u00a0\u00bb||0px|||\u00a0\u00bb global_colors_info=\u00a0\u00bb{}\u00a0\u00bb][et_pb_column type=\u00a0\u00bb1_2&Prime; _builder_version=\u00a0\u00bb4.16&Prime; _module_preset=\u00a0\u00bbdefault\u00a0\u00bb global_colors_info=\u00a0\u00bb{}\u00a0\u00bb][et_pb_image src=\u00a0\u00bbhttps:\/\/ra.cofrac.fr\/RA2022\/wp-content\/uploads\/2023\/06\/26-2.png\u00a0\u00bb title_text=\u00a0\u00bb26-2&Prime; _builder_version=\u00a0\u00bb4.16&Prime; _module_preset=\u00a0\u00bbdefault\u00a0\u00bb global_colors_info=\u00a0\u00bb{}\u00a0\u00bb][\/et_pb_image][et_pb_image src=\u00a0\u00bbhttps:\/\/ra.cofrac.fr\/RA2022\/wp-content\/uploads\/2023\/06\/26-1.png\u00a0\u00bb title_text=\u00a0\u00bb26-1&Prime; _builder_version=\u00a0\u00bb4.16&Prime; _module_preset=\u00a0\u00bbdefault\u00a0\u00bb custom_margin=\u00a0\u00bb-20px||||false|false\u00a0\u00bb global_colors_info=\u00a0\u00bb{}\u00a0\u00bb][\/et_pb_image][\/et_pb_column][et_pb_column type=\u00a0\u00bb1_2&Prime; _builder_version=\u00a0\u00bb4.16&Prime; _module_preset=\u00a0\u00bbdefault\u00a0\u00bb global_colors_info=\u00a0\u00bb{}\u00a0\u00bb][et_pb_image src=\u00a0\u00bbhttps:\/\/ra.cofrac.fr\/RA2022\/wp-content\/uploads\/2023\/07\/29-11.jpg\u00a0\u00bb _builder_version=\u00a0\u00bb4.21.0&Prime; _module_preset=\u00a0\u00bbdefault\u00a0\u00bb title_text=\u00a0\u00bb29-11&Prime; hover_enabled=\u00a0\u00bb0&Prime; sticky_enabled=\u00a0\u00bb0&Prime; custom_margin=\u00a0\u00bb||0px||false|false\u00a0\u00bb custom_padding=\u00a0\u00bb||0px||false|false\u00a0\u00bb][\/et_pb_image][et_pb_image src=\u00a0\u00bbhttps:\/\/ra.cofrac.fr\/RA2022\/wp-content\/uploads\/2023\/07\/29-2.jpg\u00a0\u00bb _builder_version=\u00a0\u00bb4.21.0&Prime; _module_preset=\u00a0\u00bbdefault\u00a0\u00bb title_text=\u00a0\u00bb29-2&Prime; hover_enabled=\u00a0\u00bb0&Prime; sticky_enabled=\u00a0\u00bb0&Prime; custom_margin=\u00a0\u00bb0px||0px||false|false\u00a0\u00bb custom_padding=\u00a0\u00bb0px||0px||false|false\u00a0\u00bb width=\u00a0\u00bb100%\u00a0\u00bb url=\u00a0\u00bbhttps:\/\/www.cofrac.fr\/\u00a0\u00bb][\/et_pb_image][et_pb_image src=\u00a0\u00bbhttps:\/\/ra.cofrac.fr\/RA2022\/wp-content\/uploads\/2023\/07\/29-3.jpg\u00a0\u00bb _builder_version=\u00a0\u00bb4.21.0&Prime; _module_preset=\u00a0\u00bbdefault\u00a0\u00bb title_text=\u00a0\u00bb29-3&Prime; hover_enabled=\u00a0\u00bb0&Prime; sticky_enabled=\u00a0\u00bb0&Prime; custom_margin=\u00a0\u00bb0px||0px||false|false\u00a0\u00bb custom_padding=\u00a0\u00bb0px||0px||false|false\u00a0\u00bb width=\u00a0\u00bb100%\u00a0\u00bb url=\u00a0\u00bbhttps:\/\/www.linkedin.com\/company\/cofrac\/\u00a0\u00bb][\/et_pb_image][et_pb_image src=\u00a0\u00bbhttps:\/\/ra.cofrac.fr\/RA2022\/wp-content\/uploads\/2023\/07\/29-4.jpg\u00a0\u00bb _builder_version=\u00a0\u00bb4.21.0&Prime; _module_preset=\u00a0\u00bbdefault\u00a0\u00bb title_text=\u00a0\u00bb29-4&Prime; hover_enabled=\u00a0\u00bb0&Prime; sticky_enabled=\u00a0\u00bb0&Prime; custom_margin=\u00a0\u00bb0px||0px||false|false\u00a0\u00bb custom_padding=\u00a0\u00bb0px||0px||false|false\u00a0\u00bb width=\u00a0\u00bb100%\u00a0\u00bb url=\u00a0\u00bbhttps:\/\/www.youtube.com\/c\/CofracFrance\u00a0\u00bb][\/et_pb_image][et_pb_image src=\u00a0\u00bbhttps:\/\/ra.cofrac.fr\/RA2022\/wp-content\/uploads\/2023\/07\/29-5.jpg\u00a0\u00bb _builder_version=\u00a0\u00bb4.21.0&Prime; _module_preset=\u00a0\u00bbdefault\u00a0\u00bb title_text=\u00a0\u00bb29-5&Prime; hover_enabled=\u00a0\u00bb0&Prime; sticky_enabled=\u00a0\u00bb0&Prime; custom_margin=\u00a0\u00bb0px||0px||false|false\u00a0\u00bb custom_padding=\u00a0\u00bb0px||0px||false|false\u00a0\u00bb width=\u00a0\u00bb100%\u00a0\u00bb url=\u00a0\u00bbhttps:\/\/twitter.com\/cofrac_officiel\u00a0\u00bb][\/et_pb_image][et_pb_image src=\u00a0\u00bbhttps:\/\/ra.cofrac.fr\/RA2022\/wp-content\/uploads\/2023\/07\/29-6.jpg\u00a0\u00bb _builder_version=\u00a0\u00bb4.21.0&Prime; _module_preset=\u00a0\u00bbdefault\u00a0\u00bb title_text=\u00a0\u00bb29-6&Prime; hover_enabled=\u00a0\u00bb0&Prime; sticky_enabled=\u00a0\u00bb0&Prime; custom_margin=\u00a0\u00bb0px||0px||false|false\u00a0\u00bb custom_padding=\u00a0\u00bb0px||0px||false|false\u00a0\u00bb width=\u00a0\u00bb100%\u00a0\u00bb][\/et_pb_image][\/et_pb_column][\/et_pb_row][\/et_pb_section]<\/p>\n","protected":false},"excerpt":{"rendered":"<p>L\u2019accr\u00e9ditation et le Cofrac3596 entit\u00e9s accr\u00e9dit\u00e9es cumul\u00e9es au 31\/12 3348 \u00e9valuations men\u00e9es au total 179 collaborateurs 1800 \u00e9valuateurs et experts techniques +90 pays reconnaissant l\u2019accr\u00e9ditation fran\u00e7aiseD\u00e9marche volontaire ou r\u00e9glementaire, l\u2019accr\u00e9ditation consiste \u00e0 \u00e9valuer et reconna\u00eetre la comp\u00e9tence technique ainsi que l\u2019impartialit\u00e9 des organismes d\u2019\u00e9valuation de la conformit\u00e9, qui v\u00e9rifient que des produits, services, syst\u00e8mes, installations [&hellip;]<\/p>\n","protected":false},"author":1,"featured_media":0,"parent":0,"menu_order":0,"comment_status":"closed","ping_status":"closed","template":"","meta":{"_et_pb_use_builder":"on","_et_pb_old_content":"<!-- wp:divi\/placeholder \/-->","_et_gb_content_width":"","footnotes":""},"class_list":["post-10","page","type-page","status-publish","hentry"],"_links":{"self":[{"href":"https:\/\/ra.cofrac.fr\/RA2022\/index.php?rest_route=\/wp\/v2\/pages\/10","targetHints":{"allow":["GET"]}}],"collection":[{"href":"https:\/\/ra.cofrac.fr\/RA2022\/index.php?rest_route=\/wp\/v2\/pages"}],"about":[{"href":"https:\/\/ra.cofrac.fr\/RA2022\/index.php?rest_route=\/wp\/v2\/types\/page"}],"author":[{"embeddable":true,"href":"https:\/\/ra.cofrac.fr\/RA2022\/index.php?rest_route=\/wp\/v2\/users\/1"}],"replies":[{"embeddable":true,"href":"https:\/\/ra.cofrac.fr\/RA2022\/index.php?rest_route=%2Fwp%2Fv2%2Fcomments&post=10"}],"version-history":[{"count":170,"href":"https:\/\/ra.cofrac.fr\/RA2022\/index.php?rest_route=\/wp\/v2\/pages\/10\/revisions"}],"predecessor-version":[{"id":716,"href":"https:\/\/ra.cofrac.fr\/RA2022\/index.php?rest_route=\/wp\/v2\/pages\/10\/revisions\/716"}],"wp:attachment":[{"href":"https:\/\/ra.cofrac.fr\/RA2022\/index.php?rest_route=%2Fwp%2Fv2%2Fmedia&parent=10"}],"curies":[{"name":"wp","href":"https:\/\/api.w.org\/{rel}","templated":true}]}}